{"id":306,"date":"2017-08-08T07:22:49","date_gmt":"2017-08-08T05:22:49","guid":{"rendered":"https:\/\/newweb.turismoenzamora.es\/?page_id=306"},"modified":"2022-12-26T12:38:25","modified_gmt":"2022-12-26T10:38:25","slug":"mascaradas-de-invierno","status":"publish","type":"page","link":"https:\/\/turismoenzamora.es\/zh\/patrimonio-popular\/mascaradas-de-invierno\/","title":{"rendered":"(Espa\u00f1ol) Mascaradas de Invierno"},"content":{"rendered":"<p><\/p>\n<h1>Mascaradas y celebraciones de Invierno<br \/>\n\u5047\u2faf\u8282\u5e86\u548c\u51ac\u2f47\u671d\u5723\u8282<\/h1>\n<p>&nbsp;<\/p>\n<p><img fetchpriority=\"high\" decoding=\"async\" class=\"aligncenter size-full wp-image-6906\" src=\"https:\/\/turismoenzamora.es\/wp-content\/uploads\/2017\/08\/Patrimonio-culturalmasc.jpg\" alt=\"\" width=\"900\" height=\"601\" data-id=\"6906\" srcset=\"https:\/\/turismoenzamora.es\/wp-content\/uploads\/2017\/08\/Patrimonio-culturalmasc.jpg 900w, https:\/\/turismoenzamora.es\/wp-content\/uploads\/2017\/08\/Patrimonio-culturalmasc-300x200.jpg 300w, https:\/\/turismoenzamora.es\/wp-content\/uploads\/2017\/08\/Patrimonio-culturalmasc-768x513.jpg 768w\" sizes=\"(max-width: 900px) 100vw, 900px\" \/><\/p>\n<p>&nbsp;<\/p>\n<p style=\"text-align: justify;\">\u5728\u5bd2\u51b7\u7684\u51ac\u5b63\uff0c\u867d\u7136\u2f53\u6e29\u4e0b\u964d\uff0c\u4f46\u2f08\u4eec\u6b22\u5e86\u8282\u2f47\u7684\u2f53\u6c1b\u5374\u4e0d\u4f1a\u4e0b\u964d\u3002\u4f0a\u2f50\u5229\u4e9a\u534a\u5c9b\u2ec4\u73ed\u2f5b\u548c\u8461\u8404\u2f5b\uff09\u4e0a\u7684\u2f00\u79cd\u53e4\u2f7c\u2ea0\u65cf\u2f42\u5316\u6d3b\u52a8\uff0c\u5c31\u6b64\u5f00\u59cb\u4e3e\u529e\u3002\u8fd9 \u79cd\u6709\u8c61\u5f81\u6027\u7684\u6d3b\u52a8\u5c31\u662f\u201c\u5047\u2faf\u8282\u5e86\u201d\u3002\u8fd9\u4e2a\u6d3b\u52a8\u4e3b\u8981\u96c6\u4e2d\u5728\u2ec4\u73ed\u2f5b\u7684\u8428\u83ab\u62c9\u5730\u533a\u548c\u8461\u8404\u2f5b\u8fb9\u5883\u3002 \u5f53\u5730\u7684\u5e74\u8f7b\u2f08\u4f1a\u5e26\u4e0a\u6076\u9b54\u6216\u9b54\u2ee4\u7684\u2faf\u5177\uff0c\u62ab\u4e0a\u2f6a\u8349\u6216\u7ec7\u7269\u505a\u7684\u5916\u2f90\uff0c\u5e26\u4e0a\u5343\u5947\u767e\u602a\u7684\u519c\u2f2f\u9053\u5177\uff08\u5982\u94b3\u2f26\u3001\u2f5c\u94c3\u94db\u3001\u69cc\u2f26\u7b49\uff09\uff0c\u6492\u4e2b\u2f26\u8dd1\u5230\u2f29\u9547\u7684\u2f24\u8857 \u2f29\u5df7\u4e2d\uff0c\u5413\u552c\u3001\u8ffd\u9010\u6751\u2ea0\uff0c\u6216\u4e5e\u6c42\u94b1\u5e01\uff0c\u9080\u8bf7\u2f08\u52a0\u2f0a\u4ed6\u4eec\u7684\u5217\u961f\u7b49\u3002\u8868\u73b0\u5f97\u8d8a\u662f\u5938\u5f20\u597d\u7b11\uff0c\u8d8a\u662f\u2f08\u2f53\u65fa\u76db\u3002 \u5f53\u5730\u7684\u5e74\u8f7b\u2f08\u4e3a\u80fd\u5f53\u4e0a\u5047\u2faf\u2f7d\u6df1\u611f\u8363\u8000\uff0c\u56e0\u4e3a\u8fd9\u2f00\u8eab\u5047\u2faf\u88c5\u626e\u5e38\u5e38\u2fae\u5e38\u539a\u91cd\uff0c\u6709\u7684\u751a\u2f84\u91cd\u8fbe20\u516c\u2f44\u4ee5\u4e0a\uff0c\u7a7f\u7740\u5982\u6b64\u6c89\u91cd\u7684\u88c5\u626e\uff0c\u8fd8\u5f97\u6301\u7eed\u5954\u8dd1\u8ffd\u9010\u2f08 \u4eec\u6574\u6574\u2f00\u5929\uff0c\u7ed9\u2f24\u5bb6\u5e26\u6765\u6b22\u58f0\u7b11\u8bed\uff0c\u8fd9\u662f\u2fae\u5e38\u7f8e\u597d\u4e14\u6709\u4ef7\u503c\u7684\u3002<\/p>\n<p style=\"text-align: justify;\">\u8fd9\u4e9b\u5047\u2faf\u201c\u6076\u9b54\u201d\u7ed9\u5bd2\u51ac\u76841\u2f49 2\u2f49\u5e26\u6765\u2f00\u6b21\u6b21\u6b22\u7b11\u548c\u60ca\u559c\uff0c\u8fd9\u4e2a\u6781\u5176\u53e4\u2f7c\u7684\u2ea0\u4fd7\u6d3b\u52a8\uff0c\u4e5f\u5728\u8fd9\u4e9b\u7b11\u58f0\u4e2d\uff0c\u2f00\u5e74\u2f1c\u2f00\u5e74\u7684\u4f20\u9012\u4e86\u4e0b\u53bb\u3002<\/p>\n<p>&nbsp;<\/p>\n<p><img decoding=\"async\" class=\"wp-image-588 aligncenter\" src=\"https:\/\/turismoenzamora.es\/wp-content\/uploads\/2017\/08\/mascaradas_2-300x90.jpg\" alt=\"\" width=\"600\" height=\"180\" srcset=\"https:\/\/turismoenzamora.es\/wp-content\/uploads\/2017\/08\/mascaradas_2-300x90.jpg 300w, https:\/\/turismoenzamora.es\/wp-content\/uploads\/2017\/08\/mascaradas_2.jpg 670w\" sizes=\"(max-width: 600px) 100vw, 600px\" \/><\/p>\n<p>&nbsp;<\/p>\n<h3><span style=\"color: #000000;\">San Mart\u00edn de Casta\u00f1eda<br \/>\n\u2f29\u9547\uff1a\u5723\u2ee2\u4e01-\u5fb7-\u79d1\u65af\u5854\u634f\u8fbe<\/span><\/h3>\n<p style=\"text-align: justify;\">\u572812\u2f49 25\u2f47\u7684\u8fd9\u2f00\u5929\uff0c\u2f08\u4eec\u4ee5\u5de8\u2f24\u7684\u516c\u2f5c\u4e3a\u6a21\u578b\uff0c\u5851\u9020\u4e86\u5404\u5f0f\u53e4\u602a\u7684\u2ec6\u2f8a\u3002\u8fd9\u4e9b\u5947\u602a\u670d\u9970\u7684\u5404\u4e2a\u2ec6\u2f8a\uff0c\u4f1a\u6328\u5bb6\u6328\u6237\u8ba8\u8981\u94b1\u5e01\uff0c\u2f24\u5bb6\u5b09\u7b11\u6253\u95f9\u3002<\/p>\n<p>&nbsp;<\/p>\n<h3><span style=\"color: #000000;\">Sanzoles del Vino<br \/>\n\u2f29\u9547\uff1a\u6851\u6240\u96f7\u65af-\u5fb7\u5c14-\u2f50\u8bfa<\/span><\/h3>\n<p><img decoding=\"async\" class=\"size-medium wp-image-589 aligncenter\" src=\"https:\/\/turismoenzamora.es\/wp-content\/uploads\/2017\/08\/mascaradas_3-200x300.jpg\" alt=\"\" width=\"200\" height=\"300\" srcset=\"https:\/\/turismoenzamora.es\/wp-content\/uploads\/2017\/08\/mascaradas_3-200x300.jpg 200w, https:\/\/turismoenzamora.es\/wp-content\/uploads\/2017\/08\/mascaradas_3.jpg 411w\" sizes=\"(max-width: 200px) 100vw, 200px\" \/><\/p>\n<p style=\"text-align: justify;\">12\u2f49 26\u2f47\uff0c\u8fd9\u2fa5\u4f1a\u6709\u2f00\u4e2ael Zangarr\u00f3n\u201d\uff08\u6ed1\u7a3d\u6076\u9b54\u2ee4\uff09\u7a81\u7136\u51fa\u73b0\u5728\u57ce\u9547\u2fa5\uff0c\u5b83\u5934\u6234\u2f6a\u2fb0\u5236\u6210\u7684\u2fca\u2f8a\u2faf\u5177\uff0c\u8eab\u7a7f\u4e94\u5f69\u7f24\u7eb7\u7684\u82b1\u54e8\u2f90\u670d\uff0c\u751a\u2f84\u8fd8\u4f1a\u5e26\u4e0a\u4e94 \u989c\u516d\u2f8a\u7684\u2f53\u7403\uff0c\u6ed1\u7a3d\u5730\u5411\u6240\u6709\u2f08\u8ba8\u8981\u94b1\u5e01\u3002\u8fd9\u2f00\u6d3b\u52a8\u4e5f\u88ab\u8bc4\u4e3a\u4e86\u5f53\u5730\u65c5\u6e38\u5947\u8da3\u666f\u70b9\u3002<\/p>\n<p>&nbsp;<\/p>\n<h3><span style=\"color: #000000;\">Pozuelo de T\u00e1bara<br \/>\n\u2f29\u9547\uff1a\u6ce2\u7d22\u7f57-\u5fb7-\u977c\u5df4\u62c9<\/span><\/h3>\n<p style=\"text-align: justify;\">12\u2f49 26\u2f47\u7684\u65e9\u4e0a\uff0c\u7a7f\u7740\u6ed1\u7a3d\u7684\u9b54\u2ee4\u4eec\u4f1a\u6572\u9523\u6253\u2fce\u7684\u53ec\u5524\u6bcf\u5bb6\u6bcf\u6237\u7684\u2f08\uff0c\u51fa\u2ed4\u548c\u4ed6\u4eec\u2f00\u8d77\u73a9\u6e38\u620f\u2f00\u8d77\u6b22\u7b11\u6253\u95f9\u3002<\/p>\n<h3><span style=\"color: #000000;\">Montamarta<br \/>\n\u2f29\u9547\uff1a \u2ed4\u5854\u739b\u5c14\u5854<\/span><\/h3>\n<p style=\"text-align: justify;\">\u5728\u2ed4\u5854\u739b\u5c14\u5854\u2f29\u6751\uff0c\u6ed1\u7a3d\u6076\u9b54\u2ee4\uff08el Zangarr\u00f3n\uff09\u4f1a\u57281\u2f49 1\u2f47\u548c6\u2f47\u4e24\u5929\u6765\u5230\u8fd9\u2fa5\uff0c\u4e5f\u5c31\u662f\u65b0\u5e74\u548c\u4e09\u738b\u8282\u3002\u5c31\u6b64\u4e0e\u6751\u2ea0\u5c55\u5f00\u2f00\u6bb5\uff0c\u6ed1\u7a3d\u2f1c\u6b22\u4e50\u7684\u65f6\u5149\u3002<\/p>\n<h3><span style=\"color: #000000;\">Ferreras de Arriba<br \/>\n\u2f29\u9547\uff1a\u8d39\u96f7\u62c9\u65af-\u5fb7-\u963f\u5229\u5df4<\/span><\/h3>\n<p style=\"text-align: justify;\">12\u2f49 26\u2f47\uff0c\u8fd9\u2fa5\u4f1a\u4e0a\u6f14\u2f00\u5904\u7279\u522b\u7684\u201c\u559c\u5267\u201d\uff0c\u6240\u6709\u7684\u2ec6\u2f8a\u90fd\u602a\u8bde\u597d\u7b11\uff0c\u8eab\u7a7f\u5938\u5f20\u7684\u2f90\u670d\uff0c\u2faf\u5e26\u8352\u8bde\u7684\u5047\u2faf\u3002\u8ba9\u2f08\u5728\u6b22\u58f0\u7b11\u8bed\u4e2d\uff0c\u4eab\u53d7\u8fd9\u51ac\u5b63\u7684\u7f8e\u597d\u3002<\/p>\n<h3><span style=\"color: #000000;\">Villarino tras la Sierra<br \/>\n\u2f29\u9547\uff1a\u7ef4\u8d3e\u73b2\u8bfa\u7279\u62c9\u65af\u62c9\u8c22\u62c9<\/span><\/h3>\n<p style=\"text-align: justify;\">12\u2f49 26\u2f47\uff0c\u5f53\u2f08\u4eec\u505a\u5b8c\u5723\u8bde\u5f25\u6492\u4e4b\u540e\uff0c\u602a\u8bde\u2ec6\u2f8a\u57c3\u5c14\u5361\u5df4\u5229\u79d1\uff08El Caballico\uff09\u968f\u5373\u767b\u573a\u3002\u5b83\u2ed3\u2ed3\u7684\u5c3e\u5df4\u6cbe\u6ee1\u4e86\u2f54\u6216\u6ce5\uff0c \u201c\u4e13\u4e1a\u201d\u5730\u4e71\u6d82\u4e71\u753b\u3002\u5b83\u8fd9\u641e\u7b11 \u7684\u4e3e\u52a8\uff0c\u2f00\u5b9a\u4f1a\u8ba9\u4f60\u5408\u4e0d\u62e2\u5634\u3002<\/p>\n<h3><span style=\"color: #000000;\">Riofr\u00edo de Aliste<br \/>\n\u2f29\u9547\uff1a\u2fa5\u6b27\u5f17\u2fa5\u6b27-\u5fb7-\u963f\u2fa5\u65af\u7279<\/span><\/h3>\n<h3><img loading=\"lazy\" decoding=\"async\" class=\"size-medium wp-image-591 alignright\" src=\"https:\/\/turismoenzamora.es\/wp-content\/uploads\/2017\/08\/mascaradas_4-300x158.jpg\" alt=\"\" width=\"300\" height=\"158\" srcset=\"https:\/\/turismoenzamora.es\/wp-content\/uploads\/2017\/08\/mascaradas_4-300x158.jpg 300w, https:\/\/turismoenzamora.es\/wp-content\/uploads\/2017\/08\/mascaradas_4-768x403.jpg 768w, https:\/\/turismoenzamora.es\/wp-content\/uploads\/2017\/08\/mascaradas_4.jpg 836w\" sizes=\"(max-width: 300px) 100vw, 300px\" \/><\/h3>\n<p style=\"text-align: justify;\">\u8fd9\u2fa5\u7684\u65b0\u5e741\u2f49 1\u2f47\uff0c\u4f1a\u6709\u591a\u8fbe11\u4e2a\u2ec6\u2f8a\u2f00\u2eec\u51fa\u73b0\u5728\u8857\u5934\u3002\u6572\u9523\u6253\u2fce\uff0c\u2f24\u58f0\u6b22\u5531\uff0c\u751a\u2f84\u4f1a\u653e\u51fa\u70df\u96fe\u8ba9\u2f53\u6c1b\u518d\u5ea6\u5347\u6e29\u3002\u8fd9\u4e9b\u2ec6\u2f8a\u5206\u522b\u662f\uff1a Carocho Grande\uff0c Carocho Chiquito\uff0c Gal\u00e1n\uff0c Madama\uff0c Tamboril\uff0c Cerr\u00f3n\uff0c Lino\uff0c Molacillo\uff0c Gitano\uff0c Filandorra\u548cCiego\u3002<\/p>\n<p>&nbsp;<\/p>\n<h3><span style=\"color: #000000;\">San Vicente de la Cabeza<br \/>\n\u2f29\u9547\uff1a\u5723\u2f42\u68ee\u7279-\u5fb7-\u62c9\u5361\u2ec9\u8428<\/span><\/h3>\n<p style=\"text-align: justify;\">\u8fd9\u2fa5\u76848\u2f49 11\u2f47\uff0c\u5728\u6b22\u5e86\u2f29\u9547\u7684\u4fdd\u62a4\u795e\u540c\u65f6\uff0c\u4e5f\u4f1a\u6709\u5047\u2faf\u8282\u5e86\u6d3b\u52a8\u3002\u6ed1\u7a3d\u6076\u9b54\u548c\u90aa\u6076\u2f7c\u592a\u662f\u8fd9\u2fa5\u7684\u4e24\u4e2a\u91cd\u78c5\u2ec6\u2f8a\u3002 \u6ed1\u7a3d\u6076\u9b54\u4f1a\u62ff\u7740\u2f5c\u94c3\u94db\u548c\u94b3\u2f26\u5939\u4f60\uff0c\u2f7d\u540c\u65f6\u4f60\u8fd8\u8981\u5824\u9632\u90aa\u6076\u2f7c\u592a\u5bf9\u4f60\u6492\u6c99\u2f26\u3002\u5b09\u7b11\u9017\u4e86\u7684\u6d3b\u52a8\uff0c\u8ba9\u6574\u4e2a\u2f29\u9547\u6d3b\u2f12\u56db\u5c04\u3002<\/p>\n<h3><span style=\"color: #000000;\">Sarrac\u00edn de Aliste<br \/>\n\u2f29\u9547\uff1a\u8428\u6717\u2f9f-\u5fb7-\u963f\u2fa5\u65af\u7279<\/span><\/h3>\n<p style=\"text-align: justify;\">\u8fd9\u2fa5\u7684\u65b0\u5e741\u2f49 1\u2f47\uff0c\u4f1a\u6709\u591a\u8fbe12\u4e2a\u2ec6\u2f8a\u2f00\u2eec\u51fa\u73b0\u5728\u8857\u5934\u3002\u6572\u9523\u6253\u2fce\uff0c\u2f24\u58f0\u6b22\u5531\uff0c\u8fd9\u4e9b\u2ec6\u2f8a\u5206\u522b\u662f\uff1a Filandorra\uff0c Rull\u00f3n, el Ciego\uff0c el Molacillo, la Madama\uff0c el Gal\u00e1n, m\u00e1s dos Pobres del Saco.<\/p>\n<h3><span style=\"color: #000000;\">Abejera<br \/>\n\u2f29\u9547\uff1a\u963f\u2ec9\u54c8\u62c9<\/span><\/h3>\n<p style=\"text-align: justify;\">\u8fd9\u2fa5\u7684\u6d3b\u52a8\u2fa5\uff0c\u4e0d\u4f46\u6709\u6ed1\u7a3d\u6076\u9b54\u2ee4\u7684\u201c\u6270\u2f08\u201d\u8282\u2f6c\uff0c\u8fd8\u6709\u6ed1\u7a3d\u6253\u67b6\u73af\u8282\uff0c\u6700\u540e\uff0c\u2f08\u4eec\u60f3\u9009\u51fa\u8fd9\u2fa5\u7684\u6700\u4f73\u53c2\u4e0e\u8005\u65f6\uff0c\u2f08\u4eec\u4f1a\u5411\u6210\u5458\u6295\u63b7\u8868\u8fbe\u8d5e\u8bb8\u7684\u6c99\u2f26\u3002<\/p>\n<h3><span style=\"color: #000000;\">Villanueva de Valrojo<br \/>\n\u2f29\u9547\uff1a\u6bd5\u4f3d\u8bfa\u5df4-\u5fb7-\u5df4\u5c14\u7f57\u4faf<\/span><\/h3>\n<p style=\"text-align: justify;\">\u2f83\u4ece\u8fd9\u2fa5\u7684\u5047\u2faf\u8282\u5e86\u6d3b\u52a8\uff0c\u4e3a\u4e86\u4e0d\u548c\u6559\u4f1a\u6d3b\u52a8\u51b2\u7a81\uff0c\u2f00\u822c\u4f1a\u4e0e\u72c2\u6b22\u8282\u5408\u5e76\u4e3e\u2f8f\u3002\u5047\u2faf\u72c2\u6b22\u8282\u5c31\u6b63\u5f0f\u5728\u8fd9\u4e2a\u2f29\u9547\u4e2d\u4e3e\u529e\u4e86\u8d77\u6765\u3002<\/p>\n<h3><span style=\"color: #000000;\">Almeida de Sayago<br \/>\n\u2f29\u9547\uff1a\u963f\u5c14\u6885\u76ca\u8fbe-\u5fb7-\u8428\u4e9a\u54e5<\/span><\/h3>\n<p style=\"text-align: justify;\">\u8fd9\u2fa5\u6ca1\u6709\u6ed1\u7a3d\u2ee4\uff0c\u4f46\u6709\u5934\u201c\u2f5c\u201d\u3002\u5e74\u8f7b\u2f08\u5728\u72c2\u6b22\u8282\u4e3e\u7740\u2f00\u4e2a\u2f4a\u5934\u2ee3\u67b6\u7684\u2f24\u2f5c\uff0c\u548c\u4f17\u2f08\u5b09\u7b11\u6253\u95f9\u3002\u2f24\u2f5c\u6709\u2ec6\u6709\u2f6a\u2f51\uff0c\u2fae\u5e38\u6709\u8da3\u3002<\/p>\n<h3><span style=\"color: #000000;\">Pobladura de Aliste<br \/>\n\u2f29\u9547\uff1a\u6ce2\u5e03\u62c9\u675c\u62c9-\u5fb7-\u963f\u2fa5\u65af\u7279<\/span><\/h3>\n<p style=\"text-align: justify;\"><img loading=\"lazy\" decoding=\"async\" class=\"wp-image-6997 alignleft\" src=\"https:\/\/turismoenzamora.es\/wp-content\/uploads\/2017\/08\/Obisparra-2006-en-Pobladura-de-Aliste7.jpg\" alt=\"\" width=\"119\" height=\"158\" data-id=\"6997\" srcset=\"https:\/\/turismoenzamora.es\/wp-content\/uploads\/2017\/08\/Obisparra-2006-en-Pobladura-de-Aliste7.jpg 966w, https:\/\/turismoenzamora.es\/wp-content\/uploads\/2017\/08\/Obisparra-2006-en-Pobladura-de-Aliste7-225x300.jpg 225w, https:\/\/turismoenzamora.es\/wp-content\/uploads\/2017\/08\/Obisparra-2006-en-Pobladura-de-Aliste7-768x1024.jpg 768w\" sizes=\"(max-width: 119px) 100vw, 119px\" \/>\u8fd9\u2fa58\u2f49 15\u2f47\u7684\u5723\u2e9f\u5347\u5929\u2f47\uff0c\u2f29\u9547\u4e0a\u4e5f\u4f1a\u6709\u5047\u2faf\u6b22\u5e86\u6d3b\u52a8\u3002\u8fd9\u4e2a\u2f50\u8f83\u4f20\u7edf\u7684\u2f29\u9547\u4e0a\u4e0a\uff0c\u5047\u2faf\u2ec6\u2f8a\u4e5f\u76f8\u5bf9\u4f4e\u8c03\uff1a\u2f09\u7ae5\uff0c\u76f2\u2f08\uff0c\u2f20\u5175\uff0c\u4e5e\u4e10\uff0c\u821e\u8005\u592b\u5987\uff0c\u516c \u2f5c\uff0c\u4ee5\u53caArador\uff08\u82b1\u5e97\u2f7c\u677f\uff09\u548cGa\u00f1\u00e1n\uff08 \u96c7\u519c\uff09\u3002<\/p>\n<h3>&nbsp;<\/h3>\n<h3>&nbsp;<\/h3>\n<h3><span style=\"color: #000000;\">Palacios del Pan<br \/>\n\u2f29\u9547\uff1a\u5e15\u62c9\u2ec4\u6b27\u65af-\u5fb7\u5c14-\u6f58<\/span><\/h3>\n<p style=\"text-align: justify;\">\u8fd9\u2fa5\u7684\u5047\u2faf\u8282\u5e86\u6d3b\u52a8\u4e0b\u53485\u70b9\u5f00\u59cb\uff0c\u2f00\u5934\u201c\u2f5c\u201d\u548c\u2f00\u4e2a\u6ed1\u7a3d\u6076\u9b54\u2ee4\u5f00\u59cb\u56db\u5904\u6e38\u2f9b\uff0c\u5230\u5904\u548c\u2f08\u4eec\u5f00\u73a9\u7b11\u3002 \u2f08\u4eec\u54c8\u54c8\u2f24\u7b11\uff0c\u5728\u6b22\u58f0\u7b11\u8bed\u4e2d\u7ed3\u675f\u8fd9\u4e2a\u72c2\u6b22\u8282\u3002<\/p>\n<h3><span style=\"color: #000000;\">Pereruela<br \/>\n\u2f29\u9547\uff1a\u4f69\u96f7\u745e\u62c9<\/span><\/h3>\n<p style=\"text-align: justify;\">\u8fd9\u4e2a\u8ddd\u79bb\u8428\u83ab\u62c9\u7ea615\u516c\u2fa5\u8fdc\u7684\u2f29\u9547\uff0c\u6709\u7740\u2f83\u2f30\u522b\u5177\u2f00\u683c\u7684\u5e86\u795d\u2f45\u5f0f\u3002 \u8fd9\u2fa5\u7684\u5047\u2faf\u4e3b\u2ec6\u662f\u2f00\u5934\u201c\u2f29\u2f5c\u201d\uff0c\u8eab\u7a7f\u4e94\u5f69\u6591\u6593\u5e26\u7740\u2f5c\u2faf\u5177\u7684\u5e74\u8f7b\u2f08\uff0c\u4f1a\u7a7f\u8fc7\u2f24\u8857\u2f29\u5df7\uff0c\u548c\u4efb\u4f55\u2f00\u4e2a\u8def\u2f08\u5b09\u620f\u6253\u95f9\u3002\u968f\u7740\u201c\u2f5c\u201d\u7684\u2ec6\u2f8a\uff0c\u8ffd\u9010\u7740\u2f08\u7fa4\uff0c\u6b22\u58f0 \u7b11\u8bed\u7684\u5047\u2faf\u8282\u5e86\u6d3b\u52a8\u6e10\u2f0a\u5c3e\u58f0\u3002 \u7ed3\u675f\u540e\uff0c\u8fd9\u2fa5\u8fd8\u4f1a\u4e3e\u2f8f\u2f00\u4e2a\u8da3\u5473\u8bd7\u6b4c\u805a\u4f1a\uff0c\u6709\u8da3\u7684\u8bd7\u53e5\uff0c\u2f24\u2f08\u2f29\u5b69\u90fd\u4f1a\u88ab\u9017\u4e50\u3002<\/p>\n<h3><span style=\"color: #000000;\">Morales de Valverde<br \/>\n\u2f29\u9547\uff1a\u83ab\u62c9\u96f7\u65af-\u5fb7-\u74e6\u4f69\u5c14\u5fb7<\/span><\/h3>\n<p>\u8fd9\u2fa5\u7684\u5047\u2faf\u4e3b\u2ec6\u4f9d\u7136\u662f\u201c\u2f5c\u201d\uff0c\u5047\u2faf\u201c\u2f5c\u201d\u4f1a\u7a7f\u4e0a\u4f20\u7edf\u670d\u88c5\u3002\u751a\u2f84\u585e\u6ee1\u7a3b\u8349\u8ba9\u2f83\u2f30\u770b\u8d77\u6765\u58ee\u7855\u2f46\u2f50\u3002\u8fd8\u4f1a\u5e26\u4e0a\u2f5c\u94c3\u94db\u7b49\u3002\u5236\u9020\u51fa\u5404\u79cd\u54cd\u58f0\u6765\u5413\u552c\u2f08\u3002 \u2f24\u5bb6\u5728\u2f00\u60ca\u2f00\u5413\u7684\u73a9\u7b11\u4e2d\uff0c\u5b8c\u7f8e\u7684\u5ea6\u8fc7\u8fd9\u2f00\u5929\u3002<\/p>\n<h3><span style=\"color: #000000;\">Vigo de Sanabria<br \/>\n\u2f29\u9547\uff1a\u2f50\u683c-\u5fb7-\u8428\u7eb3\u592b\u2fa5\u4e9a<\/span><\/h3>\n<p>12\u2f49 26\u2f47\uff0c\u8fd9\u2fa5\u7684\u5047\u2faf\u8282\u5e86\u6d3b\u52a8\u2fae\u5e38\u4f20\u7edf\uff0c\u6709\u4e0d\u540c\u7684\u2f08\u7269\u89c9\u5f97\uff0c\u751a\u2f84\u4f1a\u6709\u597d\u7b11\u7684\u5047\u7ed3\u5a5a\u4eea\u5f0f\uff0c\u53ef\u8c13\u662f\u2fae\u5e38\u6709\u60f3\u8c61\u2f12\u3002<\/p>\n<h3><span style=\"color: #000000;\">T\u00e1bara<br \/>\n\u2f29\u9547\uff1a \u977c\u5df4\u62c9<\/span><\/h3>\n<p>\u8fd9\u2fa5\u7684\u5047\u2faf\u8282\u5e86\u6d3b\u52a8\uff0c\u4e0d\u4f46\u6709\u6ed1\u7a3d\u6076\u9b54\u2ee4\uff0c\u8fd8\u4f1a\u7ec4\u7ec7\u2f00\u79cd\u4f20\u7edf\u7684\u821e\u8e48\uff0c\u8fd9\u79cd\u88ab\u79f0\u4e3aPalotea\u7684\u4f20\u7edf\u68cd\u821e\u662f\u2ec4\u73ed\u2f5b\u548c\u8461\u8404\u2f5b\u4e24\u56fd\u5171\u4eab\u7684\u2f42\u5316\u9057\u4ea7\u3002<\/p>\n<h3><span style=\"color: #000000;\">Candelas<br \/>\n\u2f29\u9547\uff1a\u574e\u5fb7\u62c9\u65af<\/span><\/h3>\n<p style=\"text-align: justify;\">\u6bcf\u5e74\u76842\u2f49 25\u2f47\uff0c\u5728\u8fd9\u4e2a\u8428\u83ab\u62c9\u7684\u5468\u8fb9\u2f29\u9547\uff0c\u2f08\u4eec\u4f1a\u4e3e\u529e\u2fae\u5e38\u6709\u7279\u2f8a\u7684\u6d3b\u52a8\u3002 \u2f08\u4eec\u62ff\u7740\u2f83\u5236\u8721\u70db\uff0c\u5206\u4eab\u2f83\u5236\u7684\u7f8e\u2edd\u4f73\u80b4\uff0c\u8f7d\u6b4c\u8f7d\u821e\uff0c\u54c1\u5c1d\u5730\u9053\u7684\u751c\u54c1\uff0c\u7ea2\u9152\u3002\u548c\u5bb6\u2f08\u2f00\u8d77\u5ea6\u8fc7\u8fd9\u5bd2\u51b7\u7684\u51ac\u5b63\u3002<\/p>\n<h3><span style=\"color: #000000;\">\u00c1guedas<br \/>\n\u2f29\u9547\uff1a\u963f\u683c\u5854\u65af<\/span><\/h3>\n<p style=\"text-align: justify;\">2\u2f49 5\u2f47\u7684\u8fd9\u2f00\u5929\uff0c\u8fd9\u2fa5\u4f1a\u6b22\u5e86\u201c\u62c9\u65af-\u963f\u2f3d\u5854\u65af\u201d\u8282\uff08\u2ec4\u73ed\u2f5b\u8bed\u5199\u4e3alas \u00c1guedas\uff0c\u6240\u4ee5\u6307\u4ee3\u2f25\u6027\u963f\u2f3d\u5854\u65af\u2f08\uff09\u8fd9\u5929\u2f00\u5207\u6d3b\u52a8\u7531\u9547\u2fa5\u7684\u2f25\u6027\u5b89\u6392\u548c\u51b3\u5b9a\uff0c\u6bcf \u5e74\u4f1a\u6709\u2f00\u540d\u2f25\u5bb6\u2ed3\u6765\u4f5c\u4e3a\u6700\u2fbc\u638c\u6743\u8005\uff0c\u2f46\u8bba\u5e74\u7eaa\u2f24\u2f29\uff0c\u6bcf\u5e74\u8f6e\u6d41\u5f53\u9009\u3002 \u6d3b\u52a8\u7684\u5f53\u5929\uff0c\u6240\u6709\u7684\u2f25\u6027\u90fd\u4f1a\u7a7f\u4e0a\u6700\u7f8e\u7684\u4f20\u7edf\u534e\u670d\uff0c\u2f00\u8d77\u5206\u4eab\u7f8e\u5473\u5bb6\u5ead\u548c\u821e\u8e48\u6d3b\u52a8\u3002\u6bcf\u4f4d\u2f25\u6027\u90fd\u53ef\u4ee5\u9080\u8bf7\u4ed6\u2f08\uff0c\u6240\u4ee5\u6bcf\u5e74\u7684\u201c\u62c9\u65af-\u963f\u2f3d\u5854\u65af\u201d\u8282\u90fd\u662f\u70ed \u70ed\u95f9\u95f9\uff0c\u6b22\u58f0\u4e0d\u65ad\u3002<\/p>\n<h3><span style=\"color: #000000;\">Carnavales<br \/>\n\u72c2\u6b22\u8282<\/span><\/h3>\n<p style=\"text-align: justify;\">\u5361\u65af\u8482\u5229\u4e9a\u4e0e\u96f7\u6602\u5927\u533a\u7684\u72c2\u6b22\u8282\uff0c\u901a\u5e38\u662f\u548c\u5047\u9762\u8282\u5e86\u6d3b\u52a8\u4e00\u8d77\u4e3e\u529e\u7684\u3002\u5728\u4f17\u591a\u7684\u57ce\u9547\u6d3b\u52a8\u4e2d\uff0c\u8981\u6570\u6258\u7f57\u57ce\u7684\u8282\u65e5\u6d3b\u52a8\u6700\u91cd\u8981\u3002 \u6258\u7f57\u57ce\u7684\u72c2\u6b22\u8282\u901a\u5e38\u4e3a\u671f\u4e00\u5468\uff0c\u800c\u5728\u6b64\u4e4b\u4e2d\uff0c\u72c2\u6b22\u8282\u7684\u661f\u671f\u4e00\u6700\u4e3a\u6709\u610f\u4e49\u3002\u56e0\u4e3a\u8fd9\u4e00\u5929\uff0c\u5168\u57ce\u7684\u5b69\u5b50\u90fd\u4f1a\u6253\u626e\u6210\uff0c\u81ea\u5df1\u6700\u559c\u6b22\u7684\u89d2\u8272\uff0c\u8d70\u51fa\u5bb6\u95e8\uff0c\u548c\u5168\u5bb6\u4e00\u8d77\u73a9\u800d\u3002\u800c\u4e14\u4e0d\u6b62\u8fd9\u6837\uff0c\u8fd9\u4e00\u5929\u6709\u975e\u5e38\u5c11\u89c1\u7684\u513f\u7ae5\u72c2\u6b22\u8282\u82b1\u8f66\u6e38\u884c\u961f\u4f0d\u3002\u53ef\u4ee5\u8bf4\u662f\u975e\u5e38\u53ef\u7231\u4e14\u6781\u5177\u8da3\u5473\u7684\u4e00\u5929\u3002 \u6b63\u56e0\u5982\u6b64\uff0c\u6258\u7f57\u57ce\u7684\u72c2\u6b22\u8282\uff0c\u4e5f\u88ab\u5f53\u5730\u8d4b\u4e88\u201c\u7279\u8272\u666f\u70b9\u201d\u7684\u79f0\u53f7\u3002<\/p>\n<p>&nbsp;<\/p>\n<p><a href=\"https:\/\/turismoenzamora.es\/wp-content\/uploads\/2018\/05\/folletoPatrimonioPopular-1.pdf\" target=\"_blank\" rel=\"noopener noreferrer\"><img decoding=\"async\" class=\"\" src=\"https:\/\/turismoenzamora.es\/wp-content\/uploads\/2017\/08\/masinfo-1.png\"><\/a><\/p>\n<p><\/p>","protected":false},"excerpt":{"rendered":"<p>Mascaradas y celebraciones de Invierno \u5047\u2faf\u8282\u5e86\u548c\u51ac\u2f47\u671d\u5723\u8282 &#038;nbsp [&hellip;]<\/p>\n","protected":false},"author":1,"featured_media":0,"parent":88,"menu_order":1,"comment_status":"closed","ping_status":"closed","template":"","meta":{"inline_featured_image":false,"site-sidebar-layout":"default","site-content-layout":"default","ast-site-content-layout":"","site-content-style":"default","site-sidebar-style":"default","ast-global-header-display":"","ast-banner-title-visibility":"","ast-main-header-display":"","ast-hfb-above-header-display":"","ast-hfb-below-header-display":"","ast-hfb-mobile-header-display":"","site-post-title":"disabled","ast-breadcrumbs-content":"","ast-featured-img":"","footer-sml-layout":"","theme-transparent-header-meta":"default","adv-header-id-meta":"","stick-header-meta":"","header-above-stick-meta":"","header-main-stick-meta":"","header-below-stick-meta":"","astra-migrate-meta-layouts":"default","ast-page-background-enabled":"default","ast-page-background-meta":{"desktop":{"background-color":"","background-image":"","background-repeat":"repeat","background-position":"center center","background-size":"auto","background-attachment":"scroll","background-type":"","background-media":"","overlay-type":"","overlay-color":"","overlay-opacity":"","overlay-gradient":""},"tablet":{"background-color":"","background-image":"","background-repeat":"repeat","background-position":"center center","background-size":"auto","background-attachment":"scroll","background-type":"","background-media":"","overlay-type":"","overlay-color":"","overlay-opacity":"","overlay-gradient":""},"mobile":{"background-color":"","background-image":"","background-repeat":"repeat","background-position":"center center","background-size":"auto","background-attachment":"scroll","background-type":"","background-media":"","overlay-type":"","overlay-color":"","overlay-opacity":"","overlay-gradient":""}},"ast-content-background-meta":{"desktop":{"background-color":"var(--ast-global-color-5)","background-image":"","background-repeat":"repeat","background-position":"center center","background-size":"auto","background-attachment":"scroll","background-type":"","background-media":"","overlay-type":"","overlay-color":"","overlay-opacity":"","overlay-gradient":""},"tablet":{"background-color":"var(--ast-global-color-5)","background-image":"","background-repeat":"repeat","background-position":"center center","background-size":"auto","background-attachment":"scroll","background-type":"","background-media":"","overlay-type":"","overlay-color":"","overlay-opacity":"","overlay-gradient":""},"mobile":{"background-color":"var(--ast-global-color-5)","background-image":"","background-repeat":"repeat","background-position":"center center","background-size":"auto","background-attachment":"scroll","background-type":"","background-media":"","overlay-type":"","overlay-color":"","overlay-opacity":"","overlay-gradient":""}},"ngg_post_thumbnail":0,"footnotes":""},"yoast_head":"<!-- This site is optimized with the Yoast SEO plugin v23.0 - https:\/\/yoast.com\/wordpress\/plugins\/seo\/ -->\n<title>Turismo de Zamora , Turismo Sostenible<\/title>\n<meta name=\"description\" content=\"Esta es la p\u00e1gina Oficial de Turismo de Diputaci\u00f3n de Zamora, donde podr\u00e1 encontrar toda la informaci\u00f3n para disfrutar al m\u00e1ximo de nuestra provincia.\" \/>\n<meta name=\"robots\" content=\"index, follow, max-snippet:-1, max-image-preview:large, max-video-preview:-1\" \/>\n<link rel=\"canonical\" href=\"https:\/\/turismoenzamora.es\/patrimonio-popular\/mascaradas-de-invierno\/\" \/>\n<meta property=\"og:locale\" content=\"zh_CN\" \/>\n<meta property=\"og:type\" content=\"article\" \/>\n<meta property=\"og:title\" content=\"Turismo de Zamora , Turismo Sostenible\" \/>\n<meta property=\"og:description\" content=\"Esta es la p\u00e1gina Oficial de Turismo de Diputaci\u00f3n de Zamora, donde podr\u00e1 encontrar toda la informaci\u00f3n para disfrutar al m\u00e1ximo de nuestra provincia.\" \/>\n<meta property=\"og:url\" content=\"https:\/\/turismoenzamora.es\/patrimonio-popular\/mascaradas-de-invierno\/\" \/>\n<meta property=\"og:site_name\" content=\"(Espa\u00f1ol) Turismo sostenible. Patronato de Turismo de la Diputaci\u00f3n de Zamora.&quot;Turismo Sostenible&quot;.\" \/>\n<meta property=\"article:publisher\" content=\"https:\/\/www.facebook.com\/ZamoraSpain\/\" \/>\n<meta property=\"article:modified_time\" content=\"2022-12-26T10:38:25+00:00\" \/>\n<meta property=\"og:image\" content=\"https:\/\/turismoenzamora.es\/wp-content\/uploads\/2017\/08\/Patrimonio-culturalmasc.jpg\" \/>\n<meta name=\"twitter:card\" content=\"summary_large_image\" \/>\n<meta name=\"twitter:site\" content=\"@ZamoraSpain\" \/>\n<meta name=\"twitter:label1\" content=\"\u9884\u8ba1\u9605\u8bfb\u65f6\u95f4\" \/>\n\t<meta name=\"twitter:data1\" content=\"38\u5206\" \/>\n<script type=\"application\/ld+json\" class=\"yoast-schema-graph\">{\"@context\":\"https:\/\/schema.org\",\"@graph\":[{\"@type\":\"WebPage\",\"@id\":\"https:\/\/turismoenzamora.es\/patrimonio-popular\/mascaradas-de-invierno\/\",\"url\":\"https:\/\/turismoenzamora.es\/patrimonio-popular\/mascaradas-de-invierno\/\",\"name\":\"Turismo de Zamora , Turismo Sostenible\",\"isPartOf\":{\"@id\":\"https:\/\/turismoenzamora.es\/pt\/#website\"},\"primaryImageOfPage\":{\"@id\":\"https:\/\/turismoenzamora.es\/patrimonio-popular\/mascaradas-de-invierno\/#primaryimage\"},\"image\":{\"@id\":\"https:\/\/turismoenzamora.es\/patrimonio-popular\/mascaradas-de-invierno\/#primaryimage\"},\"thumbnailUrl\":\"https:\/\/turismoenzamora.es\/wp-content\/uploads\/2017\/08\/Patrimonio-culturalmasc.jpg\",\"datePublished\":\"2017-08-08T05:22:49+00:00\",\"dateModified\":\"2022-12-26T10:38:25+00:00\",\"description\":\"Esta es la p\u00e1gina Oficial de Turismo de Diputaci\u00f3n de Zamora, donde podr\u00e1 encontrar toda la informaci\u00f3n para disfrutar al m\u00e1ximo de nuestra provincia.\",\"breadcrumb\":{\"@id\":\"https:\/\/turismoenzamora.es\/patrimonio-popular\/mascaradas-de-invierno\/#breadcrumb\"},\"inLanguage\":\"zh-CN\",\"potentialAction\":[{\"@type\":\"ReadAction\",\"target\":[\"https:\/\/turismoenzamora.es\/patrimonio-popular\/mascaradas-de-invierno\/\"]}]},{\"@type\":\"ImageObject\",\"inLanguage\":\"zh-CN\",\"@id\":\"https:\/\/turismoenzamora.es\/patrimonio-popular\/mascaradas-de-invierno\/#primaryimage\",\"url\":\"https:\/\/turismoenzamora.es\/wp-content\/uploads\/2017\/08\/Patrimonio-culturalmasc.jpg\",\"contentUrl\":\"https:\/\/turismoenzamora.es\/wp-content\/uploads\/2017\/08\/Patrimonio-culturalmasc.jpg\"},{\"@type\":\"BreadcrumbList\",\"@id\":\"https:\/\/turismoenzamora.es\/patrimonio-popular\/mascaradas-de-invierno\/#breadcrumb\",\"itemListElement\":[{\"@type\":\"ListItem\",\"position\":1,\"name\":\"Portada\",\"item\":\"https:\/\/turismoenzamora.es\/\"},{\"@type\":\"ListItem\",\"position\":2,\"name\":\"Patrimonio Popular\",\"item\":\"https:\/\/turismoenzamora.es\/de\/patrimonio-popular\/\"},{\"@type\":\"ListItem\",\"position\":3,\"name\":\"Mascaradas de Invierno\"}]},{\"@type\":\"WebSite\",\"@id\":\"https:\/\/turismoenzamora.es\/pt\/#website\",\"url\":\"https:\/\/turismoenzamora.es\/pt\/\",\"name\":\"Turismo sostenible. Patronato de Turismo de la Diputaci\u00f3n de Zamora.&quot;Turismo Sostenible&quot;.\",\"description\":\"(Espa\u00f1ol) Turismo sostenible. Patronato de Turismo de la Diputaci\u00f3n de Zamora.&quot;Turismo Sostenible&quot;.\",\"publisher\":{\"@id\":\"https:\/\/turismoenzamora.es\/pt\/#organization\"},\"potentialAction\":[{\"@type\":\"SearchAction\",\"target\":{\"@type\":\"EntryPoint\",\"urlTemplate\":\"https:\/\/turismoenzamora.es\/pt\/?s={search_term_string}\"},\"query-input\":\"required name=search_term_string\"}],\"inLanguage\":\"zh-CN\"},{\"@type\":\"Organization\",\"@id\":\"https:\/\/turismoenzamora.es\/pt\/#organization\",\"name\":\"Patronato de Turismo de la Diputaci\u00f3n de Zamora\",\"url\":\"https:\/\/turismoenzamora.es\/pt\/\",\"logo\":{\"@type\":\"ImageObject\",\"inLanguage\":\"zh-CN\",\"@id\":\"https:\/\/turismoenzamora.es\/pt\/#\/schema\/logo\/image\/\",\"url\":\"https:\/\/turismoenzamora.es\/wp-content\/uploads\/2018\/06\/ZamoraLogo.png\",\"contentUrl\":\"https:\/\/turismoenzamora.es\/wp-content\/uploads\/2018\/06\/ZamoraLogo.png\",\"width\":1276,\"height\":290,\"caption\":\"Patronato de Turismo de la Diputaci\u00f3n de Zamora\"},\"image\":{\"@id\":\"https:\/\/turismoenzamora.es\/pt\/#\/schema\/logo\/image\/\"},\"sameAs\":[\"https:\/\/www.facebook.com\/ZamoraSpain\/\",\"https:\/\/x.com\/ZamoraSpain\",\"https:\/\/www.instagram.com\/turismoenzamora.es\/\",\"https:\/\/www.pinterest.es\/TurismoenZamora\/\",\"https:\/\/www.youtube.com\/channel\/UC2bOyOZ-2cLm-uXlBFYUV9w\"]}]}<\/script>\n<!-- \/ Yoast SEO plugin. -->","yoast_head_json":{"title":"Turismo de Zamora , Turismo Sostenible","description":"Esta es la p\u00e1gina Oficial de Turismo de Diputaci\u00f3n de Zamora, donde podr\u00e1 encontrar toda la informaci\u00f3n para disfrutar al m\u00e1ximo de nuestra provincia.","robots":{"index":"index","follow":"follow","max-snippet":"max-snippet:-1","max-image-preview":"max-image-preview:large","max-video-preview":"max-video-preview:-1"},"canonical":"https:\/\/turismoenzamora.es\/patrimonio-popular\/mascaradas-de-invierno\/","og_locale":"zh_CN","og_type":"article","og_title":"Turismo de Zamora , Turismo Sostenible","og_description":"Esta es la p\u00e1gina Oficial de Turismo de Diputaci\u00f3n de Zamora, donde podr\u00e1 encontrar toda la informaci\u00f3n para disfrutar al m\u00e1ximo de nuestra provincia.","og_url":"https:\/\/turismoenzamora.es\/patrimonio-popular\/mascaradas-de-invierno\/","og_site_name":"(Espa\u00f1ol) Turismo sostenible. Patronato de Turismo de la Diputaci\u00f3n de Zamora.&quot;Turismo Sostenible&quot;.","article_publisher":"https:\/\/www.facebook.com\/ZamoraSpain\/","article_modified_time":"2022-12-26T10:38:25+00:00","og_image":[{"url":"https:\/\/turismoenzamora.es\/wp-content\/uploads\/2017\/08\/Patrimonio-culturalmasc.jpg"}],"twitter_card":"summary_large_image","twitter_site":"@ZamoraSpain","twitter_misc":{"\u9884\u8ba1\u9605\u8bfb\u65f6\u95f4":"38\u5206"},"schema":{"@context":"https:\/\/schema.org","@graph":[{"@type":"WebPage","@id":"https:\/\/turismoenzamora.es\/patrimonio-popular\/mascaradas-de-invierno\/","url":"https:\/\/turismoenzamora.es\/patrimonio-popular\/mascaradas-de-invierno\/","name":"Turismo de Zamora , Turismo Sostenible","isPartOf":{"@id":"https:\/\/turismoenzamora.es\/pt\/#website"},"primaryImageOfPage":{"@id":"https:\/\/turismoenzamora.es\/patrimonio-popular\/mascaradas-de-invierno\/#primaryimage"},"image":{"@id":"https:\/\/turismoenzamora.es\/patrimonio-popular\/mascaradas-de-invierno\/#primaryimage"},"thumbnailUrl":"https:\/\/turismoenzamora.es\/wp-content\/uploads\/2017\/08\/Patrimonio-culturalmasc.jpg","datePublished":"2017-08-08T05:22:49+00:00","dateModified":"2022-12-26T10:38:25+00:00","description":"Esta es la p\u00e1gina Oficial de Turismo de Diputaci\u00f3n de Zamora, donde podr\u00e1 encontrar toda la informaci\u00f3n para disfrutar al m\u00e1ximo de nuestra provincia.","breadcrumb":{"@id":"https:\/\/turismoenzamora.es\/patrimonio-popular\/mascaradas-de-invierno\/#breadcrumb"},"inLanguage":"zh-CN","potentialAction":[{"@type":"ReadAction","target":["https:\/\/turismoenzamora.es\/patrimonio-popular\/mascaradas-de-invierno\/"]}]},{"@type":"ImageObject","inLanguage":"zh-CN","@id":"https:\/\/turismoenzamora.es\/patrimonio-popular\/mascaradas-de-invierno\/#primaryimage","url":"https:\/\/turismoenzamora.es\/wp-content\/uploads\/2017\/08\/Patrimonio-culturalmasc.jpg","contentUrl":"https:\/\/turismoenzamora.es\/wp-content\/uploads\/2017\/08\/Patrimonio-culturalmasc.jpg"},{"@type":"BreadcrumbList","@id":"https:\/\/turismoenzamora.es\/patrimonio-popular\/mascaradas-de-invierno\/#breadcrumb","itemListElement":[{"@type":"ListItem","position":1,"name":"Portada","item":"https:\/\/turismoenzamora.es\/"},{"@type":"ListItem","position":2,"name":"Patrimonio Popular","item":"https:\/\/turismoenzamora.es\/de\/patrimonio-popular\/"},{"@type":"ListItem","position":3,"name":"Mascaradas de Invierno"}]},{"@type":"WebSite","@id":"https:\/\/turismoenzamora.es\/pt\/#website","url":"https:\/\/turismoenzamora.es\/pt\/","name":"Turismo sostenible. Patronato de Turismo de la Diputaci\u00f3n de Zamora.&quot;Turismo Sostenible&quot;.","description":"(Espa\u00f1ol) Turismo sostenible. Patronato de Turismo de la Diputaci\u00f3n de Zamora.&quot;Turismo Sostenible&quot;.","publisher":{"@id":"https:\/\/turismoenzamora.es\/pt\/#organization"},"potentialAction":[{"@type":"SearchAction","target":{"@type":"EntryPoint","urlTemplate":"https:\/\/turismoenzamora.es\/pt\/?s={search_term_string}"},"query-input":"required name=search_term_string"}],"inLanguage":"zh-CN"},{"@type":"Organization","@id":"https:\/\/turismoenzamora.es\/pt\/#organization","name":"Patronato de Turismo de la Diputaci\u00f3n de Zamora","url":"https:\/\/turismoenzamora.es\/pt\/","logo":{"@type":"ImageObject","inLanguage":"zh-CN","@id":"https:\/\/turismoenzamora.es\/pt\/#\/schema\/logo\/image\/","url":"https:\/\/turismoenzamora.es\/wp-content\/uploads\/2018\/06\/ZamoraLogo.png","contentUrl":"https:\/\/turismoenzamora.es\/wp-content\/uploads\/2018\/06\/ZamoraLogo.png","width":1276,"height":290,"caption":"Patronato de Turismo de la Diputaci\u00f3n de Zamora"},"image":{"@id":"https:\/\/turismoenzamora.es\/pt\/#\/schema\/logo\/image\/"},"sameAs":["https:\/\/www.facebook.com\/ZamoraSpain\/","https:\/\/x.com\/ZamoraSpain","https:\/\/www.instagram.com\/turismoenzamora.es\/","https:\/\/www.pinterest.es\/TurismoenZamora\/","https:\/\/www.youtube.com\/channel\/UC2bOyOZ-2cLm-uXlBFYUV9w"]}]}},"_links":{"self":[{"href":"https:\/\/turismoenzamora.es\/zh\/wp-json\/wp\/v2\/pages\/306"}],"collection":[{"href":"https:\/\/turismoenzamora.es\/zh\/wp-json\/wp\/v2\/pages"}],"about":[{"href":"https:\/\/turismoenzamora.es\/zh\/wp-json\/wp\/v2\/types\/page"}],"author":[{"embeddable":true,"href":"https:\/\/turismoenzamora.es\/zh\/wp-json\/wp\/v2\/users\/1"}],"replies":[{"embeddable":true,"href":"https:\/\/turismoenzamora.es\/zh\/wp-json\/wp\/v2\/comments?post=306"}],"version-history":[{"count":0,"href":"https:\/\/turismoenzamora.es\/zh\/wp-json\/wp\/v2\/pages\/306\/revisions"}],"up":[{"embeddable":true,"href":"https:\/\/turismoenzamora.es\/zh\/wp-json\/wp\/v2\/pages\/88"}],"wp:attachment":[{"href":"https:\/\/turismoenzamora.es\/zh\/wp-json\/wp\/v2\/media?parent=306"}],"curies":[{"name":"wp","href":"https:\/\/api.w.org\/{rel}","templated":true}]}}