{"id":16734,"date":"2023-02-06T11:39:00","date_gmt":"2023-02-06T09:39:00","guid":{"rendered":"https:\/\/www.turismoenzamora.es\/?page_id=16734"},"modified":"2025-12-02T17:14:03","modified_gmt":"2025-12-02T16:14:03","slug":"turismo-familiar-2","status":"publish","type":"page","link":"https:\/\/turismoenzamora.es\/zh\/turismo-familiar-2\/","title":{"rendered":"Turismo familiar"},"content":{"rendered":"\t\t<div data-elementor-type=\"wp-page\" data-elementor-id=\"16734\" class=\"elementor elementor-16734\" data-elementor-post-type=\"page\">\n\t\t\t\t\t\t<section class=\"elementor-section elementor-top-section elementor-element elementor-element-124a9b3f elementor-section-height-min-height elementor-section-boxed elementor-section-height-default elementor-section-items-middle\" data-id=\"124a9b3f\" data-element_type=\"section\">\n\t\t\t\t\t\t<div class=\"elementor-container elementor-column-gap-default\">\n\t\t\t\t\t<div class=\"elementor-column elementor-col-33 elementor-top-column elementor-element elementor-element-21598093\" data-id=\"21598093\" data-element_type=\"column\" data-settings=\"{&quot;background_background&quot;:&quot;classic&quot;}\">\n\t\t\t<div class=\"elementor-widget-wrap elementor-element-populated\">\n\t\t\t\t\t<div class=\"elementor-background-overlay\"><\/div>\n\t\t\t\t\t\t<section class=\"elementor-section elementor-inner-section elementor-element elementor-element-5b846463 elementor-section-height-min-height elementor-section-content-middle elementor-section-boxed elementor-section-height-default\" data-id=\"5b846463\" data-element_type=\"section\">\n\t\t\t\t\t\t<div class=\"elementor-container elementor-column-gap-default\">\n\t\t\t\t\t<div class=\"elementor-column elementor-col-100 elementor-inner-column elementor-element elementor-element-a9754fe\" data-id=\"a9754fe\" data-element_type=\"column\">\n\t\t\t<div class=\"elementor-widget-wrap elementor-element-populated\">\n\t\t\t\t\t\t<div class=\"elementor-element elementor-element-1678d9fc elementor-widget elementor-widget-heading\" data-id=\"1678d9fc\" data-element_type=\"widget\" data-widget_type=\"heading.default\">\n\t\t\t\t<div class=\"elementor-widget-container\">\n\t\t\t<h2 class=\"elementor-heading-title elementor-size-default\"><a href=\"#elementor-action%3Aaction%3Dpopup%3Aopen%26settings%3DeyJpZCI6IjE2NzM2IiwidG9nZ2xlIjpmYWxzZX0%3D\">Experiencia Cer\u00e1mica \u2018Naturalenta\u2018<\/a><\/h2>\t\t<\/div>\n\t\t\t\t<\/div>\n\t\t\t\t<div class=\"elementor-element elementor-element-3589bce0 elementor-widget elementor-widget-text-editor\" data-id=\"3589bce0\" data-element_type=\"widget\" data-widget_type=\"text-editor.default\">\n\t\t\t\t<div class=\"elementor-widget-container\">\n\t\t\t\t\t\t\t<p style=\"text-align: center;\"><span style=\"color: #ffffff;\"><strong>NATURALENTA es una experiencia que invita a disfrutar del contacto con la naturaleza y el barro, dedicando un momento de tranquilidad e inspiraci\u00f3n a encontrar dise\u00f1os y texturas que nos ofrece el entorno<\/strong><\/span><\/p>\t\t\t\t\t\t<\/div>\n\t\t\t\t<\/div>\n\t\t\t\t\t<\/div>\n\t\t<\/div>\n\t\t\t\t\t<\/div>\n\t\t<\/section>\n\t\t\t\t\t<\/div>\n\t\t<\/div>\n\t\t\t\t<div class=\"elementor-column elementor-col-33 elementor-top-column elementor-element elementor-element-64a829d2\" data-id=\"64a829d2\" data-element_type=\"column\" data-settings=\"{&quot;background_background&quot;:&quot;classic&quot;}\">\n\t\t\t<div class=\"elementor-widget-wrap elementor-element-populated\">\n\t\t\t\t\t<div class=\"elementor-background-overlay\"><\/div>\n\t\t\t\t\t\t<section class=\"elementor-section elementor-inner-section elementor-element elementor-element-424c26ef elementor-section-height-min-height elementor-section-content-middle elementor-section-boxed elementor-section-height-default\" data-id=\"424c26ef\" data-element_type=\"section\">\n\t\t\t\t\t\t<div class=\"elementor-container elementor-column-gap-default\">\n\t\t\t\t\t<div class=\"elementor-column elementor-col-100 elementor-inner-column elementor-element elementor-element-7d789166\" data-id=\"7d789166\" data-element_type=\"column\">\n\t\t\t<div class=\"elementor-widget-wrap elementor-element-populated\">\n\t\t\t\t\t\t<div class=\"elementor-element elementor-element-369594f1 elementor-widget elementor-widget-heading\" data-id=\"369594f1\" data-element_type=\"widget\" data-widget_type=\"heading.default\">\n\t\t\t\t<div class=\"elementor-widget-container\">\n\t\t\t<h2 class=\"elementor-heading-title elementor-size-default\"><a href=\"#elementor-action%3Aaction%3Dpopup%3Aopen%26settings%3DeyJpZCI6IjE2NzM5IiwidG9nZ2xlIjpmYWxzZX0%3D\">Centro de la Miel de Sagallos (Manzanal de Arriba)<\/a><\/h2>\t\t<\/div>\n\t\t\t\t<\/div>\n\t\t\t\t<div class=\"elementor-element elementor-element-16519e8b elementor-widget elementor-widget-text-editor\" data-id=\"16519e8b\" data-element_type=\"widget\" data-widget_type=\"text-editor.default\">\n\t\t\t\t<div class=\"elementor-widget-container\">\n\t\t\t\t\t\t\t<p style=\"text-align: center;\"><span style=\"color: #ffffff;\"><strong>Un centro de referencia del mundo de la apicultura para el noroeste de la pen\u00ednsula.<\/strong><\/span><\/p>\t\t\t\t\t\t<\/div>\n\t\t\t\t<\/div>\n\t\t\t\t\t<\/div>\n\t\t<\/div>\n\t\t\t\t\t<\/div>\n\t\t<\/section>\n\t\t\t\t\t<\/div>\n\t\t<\/div>\n\t\t\t\t<div class=\"elementor-column elementor-col-33 elementor-top-column elementor-element elementor-element-4b76aad5\" data-id=\"4b76aad5\" data-element_type=\"column\" data-settings=\"{&quot;background_background&quot;:&quot;classic&quot;}\">\n\t\t\t<div class=\"elementor-widget-wrap elementor-element-populated\">\n\t\t\t\t\t<div class=\"elementor-background-overlay\"><\/div>\n\t\t\t\t\t\t<section class=\"elementor-section elementor-inner-section elementor-element elementor-element-53226afc elementor-section-height-min-height elementor-section-content-middle elementor-section-boxed elementor-section-height-default\" data-id=\"53226afc\" data-element_type=\"section\">\n\t\t\t\t\t\t<div class=\"elementor-container elementor-column-gap-default\">\n\t\t\t\t\t<div class=\"elementor-column elementor-col-100 elementor-inner-column elementor-element elementor-element-df7cb09\" data-id=\"df7cb09\" data-element_type=\"column\">\n\t\t\t<div class=\"elementor-widget-wrap elementor-element-populated\">\n\t\t\t\t\t\t<div class=\"elementor-element elementor-element-2abc73f0 elementor-widget elementor-widget-heading\" data-id=\"2abc73f0\" data-element_type=\"widget\" data-widget_type=\"heading.default\">\n\t\t\t\t<div class=\"elementor-widget-container\">\n\t\t\t<h2 class=\"elementor-heading-title elementor-size-default\"><a href=\"#elementor-action%3Aaction%3Dpopup%3Aopen%26settings%3DeyJpZCI6IjE2NzQyIiwidG9nZ2xlIjpmYWxzZX0%3D\">Centro de Interpretaci\u00f3n del Barro de Pereruela Sayago<\/a><\/h2>\t\t<\/div>\n\t\t\t\t<\/div>\n\t\t\t\t<div class=\"elementor-element elementor-element-6c0c0c5d elementor-widget elementor-widget-text-editor\" data-id=\"6c0c0c5d\" data-element_type=\"widget\" data-widget_type=\"text-editor.default\">\n\t\t\t\t<div class=\"elementor-widget-container\">\n\t\t\t\t\t\t\t<p style=\"box-sizing: inherit; font-size: 15px; font-style: normal; font-weight: 500; color: #000000; font-family: -apple-system, BlinkMacSystemFont, 'Segoe UI', Roboto, Oxygen-Sans, Ubuntu, Cantarell, 'Helvetica Neue', sans-serif; text-align: center;\"><span style=\"color: #ffffff;\"><strong>Centro de Interpretaci\u00f3n que alberga una exposici\u00f3n permanente de piezas antiguas y actuales de Pereruela y de diferentes centros alfareros de Espa\u00f1a.<\/strong><\/span><\/p><div>\u00a0<\/div>\t\t\t\t\t\t<\/div>\n\t\t\t\t<\/div>\n\t\t\t\t\t<\/div>\n\t\t<\/div>\n\t\t\t\t\t<\/div>\n\t\t<\/section>\n\t\t\t\t\t<\/div>\n\t\t<\/div>\n\t\t\t\t\t<\/div>\n\t\t<\/section>\n\t\t\t\t<section class=\"elementor-section elementor-top-section elementor-element elementor-element-7f6afa33 elementor-section-height-min-height elementor-section-boxed elementor-section-height-default elementor-section-items-middle\" data-id=\"7f6afa33\" data-element_type=\"section\">\n\t\t\t\t\t\t<div class=\"elementor-container elementor-column-gap-default\">\n\t\t\t\t\t<div class=\"elementor-column elementor-col-33 elementor-top-column elementor-element elementor-element-3318aec5\" data-id=\"3318aec5\" data-element_type=\"column\" data-settings=\"{&quot;background_background&quot;:&quot;classic&quot;}\">\n\t\t\t<div class=\"elementor-widget-wrap elementor-element-populated\">\n\t\t\t\t\t<div class=\"elementor-background-overlay\"><\/div>\n\t\t\t\t\t\t<section class=\"elementor-section elementor-inner-section elementor-element elementor-element-e86b217 elementor-section-height-min-height elementor-section-content-middle elementor-section-boxed elementor-section-height-default\" data-id=\"e86b217\" data-element_type=\"section\">\n\t\t\t\t\t\t<div class=\"elementor-container elementor-column-gap-default\">\n\t\t\t\t\t<div class=\"elementor-column elementor-col-100 elementor-inner-column elementor-element elementor-element-4eaf0d69\" data-id=\"4eaf0d69\" data-element_type=\"column\">\n\t\t\t<div class=\"elementor-widget-wrap elementor-element-populated\">\n\t\t\t\t\t\t<div class=\"elementor-element elementor-element-1ed231b elementor-widget elementor-widget-heading\" data-id=\"1ed231b\" data-element_type=\"widget\" data-widget_type=\"heading.default\">\n\t\t\t\t<div class=\"elementor-widget-container\">\n\t\t\t<h2 class=\"elementor-heading-title elementor-size-default\"><a href=\"#elementor-action%3Aaction%3Dpopup%3Aopen%26settings%3DeyJpZCI6IjE2NzQ3IiwidG9nZ2xlIjpmYWxzZX0%3D\">Visita guiada al Museo del Queso Chill\u00f3n (Toro)<\/a><\/h2>\t\t<\/div>\n\t\t\t\t<\/div>\n\t\t\t\t<div class=\"elementor-element elementor-element-13e09e54 elementor-widget elementor-widget-text-editor\" data-id=\"13e09e54\" data-element_type=\"widget\" data-widget_type=\"text-editor.default\">\n\t\t\t\t<div class=\"elementor-widget-container\">\n\t\t\t\t\t\t\t<p style=\"text-align: center;\"><span style=\"color: #ffffff;\"><strong><span style=\"font-family: -apple-system, BlinkMacSystemFont, 'Segoe UI', Roboto, Oxygen-Sans, Ubuntu, Cantarell, 'Helvetica Neue', sans-serif; font-size: 15px; font-style: normal; text-align: start;\">En el Museo del Queso los visitantes podr\u00e1n ver la evoluci\u00f3n que ha tenido el proceso de elaboraci\u00f3n del queso en esta f\u00e1brica artesana y familiar.<\/span><\/strong><\/span><\/p>\t\t\t\t\t\t<\/div>\n\t\t\t\t<\/div>\n\t\t\t\t\t<\/div>\n\t\t<\/div>\n\t\t\t\t\t<\/div>\n\t\t<\/section>\n\t\t\t\t\t<\/div>\n\t\t<\/div>\n\t\t\t\t<div class=\"elementor-column elementor-col-33 elementor-top-column elementor-element elementor-element-365b685c\" data-id=\"365b685c\" data-element_type=\"column\" data-settings=\"{&quot;background_background&quot;:&quot;classic&quot;}\">\n\t\t\t<div class=\"elementor-widget-wrap elementor-element-populated\">\n\t\t\t\t\t<div class=\"elementor-background-overlay\"><\/div>\n\t\t\t\t\t\t<section class=\"elementor-section elementor-inner-section elementor-element elementor-element-29891824 elementor-section-height-min-height elementor-section-content-middle elementor-section-boxed elementor-section-height-default\" data-id=\"29891824\" data-element_type=\"section\">\n\t\t\t\t\t\t<div class=\"elementor-container elementor-column-gap-default\">\n\t\t\t\t\t<div class=\"elementor-column elementor-col-100 elementor-inner-column elementor-element elementor-element-63704f91\" data-id=\"63704f91\" data-element_type=\"column\">\n\t\t\t<div class=\"elementor-widget-wrap elementor-element-populated\">\n\t\t\t\t\t\t<div class=\"elementor-element elementor-element-6af26067 elementor-widget elementor-widget-heading\" data-id=\"6af26067\" data-element_type=\"widget\" data-widget_type=\"heading.default\">\n\t\t\t\t<div class=\"elementor-widget-container\">\n\t\t\t<h2 class=\"elementor-heading-title elementor-size-default\"><a href=\"#elementor-action%3Aaction%3Dpopup%3Aopen%26settings%3DeyJpZCI6IjE2Njc5IiwidG9nZ2xlIjpmYWxzZX0%3D\">\u00a1Piratas por el Duero con un buen bot\u00edn!<\/a><\/h2>\t\t<\/div>\n\t\t\t\t<\/div>\n\t\t\t\t<div class=\"elementor-element elementor-element-55a2baf0 elementor-widget elementor-widget-text-editor\" data-id=\"55a2baf0\" data-element_type=\"widget\" data-widget_type=\"text-editor.default\">\n\t\t\t\t<div class=\"elementor-widget-container\">\n\t\t\t\t\t\t\t<p style=\"text-align: center;\"><span style=\"color: #ffffff;\"><strong>Visita guiada a Fermoselle, degustaci\u00f3n, comida y Crucero Ambiental.<\/strong><\/span><\/p>\t\t\t\t\t\t<\/div>\n\t\t\t\t<\/div>\n\t\t\t\t\t<\/div>\n\t\t<\/div>\n\t\t\t\t\t<\/div>\n\t\t<\/section>\n\t\t\t\t\t<\/div>\n\t\t<\/div>\n\t\t\t\t<div class=\"elementor-column elementor-col-33 elementor-top-column elementor-element elementor-element-4e35e8\" data-id=\"4e35e8\" data-element_type=\"column\" data-settings=\"{&quot;background_background&quot;:&quot;classic&quot;}\">\n\t\t\t<div class=\"elementor-widget-wrap elementor-element-populated\">\n\t\t\t\t\t<div class=\"elementor-background-overlay\"><\/div>\n\t\t\t\t\t\t<section class=\"elementor-section elementor-inner-section elementor-element elementor-element-59ffcba7 elementor-section-height-min-height elementor-section-content-middle elementor-section-boxed elementor-section-height-default\" data-id=\"59ffcba7\" data-element_type=\"section\">\n\t\t\t\t\t\t<div class=\"elementor-container elementor-column-gap-default\">\n\t\t\t\t\t<div class=\"elementor-column elementor-col-100 elementor-inner-column elementor-element elementor-element-1317d50\" data-id=\"1317d50\" data-element_type=\"column\">\n\t\t\t<div class=\"elementor-widget-wrap elementor-element-populated\">\n\t\t\t\t\t\t<div class=\"elementor-element elementor-element-7ee9f2a5 elementor-widget elementor-widget-heading\" data-id=\"7ee9f2a5\" data-element_type=\"widget\" data-widget_type=\"heading.default\">\n\t\t\t\t<div class=\"elementor-widget-container\">\n\t\t\t<h2 class=\"elementor-heading-title elementor-size-default\"><a href=\"#elementor-action%3Aaction%3Dpopup%3Aopen%26settings%3DeyJpZCI6IjE2NjgzIiwidG9nZ2xlIjpmYWxzZX0%3D\">\u00a1Piratas a la Conquista de Fermoselle!<\/a><\/h2>\t\t<\/div>\n\t\t\t\t<\/div>\n\t\t\t\t<div class=\"elementor-element elementor-element-299325d0 elementor-widget elementor-widget-text-editor\" data-id=\"299325d0\" data-element_type=\"widget\" data-widget_type=\"text-editor.default\">\n\t\t\t\t<div class=\"elementor-widget-container\">\n\t\t\t\t\t\t\t<p style=\"text-align: center;\"><strong><span style=\"color: #ffffff;\">Visita a Fermoselle, Miranda do Douro con Crucero Ambiental, comida y finaliza con cata de vinos<\/span><\/strong><\/p>\t\t\t\t\t\t<\/div>\n\t\t\t\t<\/div>\n\t\t\t\t\t<\/div>\n\t\t<\/div>\n\t\t\t\t\t<\/div>\n\t\t<\/section>\n\t\t\t\t\t<\/div>\n\t\t<\/div>\n\t\t\t\t\t<\/div>\n\t\t<\/section>\n\t\t\t\t<section class=\"elementor-section elementor-top-section elementor-element elementor-element-fdea0ce elementor-section-height-min-height elementor-section-boxed elementor-section-height-default elementor-section-items-middle\" data-id=\"fdea0ce\" data-element_type=\"section\">\n\t\t\t\t\t\t<div class=\"elementor-container elementor-column-gap-default\">\n\t\t\t\t\t<div class=\"elementor-column elementor-col-33 elementor-top-column elementor-element elementor-element-4c8b1e63\" data-id=\"4c8b1e63\" data-element_type=\"column\" data-settings=\"{&quot;background_background&quot;:&quot;classic&quot;}\">\n\t\t\t<div class=\"elementor-widget-wrap elementor-element-populated\">\n\t\t\t\t\t<div class=\"elementor-background-overlay\"><\/div>\n\t\t\t\t\t\t<section class=\"elementor-section elementor-inner-section elementor-element elementor-element-20ec54ab elementor-section-height-min-height elementor-section-content-middle elementor-section-boxed elementor-section-height-default\" data-id=\"20ec54ab\" data-element_type=\"section\">\n\t\t\t\t\t\t<div class=\"elementor-container elementor-column-gap-default\">\n\t\t\t\t\t<div class=\"elementor-column elementor-col-100 elementor-inner-column elementor-element elementor-element-77261079\" data-id=\"77261079\" data-element_type=\"column\">\n\t\t\t<div class=\"elementor-widget-wrap elementor-element-populated\">\n\t\t\t\t\t\t<div class=\"elementor-element elementor-element-791d3048 elementor-widget elementor-widget-heading\" data-id=\"791d3048\" data-element_type=\"widget\" data-widget_type=\"heading.default\">\n\t\t\t\t<div class=\"elementor-widget-container\">\n\t\t\t<h2 class=\"elementor-heading-title elementor-size-default\"><a href=\"#elementor-action%3Aaction%3Dpopup%3Aopen%26settings%3DeyJpZCI6IjE2Njg5IiwidG9nZ2xlIjpmYWxzZX0%3D\">Arribes a Vista de P\u00e1jaro<\/a><\/h2>\t\t<\/div>\n\t\t\t\t<\/div>\n\t\t\t\t<div class=\"elementor-element elementor-element-489a5296 elementor-widget elementor-widget-text-editor\" data-id=\"489a5296\" data-element_type=\"widget\" data-widget_type=\"text-editor.default\">\n\t\t\t\t<div class=\"elementor-widget-container\">\n\t\t\t\t\t\t\t<p style=\"text-align: center;\"><span style=\"color: #ffffff;\"><strong>Ruta de Ornitolog\u00eda por los Arribes del Duero<\/strong><\/span><\/p>\t\t\t\t\t\t<\/div>\n\t\t\t\t<\/div>\n\t\t\t\t\t<\/div>\n\t\t<\/div>\n\t\t\t\t\t<\/div>\n\t\t<\/section>\n\t\t\t\t\t<\/div>\n\t\t<\/div>\n\t\t\t\t<div class=\"elementor-column elementor-col-33 elementor-top-column elementor-element elementor-element-452b4a99\" data-id=\"452b4a99\" data-element_type=\"column\" data-settings=\"{&quot;background_background&quot;:&quot;classic&quot;}\">\n\t\t\t<div class=\"elementor-widget-wrap elementor-element-populated\">\n\t\t\t\t\t<div class=\"elementor-background-overlay\"><\/div>\n\t\t\t\t\t\t<section class=\"elementor-section elementor-inner-section elementor-element elementor-element-476d5f78 elementor-section-height-min-height elementor-section-content-middle elementor-section-boxed elementor-section-height-default\" data-id=\"476d5f78\" data-element_type=\"section\">\n\t\t\t\t\t\t<div class=\"elementor-container elementor-column-gap-default\">\n\t\t\t\t\t<div class=\"elementor-column elementor-col-100 elementor-inner-column elementor-element elementor-element-2a71e2cc\" data-id=\"2a71e2cc\" data-element_type=\"column\">\n\t\t\t<div class=\"elementor-widget-wrap elementor-element-populated\">\n\t\t\t\t\t\t<div class=\"elementor-element elementor-element-58117d38 elementor-widget elementor-widget-heading\" data-id=\"58117d38\" data-element_type=\"widget\" data-widget_type=\"heading.default\">\n\t\t\t\t<div class=\"elementor-widget-container\">\n\t\t\t<h2 class=\"elementor-heading-title elementor-size-default\"><a href=\"#elementor-action%3Aaction%3Dpopup%3Aopen%26settings%3DeyJpZCI6IjE2NjkyIiwidG9nZ2xlIjpmYWxzZX0%3D\">\u00a1Pajareando con mermelada, queso y vino!<\/a><\/h2>\t\t<\/div>\n\t\t\t\t<\/div>\n\t\t\t\t<div class=\"elementor-element elementor-element-82a2835 elementor-widget elementor-widget-text-editor\" data-id=\"82a2835\" data-element_type=\"widget\" data-widget_type=\"text-editor.default\">\n\t\t\t\t<div class=\"elementor-widget-container\">\n\t\t\t\t\t\t\t<p style=\"text-align: center;\"><strong><span style=\"color: #ffffff;\">Taller de Preparaci\u00f3n de Mermelada\u2019, nos ense\u00f1ar\u00e1n a preparar mermeladas con 100% de fruta y adem\u00e1s nos agasajar\u00e1n con quesos locales y vino de la zona.<\/span><\/strong><\/p>\t\t\t\t\t\t<\/div>\n\t\t\t\t<\/div>\n\t\t\t\t\t<\/div>\n\t\t<\/div>\n\t\t\t\t\t<\/div>\n\t\t<\/section>\n\t\t\t\t\t<\/div>\n\t\t<\/div>\n\t\t\t\t<div class=\"elementor-column elementor-col-33 elementor-top-column elementor-element elementor-element-9c10efe\" data-id=\"9c10efe\" data-element_type=\"column\" data-settings=\"{&quot;background_background&quot;:&quot;classic&quot;}\">\n\t\t\t<div class=\"elementor-widget-wrap elementor-element-populated\">\n\t\t\t\t\t<div class=\"elementor-background-overlay\"><\/div>\n\t\t\t\t\t\t<section class=\"elementor-section elementor-inner-section elementor-element elementor-element-3dc47064 elementor-section-height-min-height elementor-section-content-middle elementor-section-boxed elementor-section-height-default\" data-id=\"3dc47064\" data-element_type=\"section\">\n\t\t\t\t\t\t<div class=\"elementor-container elementor-column-gap-default\">\n\t\t\t\t\t<div class=\"elementor-column elementor-col-100 elementor-inner-column elementor-element elementor-element-10afc442\" data-id=\"10afc442\" data-element_type=\"column\">\n\t\t\t<div class=\"elementor-widget-wrap elementor-element-populated\">\n\t\t\t\t\t\t<div class=\"elementor-element elementor-element-b7fcc00 elementor-widget elementor-widget-heading\" data-id=\"b7fcc00\" data-element_type=\"widget\" data-widget_type=\"heading.default\">\n\t\t\t\t<div class=\"elementor-widget-container\">\n\t\t\t<h2 class=\"elementor-heading-title elementor-size-default\"><a href=\"#elementor-action%3Aaction%3Dpopup%3Aopen%26settings%3DeyJpZCI6IjE2Njk1IiwidG9nZ2xlIjpmYWxzZX0%3D\">Trilog\u00eda Prerromana \u00a1cereales, aceite y vino!<\/a><\/h2>\t\t<\/div>\n\t\t\t\t<\/div>\n\t\t\t\t<div class=\"elementor-element elementor-element-121d8278 elementor-widget elementor-widget-text-editor\" data-id=\"121d8278\" data-element_type=\"widget\" data-widget_type=\"text-editor.default\">\n\t\t\t\t<div class=\"elementor-widget-container\">\n\t\t\t\t\t\t\t<p style=\"text-align: center;\"><strong><span style=\"color: #ffffff;\">Visita a Fermoselle, a la Casa del Parque. Comida, talleres y degustaci\u00f3n.<\/span><\/strong><\/p>\t\t\t\t\t\t<\/div>\n\t\t\t\t<\/div>\n\t\t\t\t\t<\/div>\n\t\t<\/div>\n\t\t\t\t\t<\/div>\n\t\t<\/section>\n\t\t\t\t\t<\/div>\n\t\t<\/div>\n\t\t\t\t\t<\/div>\n\t\t<\/section>\n\t\t\t\t<section class=\"elementor-section elementor-top-section elementor-element elementor-element-143c2ba9 elementor-section-height-min-height elementor-section-boxed elementor-section-height-default elementor-section-items-middle\" data-id=\"143c2ba9\" data-element_type=\"section\">\n\t\t\t\t\t\t<div class=\"elementor-container elementor-column-gap-default\">\n\t\t\t\t\t<div class=\"elementor-column elementor-col-33 elementor-top-column elementor-element elementor-element-55c91551\" data-id=\"55c91551\" data-element_type=\"column\" data-settings=\"{&quot;background_background&quot;:&quot;classic&quot;}\">\n\t\t\t<div class=\"elementor-widget-wrap elementor-element-populated\">\n\t\t\t\t\t<div class=\"elementor-background-overlay\"><\/div>\n\t\t\t\t\t\t<section class=\"elementor-section elementor-inner-section elementor-element elementor-element-4673fc00 elementor-section-height-min-height elementor-section-content-middle elementor-section-boxed elementor-section-height-default\" data-id=\"4673fc00\" data-element_type=\"section\">\n\t\t\t\t\t\t<div class=\"elementor-container elementor-column-gap-default\">\n\t\t\t\t\t<div class=\"elementor-column elementor-col-100 elementor-inner-column elementor-element elementor-element-3e027a40\" data-id=\"3e027a40\" data-element_type=\"column\">\n\t\t\t<div class=\"elementor-widget-wrap elementor-element-populated\">\n\t\t\t\t\t\t<div class=\"elementor-element elementor-element-2224df91 elementor-widget elementor-widget-heading\" data-id=\"2224df91\" data-element_type=\"widget\" data-widget_type=\"heading.default\">\n\t\t\t\t<div class=\"elementor-widget-container\">\n\t\t\t<h2 class=\"elementor-heading-title elementor-size-default\"><a href=\"#elementor-action%3Aaction%3Dpopup%3Aopen%26settings%3DeyJpZCI6IjE2NzU4IiwidG9nZ2xlIjpmYWxzZX0%3D\">Paseos privados en barco<\/a><\/h2>\t\t<\/div>\n\t\t\t\t<\/div>\n\t\t\t\t<div class=\"elementor-element elementor-element-2f4473fb elementor-widget elementor-widget-text-editor\" data-id=\"2f4473fb\" data-element_type=\"widget\" data-widget_type=\"text-editor.default\">\n\t\t\t\t<div class=\"elementor-widget-container\">\n\t\t\t\t\t\t\t<p style=\"text-align: center;\"><strong><span style=\"color: #ffffff;\">Paseo en barco por Arribes del Duero para grupos, en exclusiva, de 2:30 h de duraci\u00f3n, con salida desde la presa de Bemposta.<\/span><\/strong><\/p>\t\t\t\t\t\t<\/div>\n\t\t\t\t<\/div>\n\t\t\t\t\t<\/div>\n\t\t<\/div>\n\t\t\t\t\t<\/div>\n\t\t<\/section>\n\t\t\t\t\t<\/div>\n\t\t<\/div>\n\t\t\t\t<div class=\"elementor-column elementor-col-33 elementor-top-column elementor-element elementor-element-5aa7865f\" data-id=\"5aa7865f\" data-element_type=\"column\" data-settings=\"{&quot;background_background&quot;:&quot;classic&quot;}\">\n\t\t\t<div class=\"elementor-widget-wrap elementor-element-populated\">\n\t\t\t\t\t<div class=\"elementor-background-overlay\"><\/div>\n\t\t\t\t\t\t<section class=\"elementor-section elementor-inner-section elementor-element elementor-element-559d823d elementor-section-height-min-height elementor-section-content-middle elementor-section-boxed elementor-section-height-default\" data-id=\"559d823d\" data-element_type=\"section\">\n\t\t\t\t\t\t<div class=\"elementor-container elementor-column-gap-default\">\n\t\t\t\t\t<div class=\"elementor-column elementor-col-100 elementor-inner-column elementor-element elementor-element-644e7233\" data-id=\"644e7233\" data-element_type=\"column\">\n\t\t\t<div class=\"elementor-widget-wrap elementor-element-populated\">\n\t\t\t\t\t\t<div class=\"elementor-element elementor-element-4ea524e1 elementor-widget elementor-widget-heading\" data-id=\"4ea524e1\" data-element_type=\"widget\" data-widget_type=\"heading.default\">\n\t\t\t\t<div class=\"elementor-widget-container\">\n\t\t\t<h2 class=\"elementor-heading-title elementor-size-default\"><a href=\"#elementor-action%3Aaction%3Dpopup%3Aopen%26settings%3DeyJpZCI6IjE2NjEyIiwidG9nZ2xlIjpmYWxzZX0%3D\">Visita al Centro de Interpretaci\u00f3n de los R\u00edos de Benavente<\/a><\/h2>\t\t<\/div>\n\t\t\t\t<\/div>\n\t\t\t\t<div class=\"elementor-element elementor-element-7542cb57 elementor-widget elementor-widget-text-editor\" data-id=\"7542cb57\" data-element_type=\"widget\" data-widget_type=\"text-editor.default\">\n\t\t\t\t<div class=\"elementor-widget-container\">\n\t\t\t\t\t\t\t<p style=\"text-align: center;\"><strong><span style=\"color: #ffffff;\">\u00bfSab\u00edas que Zamora tiene la mayor concentraci\u00f3n urbana de templos rom\u00e1nicos de Espa\u00f1a? \u00bfSab\u00edas que es la \u00fanica capital de Castilla y Le\u00f3n que est\u00e1 dentro de la Ruta Europea del Modernismo?\u00a0<\/span><\/strong><\/p>\t\t\t\t\t\t<\/div>\n\t\t\t\t<\/div>\n\t\t\t\t\t<\/div>\n\t\t<\/div>\n\t\t\t\t\t<\/div>\n\t\t<\/section>\n\t\t\t\t\t<\/div>\n\t\t<\/div>\n\t\t\t\t<div class=\"elementor-column elementor-col-33 elementor-top-column elementor-element elementor-element-74ac6bf4\" data-id=\"74ac6bf4\" data-element_type=\"column\" data-settings=\"{&quot;background_background&quot;:&quot;classic&quot;}\">\n\t\t\t<div class=\"elementor-widget-wrap elementor-element-populated\">\n\t\t\t\t\t<div class=\"elementor-background-overlay\"><\/div>\n\t\t\t\t\t\t<section class=\"elementor-section elementor-inner-section elementor-element elementor-element-69c19c96 elementor-section-height-min-height elementor-section-content-middle elementor-section-boxed elementor-section-height-default\" data-id=\"69c19c96\" data-element_type=\"section\">\n\t\t\t\t\t\t<div class=\"elementor-container elementor-column-gap-default\">\n\t\t\t\t\t<div class=\"elementor-column elementor-col-100 elementor-inner-column elementor-element elementor-element-731fa26e\" data-id=\"731fa26e\" data-element_type=\"column\">\n\t\t\t<div class=\"elementor-widget-wrap elementor-element-populated\">\n\t\t\t\t\t\t<div class=\"elementor-element elementor-element-f26d57a elementor-widget elementor-widget-heading\" data-id=\"f26d57a\" data-element_type=\"widget\" data-widget_type=\"heading.default\">\n\t\t\t\t<div class=\"elementor-widget-container\">\n\t\t\t<h2 class=\"elementor-heading-title elementor-size-default\"><a href=\"#elementor-action%3Aaction%3Dpopup%3Aopen%26settings%3DeyJpZCI6IjE2NjE2IiwidG9nZ2xlIjpmYWxzZX0%3D\">Paseo por los vados de San Cipri\u00e1n de Sanabria<\/a><\/h2>\t\t<\/div>\n\t\t\t\t<\/div>\n\t\t\t\t<div class=\"elementor-element elementor-element-31e64a4 elementor-widget elementor-widget-text-editor\" data-id=\"31e64a4\" data-element_type=\"widget\" data-widget_type=\"text-editor.default\">\n\t\t\t\t<div class=\"elementor-widget-container\">\n\t\t\t\t\t\t\t<p style=\"text-align: center;\"><span style=\"color: #ffffff;\"><strong>Te invitamos a recorrer el antiguo camino de los carros sanabreses que sub\u00edan a la sierra a recoger las ra\u00edces de brezo para elaborar el carb\u00f3n vegetal.<\/strong><\/span><\/p>\t\t\t\t\t\t<\/div>\n\t\t\t\t<\/div>\n\t\t\t\t\t<\/div>\n\t\t<\/div>\n\t\t\t\t\t<\/div>\n\t\t<\/section>\n\t\t\t\t\t<\/div>\n\t\t<\/div>\n\t\t\t\t\t<\/div>\n\t\t<\/section>\n\t\t\t\t<section class=\"elementor-section elementor-top-section elementor-element elementor-element-b80b9da elementor-section-height-min-height elementor-section-boxed elementor-section-height-default elementor-section-items-middle\" data-id=\"b80b9da\" data-element_type=\"section\">\n\t\t\t\t\t\t<div class=\"elementor-container elementor-column-gap-default\">\n\t\t\t\t\t<div class=\"elementor-column elementor-col-33 elementor-top-column elementor-element elementor-element-de6d33d\" data-id=\"de6d33d\" data-element_type=\"column\" data-settings=\"{&quot;background_background&quot;:&quot;classic&quot;}\">\n\t\t\t<div class=\"elementor-widget-wrap elementor-element-populated\">\n\t\t\t\t\t<div class=\"elementor-background-overlay\"><\/div>\n\t\t\t\t\t\t<section class=\"elementor-section elementor-inner-section elementor-element elementor-element-7b51936 elementor-section-height-min-height elementor-section-content-middle elementor-section-boxed elementor-section-height-default\" data-id=\"7b51936\" data-element_type=\"section\">\n\t\t\t\t\t\t<div class=\"elementor-container elementor-column-gap-default\">\n\t\t\t\t\t<div class=\"elementor-column elementor-col-100 elementor-inner-column elementor-element elementor-element-b4deab7\" data-id=\"b4deab7\" data-element_type=\"column\">\n\t\t\t<div class=\"elementor-widget-wrap elementor-element-populated\">\n\t\t\t\t\t\t<div class=\"elementor-element elementor-element-5909d8c elementor-widget elementor-widget-heading\" data-id=\"5909d8c\" data-element_type=\"widget\" data-widget_type=\"heading.default\">\n\t\t\t\t<div class=\"elementor-widget-container\">\n\t\t\t<h2 class=\"elementor-heading-title elementor-size-default\"><a href=\"#elementor-action%3Aaction%3Dpopup%3Aopen%26settings%3DeyJpZCI6IjE2NzcxIiwidG9nZ2xlIjpmYWxzZX0%3D\">Visita el Museo Micol\u00f3gico de Rabanales de Aliste  <\/a><\/h2>\t\t<\/div>\n\t\t\t\t<\/div>\n\t\t\t\t<div class=\"elementor-element elementor-element-ca13ad9 elementor-widget elementor-widget-text-editor\" data-id=\"ca13ad9\" data-element_type=\"widget\" data-widget_type=\"text-editor.default\">\n\t\t\t\t<div class=\"elementor-widget-container\">\n\t\t\t\t\t\t\t<p style=\"text-align: center;\"><strong><span style=\"color: #ffffff;\">Visita el Museo Micol\u00f3gico de Rabanales y disfruta de talleres, cursos de micolog\u00eda y salidas al campo.<\/span><\/strong><\/p>\t\t\t\t\t\t<\/div>\n\t\t\t\t<\/div>\n\t\t\t\t\t<\/div>\n\t\t<\/div>\n\t\t\t\t\t<\/div>\n\t\t<\/section>\n\t\t\t\t\t<\/div>\n\t\t<\/div>\n\t\t\t\t<div class=\"elementor-column elementor-col-33 elementor-top-column elementor-element elementor-element-a145f62\" data-id=\"a145f62\" data-element_type=\"column\" data-settings=\"{&quot;background_background&quot;:&quot;classic&quot;}\">\n\t\t\t<div class=\"elementor-widget-wrap elementor-element-populated\">\n\t\t\t\t\t<div class=\"elementor-background-overlay\"><\/div>\n\t\t\t\t\t\t<section class=\"elementor-section elementor-inner-section elementor-element elementor-element-9b046e6 elementor-section-height-min-height elementor-section-content-middle elementor-section-boxed elementor-section-height-default\" data-id=\"9b046e6\" data-element_type=\"section\">\n\t\t\t\t\t\t<div class=\"elementor-container elementor-column-gap-default\">\n\t\t\t\t\t<div class=\"elementor-column elementor-col-100 elementor-inner-column elementor-element elementor-element-23a8ddf\" data-id=\"23a8ddf\" data-element_type=\"column\">\n\t\t\t<div class=\"elementor-widget-wrap elementor-element-populated\">\n\t\t\t\t\t\t<div class=\"elementor-element elementor-element-3bce5e2 elementor-widget elementor-widget-heading\" data-id=\"3bce5e2\" data-element_type=\"widget\" data-widget_type=\"heading.default\">\n\t\t\t\t<div class=\"elementor-widget-container\">\n\t\t\t<h2 class=\"elementor-heading-title elementor-size-default\"><a href=\"#elementor-action%3Aaction%3Dpopup%3Aopen%26settings%3DeyJpZCI6IjE3MDM5IiwidG9nZ2xlIjpmYWxzZX0%3D\">Visita guiada Queser\u00eda Laudrus<\/a><\/h2>\t\t<\/div>\n\t\t\t\t<\/div>\n\t\t\t\t<div class=\"elementor-element elementor-element-11d2688 elementor-widget elementor-widget-text-editor\" data-id=\"11d2688\" data-element_type=\"widget\" data-widget_type=\"text-editor.default\">\n\t\t\t\t<div class=\"elementor-widget-container\">\n\t\t\t\t\t\t\t<p style=\"text-align: center;\"><span style=\"font-size: 15px; font-style: normal; font-weight: bold;\">Visita guiada a la queser\u00eda artesana Laurus, con cata y degustaci\u00f3n.\u00a0<\/span><\/p>\t\t\t\t\t\t<\/div>\n\t\t\t\t<\/div>\n\t\t\t\t\t<\/div>\n\t\t<\/div>\n\t\t\t\t\t<\/div>\n\t\t<\/section>\n\t\t\t\t\t<\/div>\n\t\t<\/div>\n\t\t\t\t<div class=\"elementor-column elementor-col-33 elementor-top-column elementor-element elementor-element-57be118\" data-id=\"57be118\" data-element_type=\"column\" data-settings=\"{&quot;background_background&quot;:&quot;classic&quot;}\">\n\t\t\t<div class=\"elementor-widget-wrap elementor-element-populated\">\n\t\t\t\t\t<div class=\"elementor-background-overlay\"><\/div>\n\t\t\t\t\t\t<section class=\"elementor-section elementor-inner-section elementor-element elementor-element-242130e elementor-section-height-min-height elementor-section-content-middle elementor-section-boxed elementor-section-height-default\" data-id=\"242130e\" data-element_type=\"section\">\n\t\t\t\t\t\t<div class=\"elementor-container elementor-column-gap-default\">\n\t\t\t\t\t<div class=\"elementor-column elementor-col-100 elementor-inner-column elementor-element elementor-element-488c408\" data-id=\"488c408\" data-element_type=\"column\">\n\t\t\t<div class=\"elementor-widget-wrap elementor-element-populated\">\n\t\t\t\t\t\t<div class=\"elementor-element elementor-element-92d13ab elementor-widget elementor-widget-heading\" data-id=\"92d13ab\" data-element_type=\"widget\" data-widget_type=\"heading.default\">\n\t\t\t\t<div class=\"elementor-widget-container\">\n\t\t\t<h2 class=\"elementor-heading-title elementor-size-default\"><a href=\"#elementor-action%3Aaction%3Dpopup%3Aopen%26settings%3DeyJpZCI6IjE4MjM5IiwidG9nZ2xlIjpmYWxzZX0%3D\">Quesoturismo de Queser\u00eda La Antigua<\/a><\/h2>\t\t<\/div>\n\t\t\t\t<\/div>\n\t\t\t\t<div class=\"elementor-element elementor-element-0713cd5 elementor-widget elementor-widget-text-editor\" data-id=\"0713cd5\" data-element_type=\"widget\" data-widget_type=\"text-editor.default\">\n\t\t\t\t<div class=\"elementor-widget-container\">\n\t\t\t\t\t\t\t<p style=\"text-align: center;\"><span style=\"color: #ffffff;\"><b>Una experiencia inolvidable para conocer Queser\u00eda La Antigua y descubrir cada detalle sobre la elaboraci\u00f3n del queso de oveja.\u00a0<\/b><\/span><\/p>\t\t\t\t\t\t<\/div>\n\t\t\t\t<\/div>\n\t\t\t\t\t<\/div>\n\t\t<\/div>\n\t\t\t\t\t<\/div>\n\t\t<\/section>\n\t\t\t\t\t<\/div>\n\t\t<\/div>\n\t\t\t\t\t<\/div>\n\t\t<\/section>\n\t\t\t\t<section class=\"elementor-section elementor-top-section elementor-element elementor-element-17d4006 elementor-section-height-min-height elementor-section-boxed elementor-section-height-default elementor-section-items-middle\" data-id=\"17d4006\" data-element_type=\"section\">\n\t\t\t\t\t\t<div class=\"elementor-container elementor-column-gap-default\">\n\t\t\t\t\t<div class=\"elementor-column elementor-col-33 elementor-top-column elementor-element elementor-element-ee0036a\" data-id=\"ee0036a\" data-element_type=\"column\" data-settings=\"{&quot;background_background&quot;:&quot;classic&quot;}\">\n\t\t\t<div class=\"elementor-widget-wrap elementor-element-populated\">\n\t\t\t\t\t<div class=\"elementor-background-overlay\"><\/div>\n\t\t\t\t\t\t<section class=\"elementor-section elementor-inner-section elementor-element elementor-element-dae0f27 elementor-section-height-min-height elementor-section-content-middle elementor-section-boxed elementor-section-height-default\" data-id=\"dae0f27\" data-element_type=\"section\">\n\t\t\t\t\t\t<div class=\"elementor-container elementor-column-gap-default\">\n\t\t\t\t\t<div class=\"elementor-column elementor-col-100 elementor-inner-column elementor-element elementor-element-e7966c9\" data-id=\"e7966c9\" data-element_type=\"column\">\n\t\t\t<div class=\"elementor-widget-wrap elementor-element-populated\">\n\t\t\t\t\t\t<div class=\"elementor-element elementor-element-2c2f2ed elementor-widget elementor-widget-heading\" data-id=\"2c2f2ed\" data-element_type=\"widget\" data-widget_type=\"heading.default\">\n\t\t\t\t<div class=\"elementor-widget-container\">\n\t\t\t<h2 class=\"elementor-heading-title elementor-size-default\"><a href=\"#elementor-action%3Aaction%3Dpopup%3Aopen%26settings%3DeyJpZCI6IjIxMzI4IiwidG9nZ2xlIjpmYWxzZX0%3D\">Oleo Turismo<\/a><\/h2>\t\t<\/div>\n\t\t\t\t<\/div>\n\t\t\t\t<div class=\"elementor-element elementor-element-f20a622 elementor-widget elementor-widget-text-editor\" data-id=\"f20a622\" data-element_type=\"widget\" data-widget_type=\"text-editor.default\">\n\t\t\t\t<div class=\"elementor-widget-container\">\n\t\t\t\t\t\t\t<p>DESCUBRE EL MUNDO DEL ACEITE EN UNA EXPERIENCIA UNICA QUE TE ADENTRAR\u00c1 EN LA CULTURA DEL OLIVO Y EL ANTIGUO PROCESO DE ELABORACION DEL ACEITE DE OLIVA.<\/p>\t\t\t\t\t\t<\/div>\n\t\t\t\t<\/div>\n\t\t\t\t\t<\/div>\n\t\t<\/div>\n\t\t\t\t\t<\/div>\n\t\t<\/section>\n\t\t\t\t\t<\/div>\n\t\t<\/div>\n\t\t\t\t<div class=\"elementor-column elementor-col-33 elementor-top-column elementor-element elementor-element-3fc9e5d\" data-id=\"3fc9e5d\" data-element_type=\"column\" data-settings=\"{&quot;background_background&quot;:&quot;classic&quot;}\">\n\t\t\t<div class=\"elementor-widget-wrap elementor-element-populated\">\n\t\t\t\t\t<div class=\"elementor-background-overlay\"><\/div>\n\t\t\t\t\t\t<section class=\"elementor-section elementor-inner-section elementor-element elementor-element-85b5b56 elementor-section-height-min-height elementor-section-content-middle elementor-section-boxed elementor-section-height-default\" data-id=\"85b5b56\" data-element_type=\"section\">\n\t\t\t\t\t\t<div class=\"elementor-container elementor-column-gap-default\">\n\t\t\t\t\t<div class=\"elementor-column elementor-col-100 elementor-inner-column elementor-element elementor-element-5cb6fbc\" data-id=\"5cb6fbc\" data-element_type=\"column\">\n\t\t\t<div class=\"elementor-widget-wrap elementor-element-populated\">\n\t\t\t\t\t\t<div class=\"elementor-element elementor-element-e0e7de7 elementor-widget elementor-widget-heading\" data-id=\"e0e7de7\" data-element_type=\"widget\" data-widget_type=\"heading.default\">\n\t\t\t\t<div class=\"elementor-widget-container\">\n\t\t\t<h2 class=\"elementor-heading-title elementor-size-default\"><a href=\"https:\/\/turismoenzamora.es\/turismo-experiencial\/turismo-de-las-estrellas\/\">Turismo de las Estrellas <\/a><\/h2>\t\t<\/div>\n\t\t\t\t<\/div>\n\t\t\t\t<div class=\"elementor-element elementor-element-410ca1f elementor-widget elementor-widget-text-editor\" data-id=\"410ca1f\" data-element_type=\"widget\" data-widget_type=\"text-editor.default\">\n\t\t\t\t<div class=\"elementor-widget-container\">\n\t\t\t\t\t\t\t<p>En el Observatorio Astron\u00f3mico de Sobradillo, vivir\u00e1s una experiencia m\u00e1gica bajo las estrellas. Guiado por un experto, explorar\u00e1s constelaciones y planetas con la ayuda de un potente telescopio. Adem\u00e1s, disfrutar\u00e1s de charlas astron\u00f3micas y de un entorno natural \u00fanico, que har\u00e1 de esta aventura nocturna algo inolvidable.<\/p>\t\t\t\t\t\t<\/div>\n\t\t\t\t<\/div>\n\t\t\t\t\t<\/div>\n\t\t<\/div>\n\t\t\t\t\t<\/div>\n\t\t<\/section>\n\t\t\t\t\t<\/div>\n\t\t<\/div>\n\t\t\t\t<div class=\"elementor-column elementor-col-33 elementor-top-column elementor-element elementor-element-b841f3f\" data-id=\"b841f3f\" data-element_type=\"column\" data-settings=\"{&quot;background_background&quot;:&quot;classic&quot;}\">\n\t\t\t<div class=\"elementor-widget-wrap elementor-element-populated\">\n\t\t\t\t\t<div class=\"elementor-background-overlay\"><\/div>\n\t\t\t\t\t\t<section class=\"elementor-section elementor-inner-section elementor-element elementor-element-825ca61 elementor-section-height-min-height elementor-section-content-middle elementor-section-boxed elementor-section-height-default\" data-id=\"825ca61\" data-element_type=\"section\">\n\t\t\t\t\t\t<div class=\"elementor-container elementor-column-gap-default\">\n\t\t\t\t\t<div class=\"elementor-column elementor-col-100 elementor-inner-column elementor-element elementor-element-1f9b804\" data-id=\"1f9b804\" data-element_type=\"column\">\n\t\t\t<div class=\"elementor-widget-wrap elementor-element-populated\">\n\t\t\t\t\t\t<div class=\"elementor-element elementor-element-e78c28f elementor-widget elementor-widget-heading\" data-id=\"e78c28f\" data-element_type=\"widget\" data-widget_type=\"heading.default\">\n\t\t\t\t<div class=\"elementor-widget-container\">\n\t\t\t<h2 class=\"elementor-heading-title elementor-size-default\"><a href=\"#elementor-action%3Aaction%3Dpopup%3Aopen%26settings%3DeyJpZCI6IjIzNjIxIiwidG9nZ2xlIjpmYWxzZX0%3D\">El Bosque de Hel\u00ed \/ Las Experiencias Tengoabeas<\/a><\/h2>\t\t<\/div>\n\t\t\t\t<\/div>\n\t\t\t\t<div class=\"elementor-element elementor-element-e046fa3 elementor-widget elementor-widget-text-editor\" data-id=\"e046fa3\" data-element_type=\"widget\" data-widget_type=\"text-editor.default\">\n\t\t\t\t<div class=\"elementor-widget-container\">\n\t\t\t\t\t\t\t<p>La experiencia tiene lugar en el municipio de Bermillo de Sayago, y consiste en una visita guiada a un colmenar did\u00e1ctico para conocerlo todo sobre el apasionante mundo de las abejas. Comienza la visita en el <span style=\"color: #3366ff;\"><a style=\"color: #3366ff;\" href=\"https:\/\/www.google.com\/maps\/place\/El+Bosque+de+Hel%C3%AD\/@41.367894,-6.1118247,17z\/data=!3m1!4b1!4m6!3m5!1s0xd3941c8311323a9:0x6521d13ede7cc883!8m2!3d41.367894!4d-6.1092498!16s%2Fg%2F11y31mxkzv?entry=ttu&amp;g_ep=EgoyMDI1MTAyNi4wIKXMDSoASAFQAw%3D%3D\">punto de encuentro<\/a><\/span>, donde se explica a las personas todo lo necesario para poder realizar la experiencia de forma segura\u00a0<\/p>\t\t\t\t\t\t<\/div>\n\t\t\t\t<\/div>\n\t\t\t\t\t<\/div>\n\t\t<\/div>\n\t\t\t\t\t<\/div>\n\t\t<\/section>\n\t\t\t\t\t<\/div>\n\t\t<\/div>\n\t\t\t\t\t<\/div>\n\t\t<\/section>\n\t\t\t\t<section class=\"elementor-section elementor-top-section elementor-element elementor-element-098191f elementor-section-height-min-height elementor-section-boxed elementor-section-height-default elementor-section-items-middle\" data-id=\"098191f\" data-element_type=\"section\">\n\t\t\t\t\t\t<div class=\"elementor-container elementor-column-gap-default\">\n\t\t\t\t\t<div class=\"elementor-column elementor-col-100 elementor-top-column elementor-element elementor-element-054158f\" data-id=\"054158f\" data-element_type=\"column\">\n\t\t\t<div class=\"elementor-widget-wrap\">\n\t\t\t\t\t\t\t<\/div>\n\t\t<\/div>\n\t\t\t\t\t<\/div>\n\t\t<\/section>\n\t\t\t\t<\/div>\n\t\t","protected":false},"excerpt":{"rendered":"<p>Experiencia Cer\u00e1mica \u2018Naturalenta\u2018 NATURALENTA es una e [&hellip;]<\/p>\n","protected":false},"author":1,"featured_media":0,"parent":0,"menu_order":0,"comment_status":"closed","ping_status":"closed","template":"","meta":{"inline_featured_image":false,"site-sidebar-layout":"no-sidebar","site-content-layout":"page-builder","ast-site-content-layout":"","site-content-style":"default","site-sidebar-style":"default","ast-global-header-display":"","ast-banner-title-visibility":"","ast-main-header-display":"","ast-hfb-above-header-display":"","ast-hfb-below-header-display":"","ast-hfb-mobile-header-display":"","site-post-title":"disabled","ast-breadcrumbs-content":"","ast-featured-img":"disabled","footer-sml-layout":"","theme-transparent-header-meta":"","adv-header-id-meta":"","stick-header-meta":"","header-above-stick-meta":"","header-main-stick-meta":"","header-below-stick-meta":"","astra-migrate-meta-layouts":"default","ast-page-background-enabled":"default","ast-page-background-meta":{"desktop":{"background-color":"","background-image":"","background-repeat":"repeat","background-position":"center center","background-size":"auto","background-attachment":"scroll","background-type":"","background-media":"","overlay-type":"","overlay-color":"","overlay-opacity":"","overlay-gradient":""},"tablet":{"background-color":"","background-image":"","background-repeat":"repeat","background-position":"center center","background-size":"auto","background-attachment":"scroll","background-type":"","background-media":"","overlay-type":"","overlay-color":"","overlay-opacity":"","overlay-gradient":""},"mobile":{"background-color":"","background-image":"","background-repeat":"repeat","background-position":"center center","background-size":"auto","background-attachment":"scroll","background-type":"","background-media":"","overlay-type":"","overlay-color":"","overlay-opacity":"","overlay-gradient":""}},"ast-content-background-meta":{"desktop":{"background-color":"var(--ast-global-color-5)","background-image":"","background-repeat":"repeat","background-position":"center center","background-size":"auto","background-attachment":"scroll","background-type":"","background-media":"","overlay-type":"","overlay-color":"","overlay-opacity":"","overlay-gradient":""},"tablet":{"background-color":"var(--ast-global-color-5)","background-image":"","background-repeat":"repeat","background-position":"center center","background-size":"auto","background-attachment":"scroll","background-type":"","background-media":"","overlay-type":"","overlay-color":"","overlay-opacity":"","overlay-gradient":""},"mobile":{"background-color":"var(--ast-global-color-5)","background-image":"","background-repeat":"repeat","background-position":"center center","background-size":"auto","background-attachment":"scroll","background-type":"","background-media":"","overlay-type":"","overlay-color":"","overlay-opacity":"","overlay-gradient":""}},"ngg_post_thumbnail":0,"footnotes":""},"yoast_head":"<!-- This site is optimized with the Yoast SEO plugin v23.0 - https:\/\/yoast.com\/wordpress\/plugins\/seo\/ -->\n<title>Turismo de Zamora , Turismo Sostenible<\/title>\n<meta name=\"description\" content=\"Esta es la p\u00e1gina Oficial de Turismo de Diputaci\u00f3n de Zamora, donde podr\u00e1 encontrar toda la informaci\u00f3n para disfrutar al m\u00e1ximo de nuestra provincia.\" \/>\n<meta name=\"robots\" content=\"index, follow, max-snippet:-1, max-image-preview:large, max-video-preview:-1\" \/>\n<link rel=\"canonical\" href=\"https:\/\/turismoenzamora.es\/turismo-familiar-2\/\" \/>\n<meta property=\"og:locale\" content=\"zh_CN\" \/>\n<meta property=\"og:type\" content=\"article\" \/>\n<meta property=\"og:title\" content=\"Turismo de Zamora , Turismo Sostenible\" \/>\n<meta property=\"og:description\" content=\"Esta es la p\u00e1gina Oficial de Turismo de Diputaci\u00f3n de Zamora, donde podr\u00e1 encontrar toda la informaci\u00f3n para disfrutar al m\u00e1ximo de nuestra provincia.\" \/>\n<meta property=\"og:url\" content=\"https:\/\/turismoenzamora.es\/turismo-familiar-2\/\" \/>\n<meta property=\"og:site_name\" content=\"(Espa\u00f1ol) Turismo sostenible. Patronato de Turismo de la Diputaci\u00f3n de Zamora.&quot;Turismo Sostenible&quot;.\" \/>\n<meta property=\"article:publisher\" content=\"https:\/\/www.facebook.com\/ZamoraSpain\/\" \/>\n<meta property=\"article:modified_time\" content=\"2025-12-02T16:14:03+00:00\" \/>\n<meta name=\"twitter:card\" content=\"summary_large_image\" \/>\n<meta name=\"twitter:site\" content=\"@ZamoraSpain\" \/>\n<meta name=\"twitter:label1\" content=\"\u9884\u8ba1\u9605\u8bfb\u65f6\u95f4\" \/>\n\t<meta name=\"twitter:data1\" content=\"3\u5206\" \/>\n<script type=\"application\/ld+json\" class=\"yoast-schema-graph\">{\"@context\":\"https:\/\/schema.org\",\"@graph\":[{\"@type\":\"WebPage\",\"@id\":\"https:\/\/turismoenzamora.es\/turismo-familiar-2\/\",\"url\":\"https:\/\/turismoenzamora.es\/turismo-familiar-2\/\",\"name\":\"Turismo de Zamora , Turismo Sostenible\",\"isPartOf\":{\"@id\":\"https:\/\/turismoenzamora.es\/pt\/#website\"},\"datePublished\":\"2023-02-06T09:39:00+00:00\",\"dateModified\":\"2025-12-02T16:14:03+00:00\",\"description\":\"Esta es la p\u00e1gina Oficial de Turismo de Diputaci\u00f3n de Zamora, donde podr\u00e1 encontrar toda la informaci\u00f3n para disfrutar al m\u00e1ximo de nuestra provincia.\",\"breadcrumb\":{\"@id\":\"https:\/\/turismoenzamora.es\/turismo-familiar-2\/#breadcrumb\"},\"inLanguage\":\"zh-CN\",\"potentialAction\":[{\"@type\":\"ReadAction\",\"target\":[\"https:\/\/turismoenzamora.es\/turismo-familiar-2\/\"]}]},{\"@type\":\"BreadcrumbList\",\"@id\":\"https:\/\/turismoenzamora.es\/turismo-familiar-2\/#breadcrumb\",\"itemListElement\":[{\"@type\":\"ListItem\",\"position\":1,\"name\":\"Portada\",\"item\":\"https:\/\/turismoenzamora.es\/\"},{\"@type\":\"ListItem\",\"position\":2,\"name\":\"Turismo familiar\"}]},{\"@type\":\"WebSite\",\"@id\":\"https:\/\/turismoenzamora.es\/pt\/#website\",\"url\":\"https:\/\/turismoenzamora.es\/pt\/\",\"name\":\"Turismo sostenible. Patronato de Turismo de la Diputaci\u00f3n de Zamora.&quot;Turismo Sostenible&quot;.\",\"description\":\"(Espa\u00f1ol) Turismo sostenible. Patronato de Turismo de la Diputaci\u00f3n de Zamora.&quot;Turismo Sostenible&quot;.\",\"publisher\":{\"@id\":\"https:\/\/turismoenzamora.es\/pt\/#organization\"},\"potentialAction\":[{\"@type\":\"SearchAction\",\"target\":{\"@type\":\"EntryPoint\",\"urlTemplate\":\"https:\/\/turismoenzamora.es\/pt\/?s={search_term_string}\"},\"query-input\":\"required name=search_term_string\"}],\"inLanguage\":\"zh-CN\"},{\"@type\":\"Organization\",\"@id\":\"https:\/\/turismoenzamora.es\/pt\/#organization\",\"name\":\"Patronato de Turismo de la Diputaci\u00f3n de Zamora\",\"url\":\"https:\/\/turismoenzamora.es\/pt\/\",\"logo\":{\"@type\":\"ImageObject\",\"inLanguage\":\"zh-CN\",\"@id\":\"https:\/\/turismoenzamora.es\/pt\/#\/schema\/logo\/image\/\",\"url\":\"https:\/\/turismoenzamora.es\/wp-content\/uploads\/2018\/06\/ZamoraLogo.png\",\"contentUrl\":\"https:\/\/turismoenzamora.es\/wp-content\/uploads\/2018\/06\/ZamoraLogo.png\",\"width\":1276,\"height\":290,\"caption\":\"Patronato de Turismo de la Diputaci\u00f3n de Zamora\"},\"image\":{\"@id\":\"https:\/\/turismoenzamora.es\/pt\/#\/schema\/logo\/image\/\"},\"sameAs\":[\"https:\/\/www.facebook.com\/ZamoraSpain\/\",\"https:\/\/x.com\/ZamoraSpain\",\"https:\/\/www.instagram.com\/turismoenzamora.es\/\",\"https:\/\/www.pinterest.es\/TurismoenZamora\/\",\"https:\/\/www.youtube.com\/channel\/UC2bOyOZ-2cLm-uXlBFYUV9w\"]}]}<\/script>\n<!-- \/ Yoast SEO plugin. -->","yoast_head_json":{"title":"Turismo de Zamora , Turismo Sostenible","description":"Esta es la p\u00e1gina Oficial de Turismo de Diputaci\u00f3n de Zamora, donde podr\u00e1 encontrar toda la informaci\u00f3n para disfrutar al m\u00e1ximo de nuestra provincia.","robots":{"index":"index","follow":"follow","max-snippet":"max-snippet:-1","max-image-preview":"max-image-preview:large","max-video-preview":"max-video-preview:-1"},"canonical":"https:\/\/turismoenzamora.es\/turismo-familiar-2\/","og_locale":"zh_CN","og_type":"article","og_title":"Turismo de Zamora , Turismo Sostenible","og_description":"Esta es la p\u00e1gina Oficial de Turismo de Diputaci\u00f3n de Zamora, donde podr\u00e1 encontrar toda la informaci\u00f3n para disfrutar al m\u00e1ximo de nuestra provincia.","og_url":"https:\/\/turismoenzamora.es\/turismo-familiar-2\/","og_site_name":"(Espa\u00f1ol) Turismo sostenible. Patronato de Turismo de la Diputaci\u00f3n de Zamora.&quot;Turismo Sostenible&quot;.","article_publisher":"https:\/\/www.facebook.com\/ZamoraSpain\/","article_modified_time":"2025-12-02T16:14:03+00:00","twitter_card":"summary_large_image","twitter_site":"@ZamoraSpain","twitter_misc":{"\u9884\u8ba1\u9605\u8bfb\u65f6\u95f4":"3\u5206"},"schema":{"@context":"https:\/\/schema.org","@graph":[{"@type":"WebPage","@id":"https:\/\/turismoenzamora.es\/turismo-familiar-2\/","url":"https:\/\/turismoenzamora.es\/turismo-familiar-2\/","name":"Turismo de Zamora , Turismo Sostenible","isPartOf":{"@id":"https:\/\/turismoenzamora.es\/pt\/#website"},"datePublished":"2023-02-06T09:39:00+00:00","dateModified":"2025-12-02T16:14:03+00:00","description":"Esta es la p\u00e1gina Oficial de Turismo de Diputaci\u00f3n de Zamora, donde podr\u00e1 encontrar toda la informaci\u00f3n para disfrutar al m\u00e1ximo de nuestra provincia.","breadcrumb":{"@id":"https:\/\/turismoenzamora.es\/turismo-familiar-2\/#breadcrumb"},"inLanguage":"zh-CN","potentialAction":[{"@type":"ReadAction","target":["https:\/\/turismoenzamora.es\/turismo-familiar-2\/"]}]},{"@type":"BreadcrumbList","@id":"https:\/\/turismoenzamora.es\/turismo-familiar-2\/#breadcrumb","itemListElement":[{"@type":"ListItem","position":1,"name":"Portada","item":"https:\/\/turismoenzamora.es\/"},{"@type":"ListItem","position":2,"name":"Turismo familiar"}]},{"@type":"WebSite","@id":"https:\/\/turismoenzamora.es\/pt\/#website","url":"https:\/\/turismoenzamora.es\/pt\/","name":"Turismo sostenible. Patronato de Turismo de la Diputaci\u00f3n de Zamora.&quot;Turismo Sostenible&quot;.","description":"(Espa\u00f1ol) Turismo sostenible. Patronato de Turismo de la Diputaci\u00f3n de Zamora.&quot;Turismo Sostenible&quot;.","publisher":{"@id":"https:\/\/turismoenzamora.es\/pt\/#organization"},"potentialAction":[{"@type":"SearchAction","target":{"@type":"EntryPoint","urlTemplate":"https:\/\/turismoenzamora.es\/pt\/?s={search_term_string}"},"query-input":"required name=search_term_string"}],"inLanguage":"zh-CN"},{"@type":"Organization","@id":"https:\/\/turismoenzamora.es\/pt\/#organization","name":"Patronato de Turismo de la Diputaci\u00f3n de Zamora","url":"https:\/\/turismoenzamora.es\/pt\/","logo":{"@type":"ImageObject","inLanguage":"zh-CN","@id":"https:\/\/turismoenzamora.es\/pt\/#\/schema\/logo\/image\/","url":"https:\/\/turismoenzamora.es\/wp-content\/uploads\/2018\/06\/ZamoraLogo.png","contentUrl":"https:\/\/turismoenzamora.es\/wp-content\/uploads\/2018\/06\/ZamoraLogo.png","width":1276,"height":290,"caption":"Patronato de Turismo de la Diputaci\u00f3n de Zamora"},"image":{"@id":"https:\/\/turismoenzamora.es\/pt\/#\/schema\/logo\/image\/"},"sameAs":["https:\/\/www.facebook.com\/ZamoraSpain\/","https:\/\/x.com\/ZamoraSpain","https:\/\/www.instagram.com\/turismoenzamora.es\/","https:\/\/www.pinterest.es\/TurismoenZamora\/","https:\/\/www.youtube.com\/channel\/UC2bOyOZ-2cLm-uXlBFYUV9w"]}]}},"_links":{"self":[{"href":"https:\/\/turismoenzamora.es\/zh\/wp-json\/wp\/v2\/pages\/16734"}],"collection":[{"href":"https:\/\/turismoenzamora.es\/zh\/wp-json\/wp\/v2\/pages"}],"about":[{"href":"https:\/\/turismoenzamora.es\/zh\/wp-json\/wp\/v2\/types\/page"}],"author":[{"embeddable":true,"href":"https:\/\/turismoenzamora.es\/zh\/wp-json\/wp\/v2\/users\/1"}],"replies":[{"embeddable":true,"href":"https:\/\/turismoenzamora.es\/zh\/wp-json\/wp\/v2\/comments?post=16734"}],"version-history":[{"count":0,"href":"https:\/\/turismoenzamora.es\/zh\/wp-json\/wp\/v2\/pages\/16734\/revisions"}],"wp:attachment":[{"href":"https:\/\/turismoenzamora.es\/zh\/wp-json\/wp\/v2\/media?parent=16734"}],"curies":[{"name":"wp","href":"https:\/\/api.w.org\/{rel}","templated":true}]}}