{"id":280,"date":"2017-08-08T07:16:15","date_gmt":"2017-08-08T07:16:15","guid":{"rendered":"https:\/\/newweb.turismoenzamora.es\/?page_id=280"},"modified":"2017-11-20T17:44:20","modified_gmt":"2017-11-20T17:44:20","slug":"ruta-de-los-museos","status":"publish","type":"page","link":"https:\/\/turismoenzamora.es\/pt\/ruta-de-los-museos\/","title":{"rendered":"Rota dos museus"},"content":{"rendered":"<p><\/p>\n<h1>Rota dos museus<\/h1>\n<p>&nbsp;<\/p>\n<p><img fetchpriority=\"high\" decoding=\"async\" class=\" wp-image-687 aligncenter\" src=\"https:\/\/turismoenzamora.es\/wp-content\/uploads\/2017\/08\/museos_1-300x179.jpg\" alt=\"\" width=\"582\" height=\"347\" srcset=\"https:\/\/turismoenzamora.es\/wp-content\/uploads\/2017\/08\/museos_1-300x179.jpg 300w, https:\/\/turismoenzamora.es\/wp-content\/uploads\/2017\/08\/museos_1.jpg 670w\" sizes=\"(max-width: 582px) 100vw, 582px\" \/><\/p>\n<p>Atrav\u00e9s desta rota o visitante, poder\u00e1 conhecer Zamora de forma diferente.<\/p>\n<p><strong><img loading=\"lazy\" decoding=\"async\" class=\"size-full wp-image-691 alignleft\" src=\"https:\/\/turismoenzamora.es\/wp-content\/uploads\/2017\/08\/museos_2.jpg\" alt=\"\" width=\"120\" height=\"120\" \/>Baltasar Lobo \u2013 Castelo Centro de Arte.\u00a0<\/strong>A obra de Cerecinos de Campos pode ser admirada nos jardins do Castelo, no percurso da Liza e no espa\u00e7o conhecido como a Casa dos Gigantes. Um singular cen\u00e1rio para 73 pe\u00e7as de Baltasar Lobo. Ao longo de dois pisos, o Centro de Arte Baltasar Lobo, acolhe parte importante da obra cedida \u00e0 cidade e que inclui desenhos, fotografias, materiais de trabalho e mais de meia centena de obras que o escultor zamorano realizou ao longo da sua vida.<\/p>\n<p>Nascido em Cerecinos de Campos, a 22 de fevereiro de 1910, Baltasar Lobo \u00e9 um dos escultores espanh\u00f3is mais not\u00e1veis do s\u00e9culo XX. Inicia a sua forma\u00e7\u00e3o aos 12 anos quando come\u00e7a a trabalhar num atelier de estatu\u00e1ria de Valladolid. Em Madrid estuda na escola de Belas artes e no C\u00edrculo de Belas Artes. Durante a Guerra Civil Espanhola exilou-se em Fran\u00e7a, recebendo ajuda pessoal de Picasso e Henry Laurens, de quem absorve o interesse pelo curvil\u00edneo que carateriza a sua obra. Ali viveu e realizou toda a sua obra at\u00e9 \u00e0 sua morte, em Paris em 1993.<\/p>\n<p><img decoding=\"async\" class=\"size-medium wp-image-693 alignleft\" src=\"https:\/\/turismoenzamora.es\/wp-content\/uploads\/2017\/08\/museos_3-300x197.jpg\" alt=\"\" width=\"300\" height=\"197\" srcset=\"https:\/\/turismoenzamora.es\/wp-content\/uploads\/2017\/08\/museos_3-300x197.jpg 300w, https:\/\/turismoenzamora.es\/wp-content\/uploads\/2017\/08\/museos_3.jpg 731w\" sizes=\"(max-width: 300px) 100vw, 300px\" \/>O\u00a0<strong>Museu da Catedral<\/strong>, foi inaugurado em 1926 com o objectivo de albergar obras procedentes tanto da Catedral como de outras par\u00f3quias da Diocese e mostr\u00e1-las ao p\u00fablico. O Museu sofreu uma importante remodela\u00e7\u00e3o, aquando da celebra\u00e7\u00e3o das Idades do Homem em 2001. Desde 2005 as visitas realizam-se de forma conjunta ao Museu e \u00e0 Catedral. Alberga um importante esp\u00f3lio como a Virgem com o Menino e S. Jo\u00e3o, em m\u00e1rmore, atribu\u00edda a Ord\u00f3\u00f1ez. Telas de Fernando Gallego. Cobres e c\u00f3pias rafaelescas.<\/p>\n<p>A principal atrac\u00e7\u00e3o do Museu \u00e9 a cole\u00e7\u00e3o de tape\u00e7aria franco-flamenga dos s\u00e9culos XV e XVI, composta por cerca de vinte pe\u00e7as. Pertencem \u00e0s s\u00e9ries La vi\u00f1a e La historia de Alejandro (ambas de Arras, do s\u00e9culo XV), dedicada \u00e0 guerra de Troya, tecidas em Tournai em 1470, e que a S\u00e9 zamorana disp\u00f5e de 4 das 11 telas originais (doadas \u00e0 Catedral zamorana em 1608 pelo sexto Conde de Alba e Aliste e de An\u00edbal, realizada em Bruxelas por volta de 1570 (5 tapetes dos 8 originais). Sobressai o tapete Tarquino Prisco, obra dos atelieres de Tournai, do \u00faltimo ter\u00e7o do s\u00e9culo XV e uma das pe\u00e7as mais importantes, do seu g\u00e9nero, a n\u00edvel mundial.<\/p>\n<p><img loading=\"lazy\" decoding=\"async\" class=\"size-medium wp-image-696 alignleft\" src=\"https:\/\/turismoenzamora.es\/wp-content\/uploads\/2017\/08\/museos_4-300x201.jpg\" alt=\"\" width=\"300\" height=\"201\" srcset=\"https:\/\/turismoenzamora.es\/wp-content\/uploads\/2017\/08\/museos_4-300x201.jpg 300w, https:\/\/turismoenzamora.es\/wp-content\/uploads\/2017\/08\/museos_4.jpg 717w\" sizes=\"(max-width: 300px) 100vw, 300px\" \/>O\u00a0<strong>Museu de Zamora<\/strong>, contempla duas sec\u00e7\u00f5es, Arqueologia e Belas Artes. A primeira, dedicada a um levantamento da hist\u00f3ria da prov\u00edncia, desde o Paleol\u00edtico \u00e0 Idade Moderna; a segunda mostra esp\u00f3lios art\u00edstico-esculturais e principalmente pict\u00f3ricos \u2013 entre o s\u00e9culo XIV e XX; completa o itiner\u00e1rio expositivo uma sala com elementos significativos da evolu\u00e7\u00e3o hist\u00f3rica da pr\u00f3pria cidade de Zamora.<\/p>\n<p>O Museu de Zamora foi criado a partir do confisco eclesi\u00e1stico do s\u00e9culo passado; como consequ\u00eancia, o seu primeiro esp\u00f3lio seriam as pinturas provenientes dos mosteiros suprimidos da prov\u00edncia.<\/p>\n<p>Inaugurado simbolicamente pelo rei D. Afonso XII em 1877, a sua abertura n\u00e3o foi uma realidade at\u00e9 1911, quando passou a ocupar a igreja do convento Las Marinas. Mas a demoli\u00e7\u00e3o deste em 1975 obrigou o museu a uma for\u00e7ada suspens\u00e3o, com o esp\u00f3lio guardado num improvisado armaz\u00e9m da igreja do Hospital da Encarna\u00e7\u00e3o.<br \/>\nConta com uma sec\u00e7\u00e3o de arqueologia, outra de Belas Artes e a Sala da Cidade (aproxima\u00e7\u00e3o \u00e0 hist\u00f3ria da capital zamorana, atrav\u00e9s de elementos arquitet\u00f3nicos, escudos, cata-ventos de ferro forjado e fotografias).<\/p>\n<p><img loading=\"lazy\" decoding=\"async\" class=\"size-medium wp-image-695 alignleft\" src=\"https:\/\/turismoenzamora.es\/wp-content\/uploads\/2017\/08\/museos_5-300x182.jpg\" alt=\"\" width=\"300\" height=\"182\" srcset=\"https:\/\/turismoenzamora.es\/wp-content\/uploads\/2017\/08\/museos_5-300x182.jpg 300w, https:\/\/turismoenzamora.es\/wp-content\/uploads\/2017\/08\/museos_5-768x465.jpg 768w, https:\/\/turismoenzamora.es\/wp-content\/uploads\/2017\/08\/museos_5.jpg 853w\" sizes=\"(max-width: 300px) 100vw, 300px\" \/>O\u00a0<a href=\"http:\/\/www.ssantazamora.es\/\"><strong>Museu da Semana Santa<\/strong><\/a>, constituiu ao longo dos anos um elemento imprescind\u00edvel para o conhecimento desta manifesta\u00e7\u00e3o religiosa, pois permite ao visitante n\u00e3o s\u00f3 conhecer atrav\u00e9s das imagens nele expostas as emo\u00e7\u00f5es dos rituais, mas tamb\u00e9m reviv\u00ea-los..<\/p>\n<p>Vai mais al\u00e9m de ser uma manifesta\u00e7\u00e3o do sentimento religioso, motivo pelo qual nos anos 60, perante a ineg\u00e1vel necessidade de contar com um lugar destinado \u00e0 conserva\u00e7\u00e3o e exibi\u00e7\u00e3o da estatuaria, a Junta Pro Semana Santa criou este Museu.<\/p>\n<p>Vai mais al\u00e9m de ser uma manifesta\u00e7\u00e3o do sentimento religioso, motivo pelo qual nos anos 60, perante a ineg\u00e1vel necessidade de contar com um lugar destinado \u00e0 conserva\u00e7\u00e3o e exibi\u00e7\u00e3o da estatuaria, a Junta Pro Semana Santa criou este Museu.<\/p>\n<p><img loading=\"lazy\" decoding=\"async\" class=\" wp-image-697 alignleft\" src=\"https:\/\/turismoenzamora.es\/wp-content\/uploads\/2017\/08\/museos_6.jpg\" alt=\"\" width=\"214\" height=\"214\" \/>O\u00a0<a href=\"http:\/\/www.museo-etnografico.com\/\"><strong>Museu Etnogr\u00e1fico de Castela e Le\u00e3o<\/strong><\/a>, pretende contribuir para a reflex\u00e3o dos visitantes, sobre aspetos relativos ao indiv\u00edduo, \u00e0 sua vida em comum e \u00e0 sua habilidade para enfrentar os problemas que os rodeiam. O Museu Etnogr\u00e1fico de Castela e Le\u00e3o, proporcionado pela Junta de Castela e Le\u00e3o, surge da necessidade de criar um centro din\u00e2mico que acolha o enorme e variado patrim\u00f3nio popular da Comunidade, servindo ao mesmo tempo para centralizar o estudo e difus\u00e3o das disciplinas cient\u00edficas que se relacionam com o legado etnogr\u00e1fico.<\/p>\n<p>Com essa mesma inten\u00e7\u00e3o a Caja Espa\u00f1a cede uma valios\u00edssima colec\u00e7\u00e3o de 10.000 pe\u00e7as, e Diputaci\u00f3n e C\u00e2mara Municipal de Zamora, cidade na qual a Junta cria um edif\u00edcio para este fim, respondem imediatamente ao prop\u00f3sito original. Actualmente est\u00e1 integrado na Rede de Museus Regional.<\/p>\n<p><img loading=\"lazy\" decoding=\"async\" class=\"size-medium wp-image-698 alignleft\" src=\"https:\/\/turismoenzamora.es\/wp-content\/uploads\/2017\/08\/museos_7-300x203.jpg\" alt=\"\" width=\"300\" height=\"203\" srcset=\"https:\/\/turismoenzamora.es\/wp-content\/uploads\/2017\/08\/museos_7-300x203.jpg 300w, https:\/\/turismoenzamora.es\/wp-content\/uploads\/2017\/08\/museos_7-768x519.jpg 768w, https:\/\/turismoenzamora.es\/wp-content\/uploads\/2017\/08\/museos_7.jpg 980w\" sizes=\"(max-width: 300px) 100vw, 300px\" \/>O\u00a0<strong>\u00a0\u00a0Museu Diocesano de Zamora<\/strong>, inaugurado em Julho de 2012, est\u00e1 situado na igreja rom\u00e2nica de S\u00e3o Tom\u00e9. Nele a Diocese de Zamora difunde, com car\u00e1cter did\u00e1ctico os conte\u00fados mais importantes da f\u00e9 cat\u00f3lica com a exposi\u00e7\u00e3o permanente e tempor\u00e1ria de obras destacadas de arte crist\u00e3. O edif\u00edcio cont\u00e9m no seu interior, os harmoniosos capit\u00e9is do princ\u00edpio do s\u00e9culo XII, que representam a Adora\u00e7\u00e3o dos Pastores e a Adora\u00e7\u00e3o dos Reis Magos.<\/p>\n<p>O Museu Diocesano de Zamora disp\u00f5e de guias \u00e1udio em espanhol, ingl\u00eas e portugu\u00eas, que explicam algumas das obras art\u00edsticas expostas, assim como de publica\u00e7\u00f5es e produtos relacionados com os seus conte\u00fados.<\/p>","protected":false},"excerpt":{"rendered":"<p>Rota dos museus &nbsp; Atrav\u00e9s desta rota o visitante, poder\u00e1 conhecer Zamora de forma diferente. Baltasar Lobo \u2013 Castelo Centro de Arte.\u00a0A obra de Cerecinos de Campos pode ser admirada nos jardins do Castelo, no percurso da Liza e no espa\u00e7o conhecido como a Casa dos Gigantes. Um singular cen\u00e1rio para 73 pe\u00e7as de Baltasar [&hellip;]<\/p>\n","protected":false},"author":1,"featured_media":0,"parent":0,"menu_order":0,"comment_status":"closed","ping_status":"closed","template":"","meta":{"inline_featured_image":false,"site-sidebar-layout":"default","site-content-layout":"","ast-site-content-layout":"","site-content-style":"default","site-sidebar-style":"default","ast-global-header-display":"","ast-banner-title-visibility":"","ast-main-header-display":"","ast-hfb-above-header-display":"","ast-hfb-below-header-display":"","ast-hfb-mobile-header-display":"","site-post-title":"","ast-breadcrumbs-content":"","ast-featured-img":"","footer-sml-layout":"","theme-transparent-header-meta":"","adv-header-id-meta":"","stick-header-meta":"","header-above-stick-meta":"","header-main-stick-meta":"","header-below-stick-meta":"","astra-migrate-meta-layouts":"default","ast-page-background-enabled":"default","ast-page-background-meta":{"desktop":{"background-color":"","background-image":"","background-repeat":"repeat","background-position":"center center","background-size":"auto","background-attachment":"scroll","background-type":"","background-media":"","overlay-type":"","overlay-color":"","overlay-opacity":"","overlay-gradient":""},"tablet":{"background-color":"","background-image":"","background-repeat":"repeat","background-position":"center center","background-size":"auto","background-attachment":"scroll","background-type":"","background-media":"","overlay-type":"","overlay-color":"","overlay-opacity":"","overlay-gradient":""},"mobile":{"background-color":"","background-image":"","background-repeat":"repeat","background-position":"center center","background-size":"auto","background-attachment":"scroll","background-type":"","background-media":"","overlay-type":"","overlay-color":"","overlay-opacity":"","overlay-gradient":""}},"ast-content-background-meta":{"desktop":{"background-color":"var(--ast-global-color-5)","background-image":"","background-repeat":"repeat","background-position":"center center","background-size":"auto","background-attachment":"scroll","background-type":"","background-media":"","overlay-type":"","overlay-color":"","overlay-opacity":"","overlay-gradient":""},"tablet":{"background-color":"var(--ast-global-color-5)","background-image":"","background-repeat":"repeat","background-position":"center center","background-size":"auto","background-attachment":"scroll","background-type":"","background-media":"","overlay-type":"","overlay-color":"","overlay-opacity":"","overlay-gradient":""},"mobile":{"background-color":"var(--ast-global-color-5)","background-image":"","background-repeat":"repeat","background-position":"center center","background-size":"auto","background-attachment":"scroll","background-type":"","background-media":"","overlay-type":"","overlay-color":"","overlay-opacity":"","overlay-gradient":""}},"ngg_post_thumbnail":0,"footnotes":""},"yoast_head":"<!-- This site is optimized with the Yoast SEO plugin v23.0 - https:\/\/yoast.com\/wordpress\/plugins\/seo\/ -->\n<title>Turismo de Zamora , Turismo Sostenible<\/title>\n<meta name=\"description\" content=\"Esta es la p\u00e1gina Oficial de Turismo de Diputaci\u00f3n de Zamora, donde podr\u00e1 encontrar toda la informaci\u00f3n para disfrutar al m\u00e1ximo de nuestra provincia.\" \/>\n<meta name=\"robots\" content=\"index, follow, max-snippet:-1, max-image-preview:large, max-video-preview:-1\" \/>\n<link rel=\"canonical\" href=\"https:\/\/turismoenzamora.es\/en\/ruta-de-los-museos\/\" \/>\n<meta property=\"og:locale\" content=\"pt_PT\" \/>\n<meta property=\"og:type\" content=\"article\" \/>\n<meta property=\"og:title\" content=\"Turismo de Zamora , Turismo Sostenible\" \/>\n<meta property=\"og:description\" content=\"Esta es la p\u00e1gina Oficial de Turismo de Diputaci\u00f3n de Zamora, donde podr\u00e1 encontrar toda la informaci\u00f3n para disfrutar al m\u00e1ximo de nuestra provincia.\" \/>\n<meta property=\"og:url\" content=\"https:\/\/turismoenzamora.es\/en\/ruta-de-los-museos\/\" \/>\n<meta property=\"og:site_name\" content=\"Turismo em Zamora\" \/>\n<meta property=\"article:publisher\" content=\"https:\/\/www.facebook.com\/ZamoraSpain\/\" \/>\n<meta property=\"article:modified_time\" content=\"2017-11-20T17:44:20+00:00\" \/>\n<meta property=\"og:image\" content=\"https:\/\/turismoenzamora.es\/wp-content\/uploads\/2017\/08\/museos_1-300x179.jpg\" \/>\n<meta name=\"twitter:card\" content=\"summary_large_image\" \/>\n<meta name=\"twitter:site\" content=\"@ZamoraSpain\" \/>\n<meta name=\"twitter:label1\" content=\"Tempo estimado de leitura\" \/>\n\t<meta name=\"twitter:data1\" content=\"26 minutos\" \/>\n<script type=\"application\/ld+json\" class=\"yoast-schema-graph\">{\"@context\":\"https:\/\/schema.org\",\"@graph\":[{\"@type\":\"WebPage\",\"@id\":\"https:\/\/turismoenzamora.es\/en\/ruta-de-los-museos\/\",\"url\":\"https:\/\/turismoenzamora.es\/en\/ruta-de-los-museos\/\",\"name\":\"Turismo de Zamora , Turismo Sostenible\",\"isPartOf\":{\"@id\":\"https:\/\/turismoenzamora.es\/pt\/#website\"},\"primaryImageOfPage\":{\"@id\":\"https:\/\/turismoenzamora.es\/en\/ruta-de-los-museos\/#primaryimage\"},\"image\":{\"@id\":\"https:\/\/turismoenzamora.es\/en\/ruta-de-los-museos\/#primaryimage\"},\"thumbnailUrl\":\"https:\/\/turismoenzamora.es\/wp-content\/uploads\/2017\/08\/museos_1-300x179.jpg\",\"datePublished\":\"2017-08-08T07:16:15+00:00\",\"dateModified\":\"2017-11-20T17:44:20+00:00\",\"description\":\"Esta es la p\u00e1gina Oficial de Turismo de Diputaci\u00f3n de Zamora, donde podr\u00e1 encontrar toda la informaci\u00f3n para disfrutar al m\u00e1ximo de nuestra provincia.\",\"breadcrumb\":{\"@id\":\"https:\/\/turismoenzamora.es\/en\/ruta-de-los-museos\/#breadcrumb\"},\"inLanguage\":\"pt-PT\",\"potentialAction\":[{\"@type\":\"ReadAction\",\"target\":[\"https:\/\/turismoenzamora.es\/en\/ruta-de-los-museos\/\"]}]},{\"@type\":\"ImageObject\",\"inLanguage\":\"pt-PT\",\"@id\":\"https:\/\/turismoenzamora.es\/en\/ruta-de-los-museos\/#primaryimage\",\"url\":\"https:\/\/turismoenzamora.es\/wp-content\/uploads\/2017\/08\/museos_1-300x179.jpg\",\"contentUrl\":\"https:\/\/turismoenzamora.es\/wp-content\/uploads\/2017\/08\/museos_1-300x179.jpg\"},{\"@type\":\"BreadcrumbList\",\"@id\":\"https:\/\/turismoenzamora.es\/en\/ruta-de-los-museos\/#breadcrumb\",\"itemListElement\":[{\"@type\":\"ListItem\",\"position\":1,\"name\":\"Portada\",\"item\":\"https:\/\/turismoenzamora.es\/\"},{\"@type\":\"ListItem\",\"position\":2,\"name\":\"Museum Route\"}]},{\"@type\":\"WebSite\",\"@id\":\"https:\/\/turismoenzamora.es\/pt\/#website\",\"url\":\"https:\/\/turismoenzamora.es\/pt\/\",\"name\":\"Turismo sostenible. Patronato de Turismo de la Diputaci\u00f3n de Zamora.&quot;Turismo Sostenible&quot;.\",\"description\":\"Turismo Sustent\u00e1vel Posto de Turismo da Diputaci\u00f3n de Zamora\",\"publisher\":{\"@id\":\"https:\/\/turismoenzamora.es\/pt\/#organization\"},\"potentialAction\":[{\"@type\":\"SearchAction\",\"target\":{\"@type\":\"EntryPoint\",\"urlTemplate\":\"https:\/\/turismoenzamora.es\/pt\/?s={search_term_string}\"},\"query-input\":\"required name=search_term_string\"}],\"inLanguage\":\"pt-PT\"},{\"@type\":\"Organization\",\"@id\":\"https:\/\/turismoenzamora.es\/pt\/#organization\",\"name\":\"Patronato de Turismo de la Diputaci\u00f3n de Zamora\",\"url\":\"https:\/\/turismoenzamora.es\/pt\/\",\"logo\":{\"@type\":\"ImageObject\",\"inLanguage\":\"pt-PT\",\"@id\":\"https:\/\/turismoenzamora.es\/pt\/#\/schema\/logo\/image\/\",\"url\":\"https:\/\/turismoenzamora.es\/wp-content\/uploads\/2018\/06\/ZamoraLogo.png\",\"contentUrl\":\"https:\/\/turismoenzamora.es\/wp-content\/uploads\/2018\/06\/ZamoraLogo.png\",\"width\":1276,\"height\":290,\"caption\":\"Patronato de Turismo de la Diputaci\u00f3n de Zamora\"},\"image\":{\"@id\":\"https:\/\/turismoenzamora.es\/pt\/#\/schema\/logo\/image\/\"},\"sameAs\":[\"https:\/\/www.facebook.com\/ZamoraSpain\/\",\"https:\/\/x.com\/ZamoraSpain\",\"https:\/\/www.instagram.com\/turismoenzamora.es\/\",\"https:\/\/www.pinterest.es\/TurismoenZamora\/\",\"https:\/\/www.youtube.com\/channel\/UC2bOyOZ-2cLm-uXlBFYUV9w\"]}]}<\/script>\n<!-- \/ Yoast SEO plugin. -->","yoast_head_json":{"title":"Turismo de Zamora , Turismo Sostenible","description":"Esta es la p\u00e1gina Oficial de Turismo de Diputaci\u00f3n de Zamora, donde podr\u00e1 encontrar toda la informaci\u00f3n para disfrutar al m\u00e1ximo de nuestra provincia.","robots":{"index":"index","follow":"follow","max-snippet":"max-snippet:-1","max-image-preview":"max-image-preview:large","max-video-preview":"max-video-preview:-1"},"canonical":"https:\/\/turismoenzamora.es\/en\/ruta-de-los-museos\/","og_locale":"pt_PT","og_type":"article","og_title":"Turismo de Zamora , Turismo Sostenible","og_description":"Esta es la p\u00e1gina Oficial de Turismo de Diputaci\u00f3n de Zamora, donde podr\u00e1 encontrar toda la informaci\u00f3n para disfrutar al m\u00e1ximo de nuestra provincia.","og_url":"https:\/\/turismoenzamora.es\/en\/ruta-de-los-museos\/","og_site_name":"Turismo em Zamora","article_publisher":"https:\/\/www.facebook.com\/ZamoraSpain\/","article_modified_time":"2017-11-20T17:44:20+00:00","og_image":[{"url":"https:\/\/turismoenzamora.es\/wp-content\/uploads\/2017\/08\/museos_1-300x179.jpg"}],"twitter_card":"summary_large_image","twitter_site":"@ZamoraSpain","twitter_misc":{"Tempo estimado de leitura":"26 minutos"},"schema":{"@context":"https:\/\/schema.org","@graph":[{"@type":"WebPage","@id":"https:\/\/turismoenzamora.es\/en\/ruta-de-los-museos\/","url":"https:\/\/turismoenzamora.es\/en\/ruta-de-los-museos\/","name":"Turismo de Zamora , Turismo Sostenible","isPartOf":{"@id":"https:\/\/turismoenzamora.es\/pt\/#website"},"primaryImageOfPage":{"@id":"https:\/\/turismoenzamora.es\/en\/ruta-de-los-museos\/#primaryimage"},"image":{"@id":"https:\/\/turismoenzamora.es\/en\/ruta-de-los-museos\/#primaryimage"},"thumbnailUrl":"https:\/\/turismoenzamora.es\/wp-content\/uploads\/2017\/08\/museos_1-300x179.jpg","datePublished":"2017-08-08T07:16:15+00:00","dateModified":"2017-11-20T17:44:20+00:00","description":"Esta es la p\u00e1gina Oficial de Turismo de Diputaci\u00f3n de Zamora, donde podr\u00e1 encontrar toda la informaci\u00f3n para disfrutar al m\u00e1ximo de nuestra provincia.","breadcrumb":{"@id":"https:\/\/turismoenzamora.es\/en\/ruta-de-los-museos\/#breadcrumb"},"inLanguage":"pt-PT","potentialAction":[{"@type":"ReadAction","target":["https:\/\/turismoenzamora.es\/en\/ruta-de-los-museos\/"]}]},{"@type":"ImageObject","inLanguage":"pt-PT","@id":"https:\/\/turismoenzamora.es\/en\/ruta-de-los-museos\/#primaryimage","url":"https:\/\/turismoenzamora.es\/wp-content\/uploads\/2017\/08\/museos_1-300x179.jpg","contentUrl":"https:\/\/turismoenzamora.es\/wp-content\/uploads\/2017\/08\/museos_1-300x179.jpg"},{"@type":"BreadcrumbList","@id":"https:\/\/turismoenzamora.es\/en\/ruta-de-los-museos\/#breadcrumb","itemListElement":[{"@type":"ListItem","position":1,"name":"Portada","item":"https:\/\/turismoenzamora.es\/"},{"@type":"ListItem","position":2,"name":"Museum Route"}]},{"@type":"WebSite","@id":"https:\/\/turismoenzamora.es\/pt\/#website","url":"https:\/\/turismoenzamora.es\/pt\/","name":"Turismo sostenible. Patronato de Turismo de la Diputaci\u00f3n de Zamora.&quot;Turismo Sostenible&quot;.","description":"Turismo Sustent\u00e1vel Posto de Turismo da Diputaci\u00f3n de Zamora","publisher":{"@id":"https:\/\/turismoenzamora.es\/pt\/#organization"},"potentialAction":[{"@type":"SearchAction","target":{"@type":"EntryPoint","urlTemplate":"https:\/\/turismoenzamora.es\/pt\/?s={search_term_string}"},"query-input":"required name=search_term_string"}],"inLanguage":"pt-PT"},{"@type":"Organization","@id":"https:\/\/turismoenzamora.es\/pt\/#organization","name":"Patronato de Turismo de la Diputaci\u00f3n de Zamora","url":"https:\/\/turismoenzamora.es\/pt\/","logo":{"@type":"ImageObject","inLanguage":"pt-PT","@id":"https:\/\/turismoenzamora.es\/pt\/#\/schema\/logo\/image\/","url":"https:\/\/turismoenzamora.es\/wp-content\/uploads\/2018\/06\/ZamoraLogo.png","contentUrl":"https:\/\/turismoenzamora.es\/wp-content\/uploads\/2018\/06\/ZamoraLogo.png","width":1276,"height":290,"caption":"Patronato de Turismo de la Diputaci\u00f3n de Zamora"},"image":{"@id":"https:\/\/turismoenzamora.es\/pt\/#\/schema\/logo\/image\/"},"sameAs":["https:\/\/www.facebook.com\/ZamoraSpain\/","https:\/\/x.com\/ZamoraSpain","https:\/\/www.instagram.com\/turismoenzamora.es\/","https:\/\/www.pinterest.es\/TurismoenZamora\/","https:\/\/www.youtube.com\/channel\/UC2bOyOZ-2cLm-uXlBFYUV9w"]}]}},"_links":{"self":[{"href":"https:\/\/turismoenzamora.es\/pt\/wp-json\/wp\/v2\/pages\/280"}],"collection":[{"href":"https:\/\/turismoenzamora.es\/pt\/wp-json\/wp\/v2\/pages"}],"about":[{"href":"https:\/\/turismoenzamora.es\/pt\/wp-json\/wp\/v2\/types\/page"}],"author":[{"embeddable":true,"href":"https:\/\/turismoenzamora.es\/pt\/wp-json\/wp\/v2\/users\/1"}],"replies":[{"embeddable":true,"href":"https:\/\/turismoenzamora.es\/pt\/wp-json\/wp\/v2\/comments?post=280"}],"version-history":[{"count":0,"href":"https:\/\/turismoenzamora.es\/pt\/wp-json\/wp\/v2\/pages\/280\/revisions"}],"wp:attachment":[{"href":"https:\/\/turismoenzamora.es\/pt\/wp-json\/wp\/v2\/media?parent=280"}],"curies":[{"name":"wp","href":"https:\/\/api.w.org\/{rel}","templated":true}]}}