{"id":278,"date":"2017-08-08T07:15:40","date_gmt":"2017-08-08T07:15:40","guid":{"rendered":"https:\/\/newweb.turismoenzamora.es\/?page_id=278"},"modified":"2017-11-20T17:39:23","modified_gmt":"2017-11-20T17:39:23","slug":"ruta-del-modernismo","status":"publish","type":"page","link":"https:\/\/turismoenzamora.es\/pt\/ruta-del-modernismo\/","title":{"rendered":"Rota do Modernismo"},"content":{"rendered":"<p><\/p>\n<header>\n<h1 class=\"title\">Rota do Modernismo<\/h1>\n<\/header>\n<div><\/div>\n<p><img fetchpriority=\"high\" decoding=\"async\" class=\" wp-image-682 aligncenter\" src=\"https:\/\/turismoenzamora.es\/wp-content\/uploads\/2017\/08\/modernismo_0-300x179.jpg\" alt=\"\" width=\"550\" height=\"328\" srcset=\"https:\/\/turismoenzamora.es\/wp-content\/uploads\/2017\/08\/modernismo_0-300x179.jpg 300w, https:\/\/turismoenzamora.es\/wp-content\/uploads\/2017\/08\/modernismo_0.jpg 670w\" sizes=\"(max-width: 550px) 100vw, 550px\" \/><\/p>\n<p>Zamora viveu um importante desenvolvimento urban\u00edstico e arquitect\u00f3nico desde os meados do s\u00e9culo XIX, cujo auge foi a etapa do modernismo. O desenvolvimento das comunica\u00e7\u00f5es com a chegada das linhas ferrovi\u00e1rias, o interesse pela expans\u00e3o extramuros depois de autorizada a demoli\u00e7\u00e3o da muralha e o surgimento da ind\u00fastria, especialmente a transformadora, foram os impulsionadores da segunda idade de ouro da arquitectura. Um esplendor no qual colaborou a burguesia que imp\u00f4s as suas formas de vida, autoridades locais conscientes da import\u00e2ncia de melhorar a cidade e arquitectos de elevada qualidade e mestria.<\/p>\n<p>Como consequ\u00eancia, entre 1875 e 1930 elevaram-se in\u00fameros im\u00f3veis ecl\u00e9ticos e hist\u00f3ricos, outros de car\u00e1cter industrial e sobretudo, um not\u00e1vel n\u00famero de edif\u00edcios modernistas, o que permitiu incluir Zamora num exclusivo grupo de munic\u00edpios que formam a Rota Europeia do Modernismo, uma vez que o Modernismo zamorano est\u00e1 ao n\u00edvel do que encontramos nas grandes capitais europeias. Tal como nestas, em Zamora o Modernismo foi marcado por um estilo claramente burgu\u00eas caracterizado por abundantes linhas curvas, pela combina\u00e7\u00e3o de materiais, pelo contraste de cores, pelo distanciamento das propor\u00e7\u00f5es e da simetria e pela prefer\u00eancia pela decora\u00e7\u00e3o animal e vegetal.<\/p>\n<p>Al\u00e9m disso, em Zamora encontram-se as tr\u00eas variantes do Modernismo. Uma foi a mais internacionalista, mais centrada na ornamenta\u00e7\u00e3o e na composi\u00e7\u00e3o do que na cor. Em Zamora, est\u00e3o os exemplos que desenhou Gregorio P\u00e9rez Arribas.<\/p>\n<p>Uma segunda modalidade foi a Sezession, onde abundam as linhas rectas, os p\u00eandulos e os c\u00edrculos. Finalmente est\u00e1 a catal\u00e3, na qual houve mais interesse pela policromia, refer\u00eancia a estilos medievais e grande subtileza nos detalhes.<\/p>\n<p>A import\u00e2ncia desta \u00faltima foi outro dos factores que fez do Modernismo zamorano excepcional, pois \u00e9 das poucas cidades do centro e oeste da Pen\u00ednsula Ib\u00e9rica onde trabalhou um arquitecto plenamente modernista e com t\u00edtulo acad\u00e9mico da Escola de Arquitectura de Barcelona. Trata-se de Francisco Ferriol, disc\u00edpulo e colaborador de Lluis Dom\u00e8nech i Montaner, um dos grandes protagonistas do estilo.<\/p>\n<p>Os edif\u00edcios modernistas zamoranos n\u00e3o s\u00e3o casos isolados num tecido urbano sem interesse, mas em combina\u00e7\u00e3o com outros im\u00f3veis ecl\u00e9ticos e hist\u00f3ricos constituem um extraordin\u00e1rio conjunto arquitect\u00f3nico formado por casas, teatros, centros p\u00fablicos e de recreio, etc.<\/p>\n<p>O \u00faltimo elemento que faz da arquitectura zamorana excepcional, \u00e9 a sua colabora\u00e7\u00e3o na renova\u00e7\u00e3o da cidade hist\u00f3rica. O Modernismo de Zamora n\u00e3o se desenvolveu nem nas prolifera\u00e7\u00f5es da cidade nem em zonas perif\u00e9ricas, mas antes no seu cora\u00e7\u00e3o. Deste modo, os arquitectos modernistas contribu\u00edram para que a velha Zamora, dominada at\u00e9 ent\u00e3o por robustos muros de conventos e antigas casas senhoriais, desse lugar, desde finais do s\u00e9culo XIX, a uma elegante localidade burguesa, de ruas mais ordenadas, de pra\u00e7as acolhedoras e repleta de charmosos edif\u00edcios onde se pode viver.<\/p>\n<h4>Plano de edificios modernistas de zamora<\/h4>\n<p><img decoding=\"async\" class=\"aligncenter wp-image-683\" src=\"https:\/\/turismoenzamora.es\/wp-content\/uploads\/2017\/08\/modernismo_1.png\" alt=\"\" width=\"636\" height=\"398\" srcset=\"https:\/\/turismoenzamora.es\/wp-content\/uploads\/2017\/08\/modernismo_1.png 980w, https:\/\/turismoenzamora.es\/wp-content\/uploads\/2017\/08\/modernismo_1-300x188.png 300w, https:\/\/turismoenzamora.es\/wp-content\/uploads\/2017\/08\/modernismo_1-768x481.png 768w, https:\/\/turismoenzamora.es\/wp-content\/uploads\/2017\/08\/modernismo_1-560x350.png 560w\" sizes=\"(max-width: 636px) 100vw, 636px\" \/><\/p>\n<p>&nbsp;<\/p>\n<p><img decoding=\"async\" class=\"aligncenter wp-image-684 size-full\" src=\"https:\/\/turismoenzamora.es\/wp-content\/uploads\/2017\/08\/modernismo_2.png\" alt=\"\" width=\"987\" height=\"394\" srcset=\"https:\/\/turismoenzamora.es\/wp-content\/uploads\/2017\/08\/modernismo_2.png 987w, https:\/\/turismoenzamora.es\/wp-content\/uploads\/2017\/08\/modernismo_2-300x120.png 300w, https:\/\/turismoenzamora.es\/wp-content\/uploads\/2017\/08\/modernismo_2-768x307.png 768w\" sizes=\"(max-width: 987px) 100vw, 987px\" \/><\/p>","protected":false},"excerpt":{"rendered":"<p>Rota do Modernismo Zamora viveu um importante desenvolvimento urban\u00edstico e arquitect\u00f3nico desde os meados do s\u00e9culo XIX, cujo auge foi a etapa do modernismo. O desenvolvimento das comunica\u00e7\u00f5es com a chegada das linhas ferrovi\u00e1rias, o interesse pela expans\u00e3o extramuros depois de autorizada a demoli\u00e7\u00e3o da muralha e o surgimento da ind\u00fastria, especialmente a transformadora, foram [&hellip;]<\/p>\n","protected":false},"author":1,"featured_media":0,"parent":0,"menu_order":0,"comment_status":"closed","ping_status":"closed","template":"","meta":{"inline_featured_image":false,"site-sidebar-layout":"default","site-content-layout":"","ast-site-content-layout":"","site-content-style":"default","site-sidebar-style":"default","ast-global-header-display":"","ast-banner-title-visibility":"","ast-main-header-display":"","ast-hfb-above-header-display":"","ast-hfb-below-header-display":"","ast-hfb-mobile-header-display":"","site-post-title":"","ast-breadcrumbs-content":"","ast-featured-img":"","footer-sml-layout":"","theme-transparent-header-meta":"","adv-header-id-meta":"","stick-header-meta":"","header-above-stick-meta":"","header-main-stick-meta":"","header-below-stick-meta":"","astra-migrate-meta-layouts":"default","ast-page-background-enabled":"default","ast-page-background-meta":{"desktop":{"background-color":"","background-image":"","background-repeat":"repeat","background-position":"center center","background-size":"auto","background-attachment":"scroll","background-type":"","background-media":"","overlay-type":"","overlay-color":"","overlay-opacity":"","overlay-gradient":""},"tablet":{"background-color":"","background-image":"","background-repeat":"repeat","background-position":"center center","background-size":"auto","background-attachment":"scroll","background-type":"","background-media":"","overlay-type":"","overlay-color":"","overlay-opacity":"","overlay-gradient":""},"mobile":{"background-color":"","background-image":"","background-repeat":"repeat","background-position":"center center","background-size":"auto","background-attachment":"scroll","background-type":"","background-media":"","overlay-type":"","overlay-color":"","overlay-opacity":"","overlay-gradient":""}},"ast-content-background-meta":{"desktop":{"background-color":"var(--ast-global-color-5)","background-image":"","background-repeat":"repeat","background-position":"center center","background-size":"auto","background-attachment":"scroll","background-type":"","background-media":"","overlay-type":"","overlay-color":"","overlay-opacity":"","overlay-gradient":""},"tablet":{"background-color":"var(--ast-global-color-5)","background-image":"","background-repeat":"repeat","background-position":"center center","background-size":"auto","background-attachment":"scroll","background-type":"","background-media":"","overlay-type":"","overlay-color":"","overlay-opacity":"","overlay-gradient":""},"mobile":{"background-color":"var(--ast-global-color-5)","background-image":"","background-repeat":"repeat","background-position":"center center","background-size":"auto","background-attachment":"scroll","background-type":"","background-media":"","overlay-type":"","overlay-color":"","overlay-opacity":"","overlay-gradient":""}},"ngg_post_thumbnail":0,"footnotes":""},"yoast_head":"<!-- This site is optimized with the Yoast SEO plugin v23.0 - https:\/\/yoast.com\/wordpress\/plugins\/seo\/ -->\n<title>Turismo de Zamora , Turismo Sostenible<\/title>\n<meta name=\"description\" content=\"Esta es la p\u00e1gina Oficial de Turismo de Diputaci\u00f3n de Zamora, donde podr\u00e1 encontrar toda la informaci\u00f3n para disfrutar al m\u00e1ximo de nuestra provincia.\" \/>\n<meta name=\"robots\" content=\"index, follow, max-snippet:-1, max-image-preview:large, max-video-preview:-1\" \/>\n<link rel=\"canonical\" href=\"https:\/\/turismoenzamora.es\/en\/ruta-del-modernismo\/\" \/>\n<meta property=\"og:locale\" content=\"pt_PT\" \/>\n<meta property=\"og:type\" content=\"article\" \/>\n<meta property=\"og:title\" content=\"Turismo de Zamora , Turismo Sostenible\" \/>\n<meta property=\"og:description\" content=\"Esta es la p\u00e1gina Oficial de Turismo de Diputaci\u00f3n de Zamora, donde podr\u00e1 encontrar toda la informaci\u00f3n para disfrutar al m\u00e1ximo de nuestra provincia.\" \/>\n<meta property=\"og:url\" content=\"https:\/\/turismoenzamora.es\/en\/ruta-del-modernismo\/\" \/>\n<meta property=\"og:site_name\" content=\"Turismo em Zamora\" \/>\n<meta property=\"article:publisher\" content=\"https:\/\/www.facebook.com\/ZamoraSpain\/\" \/>\n<meta property=\"article:modified_time\" content=\"2017-11-20T17:39:23+00:00\" \/>\n<meta property=\"og:image\" content=\"https:\/\/turismoenzamora.es\/wp-content\/uploads\/2017\/08\/modernismo_0-300x179.jpg\" \/>\n<meta name=\"twitter:card\" content=\"summary_large_image\" \/>\n<meta name=\"twitter:site\" content=\"@ZamoraSpain\" \/>\n<meta name=\"twitter:label1\" content=\"Tempo estimado de leitura\" \/>\n\t<meta name=\"twitter:data1\" content=\"13 minutos\" \/>\n<script type=\"application\/ld+json\" class=\"yoast-schema-graph\">{\"@context\":\"https:\/\/schema.org\",\"@graph\":[{\"@type\":\"WebPage\",\"@id\":\"https:\/\/turismoenzamora.es\/en\/ruta-del-modernismo\/\",\"url\":\"https:\/\/turismoenzamora.es\/en\/ruta-del-modernismo\/\",\"name\":\"Turismo de Zamora , Turismo Sostenible\",\"isPartOf\":{\"@id\":\"https:\/\/turismoenzamora.es\/pt\/#website\"},\"primaryImageOfPage\":{\"@id\":\"https:\/\/turismoenzamora.es\/en\/ruta-del-modernismo\/#primaryimage\"},\"image\":{\"@id\":\"https:\/\/turismoenzamora.es\/en\/ruta-del-modernismo\/#primaryimage\"},\"thumbnailUrl\":\"https:\/\/turismoenzamora.es\/wp-content\/uploads\/2017\/08\/modernismo_0-300x179.jpg\",\"datePublished\":\"2017-08-08T07:15:40+00:00\",\"dateModified\":\"2017-11-20T17:39:23+00:00\",\"description\":\"Esta es la p\u00e1gina Oficial de Turismo de Diputaci\u00f3n de Zamora, donde podr\u00e1 encontrar toda la informaci\u00f3n para disfrutar al m\u00e1ximo de nuestra provincia.\",\"breadcrumb\":{\"@id\":\"https:\/\/turismoenzamora.es\/en\/ruta-del-modernismo\/#breadcrumb\"},\"inLanguage\":\"pt-PT\",\"potentialAction\":[{\"@type\":\"ReadAction\",\"target\":[\"https:\/\/turismoenzamora.es\/en\/ruta-del-modernismo\/\"]}]},{\"@type\":\"ImageObject\",\"inLanguage\":\"pt-PT\",\"@id\":\"https:\/\/turismoenzamora.es\/en\/ruta-del-modernismo\/#primaryimage\",\"url\":\"https:\/\/turismoenzamora.es\/wp-content\/uploads\/2017\/08\/modernismo_0-300x179.jpg\",\"contentUrl\":\"https:\/\/turismoenzamora.es\/wp-content\/uploads\/2017\/08\/modernismo_0-300x179.jpg\"},{\"@type\":\"BreadcrumbList\",\"@id\":\"https:\/\/turismoenzamora.es\/en\/ruta-del-modernismo\/#breadcrumb\",\"itemListElement\":[{\"@type\":\"ListItem\",\"position\":1,\"name\":\"Portada\",\"item\":\"https:\/\/turismoenzamora.es\/\"},{\"@type\":\"ListItem\",\"position\":2,\"name\":\"Modernism Route\"}]},{\"@type\":\"WebSite\",\"@id\":\"https:\/\/turismoenzamora.es\/pt\/#website\",\"url\":\"https:\/\/turismoenzamora.es\/pt\/\",\"name\":\"Turismo sostenible. Patronato de Turismo de la Diputaci\u00f3n de Zamora.&quot;Turismo Sostenible&quot;.\",\"description\":\"Turismo Sustent\u00e1vel Posto de Turismo da Diputaci\u00f3n de Zamora\",\"publisher\":{\"@id\":\"https:\/\/turismoenzamora.es\/pt\/#organization\"},\"potentialAction\":[{\"@type\":\"SearchAction\",\"target\":{\"@type\":\"EntryPoint\",\"urlTemplate\":\"https:\/\/turismoenzamora.es\/pt\/?s={search_term_string}\"},\"query-input\":\"required name=search_term_string\"}],\"inLanguage\":\"pt-PT\"},{\"@type\":\"Organization\",\"@id\":\"https:\/\/turismoenzamora.es\/pt\/#organization\",\"name\":\"Patronato de Turismo de la Diputaci\u00f3n de Zamora\",\"url\":\"https:\/\/turismoenzamora.es\/pt\/\",\"logo\":{\"@type\":\"ImageObject\",\"inLanguage\":\"pt-PT\",\"@id\":\"https:\/\/turismoenzamora.es\/pt\/#\/schema\/logo\/image\/\",\"url\":\"https:\/\/turismoenzamora.es\/wp-content\/uploads\/2018\/06\/ZamoraLogo.png\",\"contentUrl\":\"https:\/\/turismoenzamora.es\/wp-content\/uploads\/2018\/06\/ZamoraLogo.png\",\"width\":1276,\"height\":290,\"caption\":\"Patronato de Turismo de la Diputaci\u00f3n de Zamora\"},\"image\":{\"@id\":\"https:\/\/turismoenzamora.es\/pt\/#\/schema\/logo\/image\/\"},\"sameAs\":[\"https:\/\/www.facebook.com\/ZamoraSpain\/\",\"https:\/\/x.com\/ZamoraSpain\",\"https:\/\/www.instagram.com\/turismoenzamora.es\/\",\"https:\/\/www.pinterest.es\/TurismoenZamora\/\",\"https:\/\/www.youtube.com\/channel\/UC2bOyOZ-2cLm-uXlBFYUV9w\"]}]}<\/script>\n<!-- \/ Yoast SEO plugin. -->","yoast_head_json":{"title":"Turismo de Zamora , Turismo Sostenible","description":"Esta es la p\u00e1gina Oficial de Turismo de Diputaci\u00f3n de Zamora, donde podr\u00e1 encontrar toda la informaci\u00f3n para disfrutar al m\u00e1ximo de nuestra provincia.","robots":{"index":"index","follow":"follow","max-snippet":"max-snippet:-1","max-image-preview":"max-image-preview:large","max-video-preview":"max-video-preview:-1"},"canonical":"https:\/\/turismoenzamora.es\/en\/ruta-del-modernismo\/","og_locale":"pt_PT","og_type":"article","og_title":"Turismo de Zamora , Turismo Sostenible","og_description":"Esta es la p\u00e1gina Oficial de Turismo de Diputaci\u00f3n de Zamora, donde podr\u00e1 encontrar toda la informaci\u00f3n para disfrutar al m\u00e1ximo de nuestra provincia.","og_url":"https:\/\/turismoenzamora.es\/en\/ruta-del-modernismo\/","og_site_name":"Turismo em Zamora","article_publisher":"https:\/\/www.facebook.com\/ZamoraSpain\/","article_modified_time":"2017-11-20T17:39:23+00:00","og_image":[{"url":"https:\/\/turismoenzamora.es\/wp-content\/uploads\/2017\/08\/modernismo_0-300x179.jpg"}],"twitter_card":"summary_large_image","twitter_site":"@ZamoraSpain","twitter_misc":{"Tempo estimado de leitura":"13 minutos"},"schema":{"@context":"https:\/\/schema.org","@graph":[{"@type":"WebPage","@id":"https:\/\/turismoenzamora.es\/en\/ruta-del-modernismo\/","url":"https:\/\/turismoenzamora.es\/en\/ruta-del-modernismo\/","name":"Turismo de Zamora , Turismo Sostenible","isPartOf":{"@id":"https:\/\/turismoenzamora.es\/pt\/#website"},"primaryImageOfPage":{"@id":"https:\/\/turismoenzamora.es\/en\/ruta-del-modernismo\/#primaryimage"},"image":{"@id":"https:\/\/turismoenzamora.es\/en\/ruta-del-modernismo\/#primaryimage"},"thumbnailUrl":"https:\/\/turismoenzamora.es\/wp-content\/uploads\/2017\/08\/modernismo_0-300x179.jpg","datePublished":"2017-08-08T07:15:40+00:00","dateModified":"2017-11-20T17:39:23+00:00","description":"Esta es la p\u00e1gina Oficial de Turismo de Diputaci\u00f3n de Zamora, donde podr\u00e1 encontrar toda la informaci\u00f3n para disfrutar al m\u00e1ximo de nuestra provincia.","breadcrumb":{"@id":"https:\/\/turismoenzamora.es\/en\/ruta-del-modernismo\/#breadcrumb"},"inLanguage":"pt-PT","potentialAction":[{"@type":"ReadAction","target":["https:\/\/turismoenzamora.es\/en\/ruta-del-modernismo\/"]}]},{"@type":"ImageObject","inLanguage":"pt-PT","@id":"https:\/\/turismoenzamora.es\/en\/ruta-del-modernismo\/#primaryimage","url":"https:\/\/turismoenzamora.es\/wp-content\/uploads\/2017\/08\/modernismo_0-300x179.jpg","contentUrl":"https:\/\/turismoenzamora.es\/wp-content\/uploads\/2017\/08\/modernismo_0-300x179.jpg"},{"@type":"BreadcrumbList","@id":"https:\/\/turismoenzamora.es\/en\/ruta-del-modernismo\/#breadcrumb","itemListElement":[{"@type":"ListItem","position":1,"name":"Portada","item":"https:\/\/turismoenzamora.es\/"},{"@type":"ListItem","position":2,"name":"Modernism Route"}]},{"@type":"WebSite","@id":"https:\/\/turismoenzamora.es\/pt\/#website","url":"https:\/\/turismoenzamora.es\/pt\/","name":"Turismo sostenible. Patronato de Turismo de la Diputaci\u00f3n de Zamora.&quot;Turismo Sostenible&quot;.","description":"Turismo Sustent\u00e1vel Posto de Turismo da Diputaci\u00f3n de Zamora","publisher":{"@id":"https:\/\/turismoenzamora.es\/pt\/#organization"},"potentialAction":[{"@type":"SearchAction","target":{"@type":"EntryPoint","urlTemplate":"https:\/\/turismoenzamora.es\/pt\/?s={search_term_string}"},"query-input":"required name=search_term_string"}],"inLanguage":"pt-PT"},{"@type":"Organization","@id":"https:\/\/turismoenzamora.es\/pt\/#organization","name":"Patronato de Turismo de la Diputaci\u00f3n de Zamora","url":"https:\/\/turismoenzamora.es\/pt\/","logo":{"@type":"ImageObject","inLanguage":"pt-PT","@id":"https:\/\/turismoenzamora.es\/pt\/#\/schema\/logo\/image\/","url":"https:\/\/turismoenzamora.es\/wp-content\/uploads\/2018\/06\/ZamoraLogo.png","contentUrl":"https:\/\/turismoenzamora.es\/wp-content\/uploads\/2018\/06\/ZamoraLogo.png","width":1276,"height":290,"caption":"Patronato de Turismo de la Diputaci\u00f3n de Zamora"},"image":{"@id":"https:\/\/turismoenzamora.es\/pt\/#\/schema\/logo\/image\/"},"sameAs":["https:\/\/www.facebook.com\/ZamoraSpain\/","https:\/\/x.com\/ZamoraSpain","https:\/\/www.instagram.com\/turismoenzamora.es\/","https:\/\/www.pinterest.es\/TurismoenZamora\/","https:\/\/www.youtube.com\/channel\/UC2bOyOZ-2cLm-uXlBFYUV9w"]}]}},"_links":{"self":[{"href":"https:\/\/turismoenzamora.es\/pt\/wp-json\/wp\/v2\/pages\/278"}],"collection":[{"href":"https:\/\/turismoenzamora.es\/pt\/wp-json\/wp\/v2\/pages"}],"about":[{"href":"https:\/\/turismoenzamora.es\/pt\/wp-json\/wp\/v2\/types\/page"}],"author":[{"embeddable":true,"href":"https:\/\/turismoenzamora.es\/pt\/wp-json\/wp\/v2\/users\/1"}],"replies":[{"embeddable":true,"href":"https:\/\/turismoenzamora.es\/pt\/wp-json\/wp\/v2\/comments?post=278"}],"version-history":[{"count":0,"href":"https:\/\/turismoenzamora.es\/pt\/wp-json\/wp\/v2\/pages\/278\/revisions"}],"wp:attachment":[{"href":"https:\/\/turismoenzamora.es\/pt\/wp-json\/wp\/v2\/media?parent=278"}],"curies":[{"name":"wp","href":"https:\/\/api.w.org\/{rel}","templated":true}]}}