{"id":17068,"date":"2023-02-10T12:22:58","date_gmt":"2023-02-10T10:22:58","guid":{"rendered":"https:\/\/www.turismoenzamora.es\/?page_id=17068"},"modified":"2023-06-13T13:43:46","modified_gmt":"2023-06-13T11:43:46","slug":"pstd-corredor-ecoturistico-de-zamora-y-el-duero","status":"publish","type":"page","link":"https:\/\/turismoenzamora.es\/pt\/pstd-corredor-ecoturistico-de-zamora-y-el-duero\/","title":{"rendered":"PSTD \u201cCorredor Ecotur\u00edstico de Zamora y el Duero\u201d"},"content":{"rendered":"\t\t<div data-elementor-type=\"wp-page\" data-elementor-id=\"17068\" class=\"elementor elementor-17068\" data-elementor-post-type=\"page\">\n\t\t\t\t\t\t<section class=\"elementor-section elementor-top-section elementor-element elementor-element-7094da1 elementor-section-boxed elementor-section-height-default elementor-section-height-default\" data-id=\"7094da1\" data-element_type=\"section\">\n\t\t\t\t\t\t<div class=\"elementor-container elementor-column-gap-default\">\n\t\t\t\t\t<div class=\"elementor-column elementor-col-100 elementor-top-column elementor-element elementor-element-5c4a81d\" data-id=\"5c4a81d\" data-element_type=\"column\">\n\t\t\t<div class=\"elementor-widget-wrap elementor-element-populated\">\n\t\t\t\t\t\t<div class=\"elementor-element elementor-element-cd92b5e elementor-widget elementor-widget-heading\" data-id=\"cd92b5e\" data-element_type=\"widget\" data-widget_type=\"heading.default\">\n\t\t\t\t<div class=\"elementor-widget-container\">\n\t\t\t<h6 class=\"elementor-heading-title elementor-size-default\"><span style=\"font-family: Arial, Helvetica, sans-serif;font-size: 2em;font-style: normal;font-weight: bold\">PSTD \u201cCorredor Ecotur\u00edstico de Zamora y el Duero\u201d<\/span><\/h6>\t\t<\/div>\n\t\t\t\t<\/div>\n\t\t\t\t<section class=\"elementor-section elementor-inner-section elementor-element elementor-element-ed3d215 elementor-section-content-middle elementor-section-boxed elementor-section-height-default elementor-section-height-default\" data-id=\"ed3d215\" data-element_type=\"section\">\n\t\t\t\t\t\t<div class=\"elementor-container elementor-column-gap-default\">\n\t\t\t\t\t<div class=\"elementor-column elementor-col-16 elementor-inner-column elementor-element elementor-element-593c3f9\" data-id=\"593c3f9\" data-element_type=\"column\">\n\t\t\t<div class=\"elementor-widget-wrap elementor-element-populated\">\n\t\t\t\t\t\t<div class=\"elementor-element elementor-element-dd6cc6d elementor-widget elementor-widget-image\" data-id=\"dd6cc6d\" data-element_type=\"widget\" data-widget_type=\"image.default\">\n\t\t\t\t<div class=\"elementor-widget-container\">\n\t\t\t\t\t\t\t\t\t\t\t\t\t<img decoding=\"async\" width=\"217\" height=\"64\" src=\"https:\/\/turismoenzamora.es\/wp-content\/uploads\/2023\/02\/Imagen1.png\" class=\"attachment-large size-large wp-image-16807\" alt=\"\" \/>\t\t\t\t\t\t\t\t\t\t\t\t\t<\/div>\n\t\t\t\t<\/div>\n\t\t\t\t\t<\/div>\n\t\t<\/div>\n\t\t\t\t<div class=\"elementor-column elementor-col-16 elementor-inner-column elementor-element elementor-element-001fb50\" data-id=\"001fb50\" data-element_type=\"column\">\n\t\t\t<div class=\"elementor-widget-wrap elementor-element-populated\">\n\t\t\t\t\t\t<div class=\"elementor-element elementor-element-c11dee2 elementor-widget elementor-widget-image\" data-id=\"c11dee2\" data-element_type=\"widget\" data-widget_type=\"image.default\">\n\t\t\t\t<div class=\"elementor-widget-container\">\n\t\t\t\t\t\t\t\t\t\t\t\t\t<img decoding=\"async\" width=\"140\" height=\"55\" src=\"https:\/\/turismoenzamora.es\/wp-content\/uploads\/2023\/02\/Imagen2.png\" class=\"attachment-large size-large wp-image-16806\" alt=\"\" \/>\t\t\t\t\t\t\t\t\t\t\t\t\t<\/div>\n\t\t\t\t<\/div>\n\t\t\t\t\t<\/div>\n\t\t<\/div>\n\t\t\t\t<div class=\"elementor-column elementor-col-16 elementor-inner-column elementor-element elementor-element-4b3294a\" data-id=\"4b3294a\" data-element_type=\"column\">\n\t\t\t<div class=\"elementor-widget-wrap elementor-element-populated\">\n\t\t\t\t\t\t<div class=\"elementor-element elementor-element-189b7f2 elementor-widget elementor-widget-image\" data-id=\"189b7f2\" data-element_type=\"widget\" data-widget_type=\"image.default\">\n\t\t\t\t<div class=\"elementor-widget-container\">\n\t\t\t\t\t\t\t\t\t\t\t\t\t<img decoding=\"async\" width=\"167\" height=\"55\" src=\"https:\/\/turismoenzamora.es\/wp-content\/uploads\/2023\/02\/Imagen3.png\" class=\"attachment-large size-large wp-image-16805\" alt=\"\" \/>\t\t\t\t\t\t\t\t\t\t\t\t\t<\/div>\n\t\t\t\t<\/div>\n\t\t\t\t\t<\/div>\n\t\t<\/div>\n\t\t\t\t<div class=\"elementor-column elementor-col-16 elementor-inner-column elementor-element elementor-element-14ba9a8\" data-id=\"14ba9a8\" data-element_type=\"column\">\n\t\t\t<div class=\"elementor-widget-wrap elementor-element-populated\">\n\t\t\t\t\t\t<div class=\"elementor-element elementor-element-9526473 elementor-widget elementor-widget-image\" data-id=\"9526473\" data-element_type=\"widget\" data-widget_type=\"image.default\">\n\t\t\t\t<div class=\"elementor-widget-container\">\n\t\t\t\t\t\t\t\t\t\t\t\t\t<img loading=\"lazy\" decoding=\"async\" width=\"218\" height=\"56\" src=\"https:\/\/turismoenzamora.es\/wp-content\/uploads\/2023\/02\/Imagen4.png\" class=\"attachment-large size-large wp-image-16804\" alt=\"\" \/>\t\t\t\t\t\t\t\t\t\t\t\t\t<\/div>\n\t\t\t\t<\/div>\n\t\t\t\t\t<\/div>\n\t\t<\/div>\n\t\t\t\t<div class=\"elementor-column elementor-col-16 elementor-inner-column elementor-element elementor-element-961e7c2\" data-id=\"961e7c2\" data-element_type=\"column\">\n\t\t\t<div class=\"elementor-widget-wrap elementor-element-populated\">\n\t\t\t\t\t\t<div class=\"elementor-element elementor-element-fbd219f elementor-widget elementor-widget-image\" data-id=\"fbd219f\" data-element_type=\"widget\" data-widget_type=\"image.default\">\n\t\t\t\t<div class=\"elementor-widget-container\">\n\t\t\t\t\t\t\t\t\t\t\t\t\t<img loading=\"lazy\" decoding=\"async\" width=\"118\" height=\"61\" src=\"https:\/\/turismoenzamora.es\/wp-content\/uploads\/2023\/02\/Imagen5.png\" class=\"attachment-large size-large wp-image-16803\" alt=\"\" \/>\t\t\t\t\t\t\t\t\t\t\t\t\t<\/div>\n\t\t\t\t<\/div>\n\t\t\t\t\t<\/div>\n\t\t<\/div>\n\t\t\t\t<div class=\"elementor-column elementor-col-16 elementor-inner-column elementor-element elementor-element-a6f0d39\" data-id=\"a6f0d39\" data-element_type=\"column\">\n\t\t\t<div class=\"elementor-widget-wrap elementor-element-populated\">\n\t\t\t\t\t\t<div class=\"elementor-element elementor-element-050faab elementor-widget elementor-widget-image\" data-id=\"050faab\" data-element_type=\"widget\" data-widget_type=\"image.default\">\n\t\t\t\t<div class=\"elementor-widget-container\">\n\t\t\t\t\t\t\t\t\t\t\t\t\t<img loading=\"lazy\" decoding=\"async\" width=\"128\" height=\"68\" src=\"https:\/\/turismoenzamora.es\/wp-content\/uploads\/2023\/02\/Imagen6.png\" class=\"attachment-large size-large wp-image-16802\" alt=\"\" \/>\t\t\t\t\t\t\t\t\t\t\t\t\t<\/div>\n\t\t\t\t<\/div>\n\t\t\t\t\t<\/div>\n\t\t<\/div>\n\t\t\t\t\t<\/div>\n\t\t<\/section>\n\t\t\t\t<div class=\"elementor-element elementor-element-a4759d0 elementor-widget elementor-widget-text-editor\" data-id=\"a4759d0\" data-element_type=\"widget\" data-widget_type=\"text-editor.default\">\n\t\t\t\t<div class=\"elementor-widget-container\">\n\t\t\t\t\t\t\t<p><span style=\"color: #000000;\">El <em>PLAN DE SOSTENIBILIDAD TUR\u00cdSTICA \u201cCORREDOR ECOTUR\u00cdSTICO DE ZAMORA Y EL DUERO\u201d<\/em>, presentado por el Patronato Provincial de Turismo de Zamora a la convocatoria extraordinaria \u00a0de sostenibilidad tur\u00edstica-Fondos Europeos, fue aprobado por Resoluci\u00f3n de 23 de diciembre de 2021, de la Secretar\u00eda de Estado de Turismo, por la que se publica el Acuerdo de la Conferencia Sectorial de Turismo, donde se fijan los criterios de distribuci\u00f3n as\u00ed como el reparto resultante para las comunidades aut\u00f3nomas del cr\u00e9dito destinado a la financiaci\u00f3n de actuaciones de inversi\u00f3n por parte de entidades locales en el marco del Componente 14 Inversi\u00f3n 1 del Plan de Recuperaci\u00f3n, Transformaci\u00f3n y Resiliencia, publicado en el BOE n\u00ba 312 de 29 de diciembre de 2021; se fijan, adem\u00e1s, las condiciones de participaci\u00f3n de las comunidades aut\u00f3nomas y las entidades locales, los \u00e1mbitos de aplicaci\u00f3n, los umbrales m\u00ednimos de inversi\u00f3n, el procedimiento de presentaci\u00f3n de las propuestas y las reglas para su aprobaci\u00f3n, ejecuci\u00f3n y justificaci\u00f3n.<\/span><\/p><p><span style=\"color: #000000;\">\u00a0\u00a0\u00a0\u00a0\u00a0\u00a0\u00a0\u00a0\u00a0 Mediante orden de 05 de julio de 2022, de la Consejer\u00eda de Cultura, Turismo y Deporte de la Junta de Castilla y Le\u00f3n, se concede directamente subvenci\u00f3n al Patronato Provincial de Turismo de Zamora, (como Entidad Instrumental de la Diputaci\u00f3n de Zamora, Entidad Ejecutora), para la ejecuci\u00f3n del plan extraordinario de sostenibilidad tur\u00edstica en destino El Corredor Tur\u00edstico de Zamora y el Duero, por importe de 4.387.801,00 \u20ac.<\/span><\/p><p><span style=\"color: #000000;\">\u00a0\u00a0\u00a0\u00a0\u00a0\u00a0\u00a0\u00a0\u00a0 El Patronato Provincial de Turismo de Zamora implementa el Plan de Sostenibilidad Tur\u00edstica en Destino, con unas actividades previstas y aprobadas, durante los pr\u00f3ximos tres a\u00f1os, cuyo importe total asciende a 4.387.801,-\u20ac, con el objetivo de articular el Corredor Tur\u00edstico de Zamora y el Duero como destino tur\u00edstico diferenciado con personalidad propia, asegurando la sostenibilidad e impulsando la digitalizaci\u00f3n.<\/span><\/p><p><span style=\"color: #000000;\"><strong>Justificaci\u00f3n de la necesidad del plan<\/strong><\/span><\/p><p><span style=\"color: #000000;\">La aplicaci\u00f3n del Plan de Sostenibilidad Tur\u00edstica en el Corredor Ecotur\u00edstico Zamora y el Duero es imprescindible para impulsar, estructurar y ordenar el desarrollo tur\u00edstico de un territorio que sufre como pocos en Espa\u00f1a la crisis demogr\u00e1fica y la amenaza de la despoblaci\u00f3n.<\/span><\/p><p><span style=\"color: #000000;\">El territorio re\u00fane unas excelentes condiciones para el ecoturismo y el turismo activo en la naturaleza, con el Duero como elemento clave y distintivo, a las que se suman los valiosos recursos hist\u00f3ricos, culturales y patrimoniales de Zamora para configurar un destino ecotur\u00edstico de interior diferente.<\/span><\/p>\t\t\t\t\t\t<\/div>\n\t\t\t\t<\/div>\n\t\t\t\t<section class=\"elementor-section elementor-inner-section elementor-element elementor-element-00563a4 elementor-section-boxed elementor-section-height-default elementor-section-height-default\" data-id=\"00563a4\" data-element_type=\"section\">\n\t\t\t\t\t\t<div class=\"elementor-container elementor-column-gap-default\">\n\t\t\t\t\t<div class=\"elementor-column elementor-col-50 elementor-inner-column elementor-element elementor-element-345415c\" data-id=\"345415c\" data-element_type=\"column\">\n\t\t\t<div class=\"elementor-widget-wrap elementor-element-populated\">\n\t\t\t\t\t\t<div class=\"elementor-element elementor-element-0c6db72 elementor-widget elementor-widget-image\" data-id=\"0c6db72\" data-element_type=\"widget\" data-widget_type=\"image.default\">\n\t\t\t\t<div class=\"elementor-widget-container\">\n\t\t\t\t\t\t\t\t\t\t\t\t\t<img loading=\"lazy\" decoding=\"async\" width=\"254\" height=\"154\" src=\"https:\/\/turismoenzamora.es\/wp-content\/uploads\/2023\/02\/Imagen1-1.png\" class=\"attachment-large size-large wp-image-17074\" alt=\"\" \/>\t\t\t\t\t\t\t\t\t\t\t\t\t<\/div>\n\t\t\t\t<\/div>\n\t\t\t\t\t<\/div>\n\t\t<\/div>\n\t\t\t\t<div class=\"elementor-column elementor-col-50 elementor-inner-column elementor-element elementor-element-6df75af\" data-id=\"6df75af\" data-element_type=\"column\">\n\t\t\t<div class=\"elementor-widget-wrap elementor-element-populated\">\n\t\t\t\t\t\t<div class=\"elementor-element elementor-element-e78fb05 elementor-widget elementor-widget-image\" data-id=\"e78fb05\" data-element_type=\"widget\" data-widget_type=\"image.default\">\n\t\t\t\t<div class=\"elementor-widget-container\">\n\t\t\t\t\t\t\t\t\t\t\t\t\t<img loading=\"lazy\" decoding=\"async\" width=\"235\" height=\"154\" src=\"https:\/\/turismoenzamora.es\/wp-content\/uploads\/2023\/02\/Imagen21.png\" class=\"attachment-large size-large wp-image-17075\" alt=\"\" \/>\t\t\t\t\t\t\t\t\t\t\t\t\t<\/div>\n\t\t\t\t<\/div>\n\t\t\t\t\t<\/div>\n\t\t<\/div>\n\t\t\t\t\t<\/div>\n\t\t<\/section>\n\t\t\t\t<div class=\"elementor-element elementor-element-d6204e2 elementor-widget elementor-widget-text-editor\" data-id=\"d6204e2\" data-element_type=\"widget\" data-widget_type=\"text-editor.default\">\n\t\t\t\t<div class=\"elementor-widget-container\">\n\t\t\t\t\t\t\t<p><span style=\"color: #000000;\">El plan permitir\u00e1 adem\u00e1s aprovechar la oportunidad que se ha abierto para los destinos rurales y de interior como consecuencia de la Covid-19. Los datos indican que la demanda se va a orientar preferiblemente hacia destinos menos frecuentados. Con la aplicaci\u00f3n del Plan, el Corredor Ecotur\u00edstico de Zamora y el Duero estar\u00e1 en condiciones de ser un destino ecol\u00f3gico, sostenible, innovador y socialmente responsable, respetuoso con los recursos naturales y culturales, capaz de desarrollar social y econ\u00f3micamente un espacio con graves problemas demogr\u00e1ficos y econ\u00f3micos.<\/span><\/p><p><span style=\"color: #000000;\"><strong>Descripci\u00f3n<\/strong><\/span><\/p><p><span style=\"color: #000000;\">Se trata de desarrollar la actividad tur\u00edstica en una zona con graves problemas demogr\u00e1ficos y econ\u00f3micos, en la que el turismo aparece como una de las escasas alternativas para impulsar un desarrollo ambiental, econ\u00f3mico y socialmente sostenible. Hasta ahora, la actividad tur\u00edstica en el territorio ha sido muy precaria, con una oferta limitada y una demanda escasa y concentrada en unos pocos puntos.<\/span><\/p><p><span style=\"color: #000000;\">El Plan reforzar\u00e1 la imagen conjunta del destino en torno a un mismo recurso principal que es el r\u00edo Duero, crear\u00e1 una nueva alianza entre la capital y el territorio situado aguas abajo del Duero aprovechando las complementariedades entre los recursos y los servicios tur\u00edsticos para as\u00ed ofrecer una oferta tur\u00edstica integrada, rural y urbana, que combine patrimonio natural, hist\u00f3rico y cultural para ofrecer una experiencia tur\u00edstica m\u00e1s rica y diversa.<\/span><\/p><p><span style=\"color: #000000;\"><strong>Objetivos espec\u00edficos<\/strong><\/span><\/p><p><span style=\"color: #000000;\">&#8211; Fortalecer las estructuras de gesti\u00f3n y la imagen com\u00fan del destino<\/span><\/p><p><span style=\"color: #000000;\">&#8211; Dar visibilidad al destino en mercados emisores clave<\/span><\/p><p><span style=\"color: #000000;\">&#8211; Recuperar, interpretar y aprovechar tur\u00edsticamente recursos naturales, patrimoniales y etnogr\u00e1ficos del territorio<\/span><\/p><p><span style=\"color: #000000;\">&#8211; Desarrollar productos ecotur\u00edsticos atractivos que aprovechen de manera sostenible los recursos.<\/span><\/p><p><span style=\"color: #000000;\">&#8211; Digitalizar y facilitar el acceso a los sistemas de informaci\u00f3n<\/span><\/p><p><span style=\"color: #000000;\">&#8211; Concienciar a la poblaci\u00f3n sobre la importancia del turismo como elemento dinamizador<\/span><\/p><p><span style=\"color: #000000;\">El plan servir\u00e1 para configurar un destino ecotur\u00edstico que ofrezca una combinaci\u00f3n de ciudad, espacio rural y biodiversidad, basado en un uso sostenible de los recursos naturales, etnogr\u00e1ficos y culturales del territorio, utilizando el concepto del paisaje cultural como integrador de todos estos <\/span><span style=\"color: #000000;\">valores.<\/span><\/p><p><span style=\"color: #000000;\">Creando sinergias con el sector tur\u00edstico, el plan permitir\u00e1 consolidar productos tur\u00edsticos emergentes (cicloturismo, geoturismo\u2026) y mejorar\u00e1 los ya existentes, como el senderismo, la observaci\u00f3n ornitol\u00f3gica, las actividades n\u00e1uticas y los productos vinculados al patrimonio cultural monumental e inmaterial.<\/span><\/p><p><span style=\"color: #000000;\">Se concentrar\u00e1n esfuerzos y recursos en fortalecer las estructuras de gesti\u00f3n y en mejorar los sistemas inteligentes de se\u00f1alizaci\u00f3n e informaci\u00f3n tur\u00edstica, para facilitar el acceso a los recursos, as\u00ed como para mitigar el impacto de la actividad tur\u00edstica.<\/span><\/p><p><span style=\"color: #000000;\">El plan prev\u00e9 importantes inversiones para el aprovechamiento tur\u00edstico de recursos naturales en los que se basan los principales productos en los que est\u00e1 especializado el destino: el paisaje, el senderismo, la observaci\u00f3n de la naturaleza. Se incluyen tambi\u00e9n actuaciones para mejorar la gesti\u00f3n de los flujos tur\u00edsticos y la implantaci\u00f3n de sistemas de econom\u00eda circular.<\/span><\/p><p><span style=\"color: #000000;\">El segundo de los ejes est\u00e1 dirigido a mitigar el cambio clim\u00e1tico y reducir la huella de carbono, mejorando los sistemas de eficiencia energ\u00e9tica del territorio y facilitando la movilidad el\u00e9ctrica con la instalaci\u00f3n de puntos de recarga y la creaci\u00f3n de la Ruta BTT Zamora y el Duero junto con la infraestructura necesaria.<\/span><\/p><p><span style=\"color: #000000;\">El tercer eje est\u00e1 orientado a optimizar la atenci\u00f3n al visitante, digitalizando la informaci\u00f3n, la se\u00f1alizaci\u00f3n y el acceso a los recursos. Se reforzar\u00e1 el marketing digital para posicionar al destino y ayudar a la desestacionalizaci\u00f3n.<\/span><\/p><p><span style=\"color: #000000;\">Finalmente, el plan establece recuperar e interpretar el patrimonio etnogr\u00e1fico vinculado al paisaje cultural del Duero. Se crear\u00e1n y consolidar\u00e1n productos tur\u00edsticos para los que el destino cuenta con excelentes condiciones. El ecoturismo debe convertirse en la se\u00f1a de identidad del destino, impulsando la creaci\u00f3n de experiencias tur\u00edsticas basadas en la riqueza cultural y natural de la zona: cicloturismo, astroturismo, geoturismo, enoturismo, entre otros. El hecho de que el destino integre 19 municipios, urbanos y rurales, y que en su territorio confluyan 3 espacios de la Red Natura 2000, un Parque Natural, una Reserva de la Biosfera y decenas de bienes de inter\u00e9s cultural, obliga a ser particularmente cuidadoso con la gobernanza del Plan y dotar al destino de unas estructuras de gobernanza participativa s\u00f3lidas, que orienten su desarrollo tur\u00edstico con una visi\u00f3n de sostenibilidad, calidad y profesionalizaci\u00f3n a trav\u00e9s de la formaci\u00f3n.<\/span><\/p>\t\t\t\t\t\t<\/div>\n\t\t\t\t<\/div>\n\t\t\t\t<div class=\"elementor-element elementor-element-cd7212c elementor-widget elementor-widget-image\" data-id=\"cd7212c\" data-element_type=\"widget\" data-widget_type=\"image.default\">\n\t\t\t\t<div class=\"elementor-widget-container\">\n\t\t\t\t\t\t\t\t\t\t\t\t\t<img loading=\"lazy\" decoding=\"async\" width=\"906\" height=\"786\" src=\"https:\/\/turismoenzamora.es\/wp-content\/uploads\/2023\/02\/Captura-de-pantalla-2023-02-20-113350.png\" class=\"attachment-1536x1536 size-1536x1536 wp-image-17180\" alt=\"\" srcset=\"https:\/\/turismoenzamora.es\/wp-content\/uploads\/2023\/02\/Captura-de-pantalla-2023-02-20-113350.png 906w, https:\/\/turismoenzamora.es\/wp-content\/uploads\/2023\/02\/Captura-de-pantalla-2023-02-20-113350-300x260.png 300w, https:\/\/turismoenzamora.es\/wp-content\/uploads\/2023\/02\/Captura-de-pantalla-2023-02-20-113350-768x666.png 768w\" sizes=\"(max-width: 906px) 100vw, 906px\" \/>\t\t\t\t\t\t\t\t\t\t\t\t\t<\/div>\n\t\t\t\t<\/div>\n\t\t\t\t<div class=\"elementor-element elementor-element-91e8f94 elementor-widget elementor-widget-text-editor\" data-id=\"91e8f94\" data-element_type=\"widget\" data-widget_type=\"text-editor.default\">\n\t\t\t\t<div class=\"elementor-widget-container\">\n\t\t\t\t\t\t\t<p><span style=\"color: #000000;\"><strong>Demarcaci\u00f3n territorial<\/strong><\/span><\/p><p><span style=\"color: #000000;\">El Corredor Ecotur\u00edstico de Zamora y el Duero agrupa municipios de varias comarcas hist\u00f3ricas que est\u00e1n conectados y estrechamente vinculados por el r\u00edo y combina el patrimonio hist\u00f3rico y monumental de Zamora con los valores ecol\u00f3gicos y paisaj\u00edsticos del territorio rural, lo que, unido a su dimensi\u00f3n transfronteriza, define un destino tur\u00edstico diferenciado, en un territorio con grav\u00edsimos problemas de despoblaci\u00f3n y escasas alternativas de desarrollo. Los municipios que conforman este corredor son:<\/span><\/p>\t\t\t\t\t\t<\/div>\n\t\t\t\t<\/div>\n\t\t\t\t<div class=\"elementor-element elementor-element-a761a60 elementor-icon-list--layout-traditional elementor-list-item-link-full_width elementor-widget elementor-widget-icon-list\" data-id=\"a761a60\" data-element_type=\"widget\" data-widget_type=\"icon-list.default\">\n\t\t\t\t<div class=\"elementor-widget-container\">\n\t\t\t\t\t<ul class=\"elementor-icon-list-items\">\n\t\t\t\t\t\t\t<li class=\"elementor-icon-list-item\">\n\t\t\t\t\t\t\t\t\t\t\t<span class=\"elementor-icon-list-icon\">\n\t\t\t\t\t\t\t<i aria-hidden=\"true\" class=\"fas fa-caret-right\"><\/i>\t\t\t\t\t\t<\/span>\n\t\t\t\t\t\t\t\t\t\t<span class=\"elementor-icon-list-text\">Villalcampo<\/span>\n\t\t\t\t\t\t\t\t\t<\/li>\n\t\t\t\t\t\t\t\t<li class=\"elementor-icon-list-item\">\n\t\t\t\t\t\t\t\t\t\t\t<span class=\"elementor-icon-list-icon\">\n\t\t\t\t\t\t\t<i aria-hidden=\"true\" class=\"fas fa-caret-right\"><\/i>\t\t\t\t\t\t<\/span>\n\t\t\t\t\t\t\t\t\t\t<span class=\"elementor-icon-list-text\">Arga\u00f1\u00edn <\/span>\n\t\t\t\t\t\t\t\t\t<\/li>\n\t\t\t\t\t\t\t\t<li class=\"elementor-icon-list-item\">\n\t\t\t\t\t\t\t\t\t\t\t<span class=\"elementor-icon-list-icon\">\n\t\t\t\t\t\t\t<i aria-hidden=\"true\" class=\"fas fa-caret-right\"><\/i>\t\t\t\t\t\t<\/span>\n\t\t\t\t\t\t\t\t\t\t<span class=\"elementor-icon-list-text\">Fariza <\/span>\n\t\t\t\t\t\t\t\t\t<\/li>\n\t\t\t\t\t\t\t\t<li class=\"elementor-icon-list-item\">\n\t\t\t\t\t\t\t\t\t\t\t<span class=\"elementor-icon-list-icon\">\n\t\t\t\t\t\t\t<i aria-hidden=\"true\" class=\"fas fa-caret-right\"><\/i>\t\t\t\t\t\t<\/span>\n\t\t\t\t\t\t\t\t\t\t<span class=\"elementor-icon-list-text\">Fermoselle <\/span>\n\t\t\t\t\t\t\t\t\t<\/li>\n\t\t\t\t\t\t\t\t<li class=\"elementor-icon-list-item\">\n\t\t\t\t\t\t\t\t\t\t\t<span class=\"elementor-icon-list-icon\">\n\t\t\t\t\t\t\t<i aria-hidden=\"true\" class=\"fas fa-caret-right\"><\/i>\t\t\t\t\t\t<\/span>\n\t\t\t\t\t\t\t\t\t\t<span class=\"elementor-icon-list-text\">Gamones <\/span>\n\t\t\t\t\t\t\t\t\t<\/li>\n\t\t\t\t\t\t\t\t<li class=\"elementor-icon-list-item\">\n\t\t\t\t\t\t\t\t\t\t\t<span class=\"elementor-icon-list-icon\">\n\t\t\t\t\t\t\t<i aria-hidden=\"true\" class=\"fas fa-caret-right\"><\/i>\t\t\t\t\t\t<\/span>\n\t\t\t\t\t\t\t\t\t\t<span class=\"elementor-icon-list-text\">Luelmo <\/span>\n\t\t\t\t\t\t\t\t\t<\/li>\n\t\t\t\t\t\t\t\t<li class=\"elementor-icon-list-item\">\n\t\t\t\t\t\t\t\t\t\t\t<span class=\"elementor-icon-list-icon\">\n\t\t\t\t\t\t\t<i aria-hidden=\"true\" class=\"fas fa-caret-right\"><\/i>\t\t\t\t\t\t<\/span>\n\t\t\t\t\t\t\t\t\t\t<span class=\"elementor-icon-list-text\">Moral de Sayago <\/span>\n\t\t\t\t\t\t\t\t\t<\/li>\n\t\t\t\t\t\t\t\t<li class=\"elementor-icon-list-item\">\n\t\t\t\t\t\t\t\t\t\t\t<span class=\"elementor-icon-list-icon\">\n\t\t\t\t\t\t\t<i aria-hidden=\"true\" class=\"fas fa-caret-right\"><\/i>\t\t\t\t\t\t<\/span>\n\t\t\t\t\t\t\t\t\t\t<span class=\"elementor-icon-list-text\">Moralina <\/span>\n\t\t\t\t\t\t\t\t\t<\/li>\n\t\t\t\t\t\t\t\t<li class=\"elementor-icon-list-item\">\n\t\t\t\t\t\t\t\t\t\t\t<span class=\"elementor-icon-list-icon\">\n\t\t\t\t\t\t\t<i aria-hidden=\"true\" class=\"fas fa-caret-right\"><\/i>\t\t\t\t\t\t<\/span>\n\t\t\t\t\t\t\t\t\t\t<span class=\"elementor-icon-list-text\">Muga de Sayago <\/span>\n\t\t\t\t\t\t\t\t\t<\/li>\n\t\t\t\t\t\t\t\t<li class=\"elementor-icon-list-item\">\n\t\t\t\t\t\t\t\t\t\t\t<span class=\"elementor-icon-list-icon\">\n\t\t\t\t\t\t\t<i aria-hidden=\"true\" class=\"fas fa-caret-right\"><\/i>\t\t\t\t\t\t<\/span>\n\t\t\t\t\t\t\t\t\t\t<span class=\"elementor-icon-list-text\">Pino del Oro<\/span>\n\t\t\t\t\t\t\t\t\t<\/li>\n\t\t\t\t\t\t\t\t<li class=\"elementor-icon-list-item\">\n\t\t\t\t\t\t\t\t\t\t\t<span class=\"elementor-icon-list-icon\">\n\t\t\t\t\t\t\t<i aria-hidden=\"true\" class=\"fas fa-caret-right\"><\/i>\t\t\t\t\t\t<\/span>\n\t\t\t\t\t\t\t\t\t\t<span class=\"elementor-icon-list-text\">Torragamones <\/span>\n\t\t\t\t\t\t\t\t\t<\/li>\n\t\t\t\t\t\t\t\t<li class=\"elementor-icon-list-item\">\n\t\t\t\t\t\t\t\t\t\t\t<span class=\"elementor-icon-list-icon\">\n\t\t\t\t\t\t\t<i aria-hidden=\"true\" class=\"fas fa-caret-right\"><\/i>\t\t\t\t\t\t<\/span>\n\t\t\t\t\t\t\t\t\t\t<span class=\"elementor-icon-list-text\">Villadepera <\/span>\n\t\t\t\t\t\t\t\t\t<\/li>\n\t\t\t\t\t\t\t\t<li class=\"elementor-icon-list-item\">\n\t\t\t\t\t\t\t\t\t\t\t<span class=\"elementor-icon-list-icon\">\n\t\t\t\t\t\t\t<i aria-hidden=\"true\" class=\"fas fa-caret-right\"><\/i>\t\t\t\t\t\t<\/span>\n\t\t\t\t\t\t\t\t\t\t<span class=\"elementor-icon-list-text\">Villar del Buey <\/span>\n\t\t\t\t\t\t\t\t\t<\/li>\n\t\t\t\t\t\t\t\t<li class=\"elementor-icon-list-item\">\n\t\t\t\t\t\t\t\t\t\t\t<span class=\"elementor-icon-list-icon\">\n\t\t\t\t\t\t\t<i aria-hidden=\"true\" class=\"fas fa-caret-right\"><\/i>\t\t\t\t\t\t<\/span>\n\t\t\t\t\t\t\t\t\t\t<span class=\"elementor-icon-list-text\">Villardiegua de la Ribera <\/span>\n\t\t\t\t\t\t\t\t\t<\/li>\n\t\t\t\t\t\t\t\t<li class=\"elementor-icon-list-item\">\n\t\t\t\t\t\t\t\t\t\t\t<span class=\"elementor-icon-list-icon\">\n\t\t\t\t\t\t\t<i aria-hidden=\"true\" class=\"fas fa-caret-right\"><\/i>\t\t\t\t\t\t<\/span>\n\t\t\t\t\t\t\t\t\t\t<span class=\"elementor-icon-list-text\">Pereruela Ca\u00f1ones <\/span>\n\t\t\t\t\t\t\t\t\t<\/li>\n\t\t\t\t\t\t\t\t<li class=\"elementor-icon-list-item\">\n\t\t\t\t\t\t\t\t\t\t\t<span class=\"elementor-icon-list-icon\">\n\t\t\t\t\t\t\t<i aria-hidden=\"true\" class=\"fas fa-caret-right\"><\/i>\t\t\t\t\t\t<\/span>\n\t\t\t\t\t\t\t\t\t\t<span class=\"elementor-icon-list-text\">Almaraz de Duero <\/span>\n\t\t\t\t\t\t\t\t\t<\/li>\n\t\t\t\t\t\t\t\t<li class=\"elementor-icon-list-item\">\n\t\t\t\t\t\t\t\t\t\t\t<span class=\"elementor-icon-list-icon\">\n\t\t\t\t\t\t\t<i aria-hidden=\"true\" class=\"fas fa-caret-right\"><\/i>\t\t\t\t\t\t<\/span>\n\t\t\t\t\t\t\t\t\t\t<span class=\"elementor-icon-list-text\">Muelas del Pan <\/span>\n\t\t\t\t\t\t\t\t\t<\/li>\n\t\t\t\t\t\t\t\t<li class=\"elementor-icon-list-item\">\n\t\t\t\t\t\t\t\t\t\t\t<span class=\"elementor-icon-list-icon\">\n\t\t\t\t\t\t\t<i aria-hidden=\"true\" class=\"fas fa-caret-right\"><\/i>\t\t\t\t\t\t<\/span>\n\t\t\t\t\t\t\t\t\t\t<span class=\"elementor-icon-list-text\">Villaseco del Pan <\/span>\n\t\t\t\t\t\t\t\t\t<\/li>\n\t\t\t\t\t\t\t\t<li class=\"elementor-icon-list-item\">\n\t\t\t\t\t\t\t\t\t\t\t<span class=\"elementor-icon-list-icon\">\n\t\t\t\t\t\t\t<i aria-hidden=\"true\" class=\"fas fa-caret-right\"><\/i>\t\t\t\t\t\t<\/span>\n\t\t\t\t\t\t\t\t\t\t<span class=\"elementor-icon-list-text\">Zamora <\/span>\n\t\t\t\t\t\t\t\t\t<\/li>\n\t\t\t\t\t\t<\/ul>\n\t\t\t\t<\/div>\n\t\t\t\t<\/div>\n\t\t\t\t\t<\/div>\n\t\t<\/div>\n\t\t\t\t\t<\/div>\n\t\t<\/section>\n\t\t\t\t<section class=\"elementor-section elementor-top-section elementor-element elementor-element-bf79bfe elementor-section-boxed elementor-section-height-default elementor-section-height-default\" data-id=\"bf79bfe\" data-element_type=\"section\">\n\t\t\t\t\t\t<div class=\"elementor-container elementor-column-gap-default\">\n\t\t\t\t\t<div class=\"elementor-column elementor-col-50 elementor-top-column elementor-element elementor-element-06da66f\" data-id=\"06da66f\" data-element_type=\"column\">\n\t\t\t<div class=\"elementor-widget-wrap elementor-element-populated\">\n\t\t\t\t\t\t<div class=\"elementor-element elementor-element-eb9ec1f elementor-widget__width-initial e-transform elementor-view-default elementor-position-top elementor-mobile-position-top elementor-widget elementor-widget-icon-box\" data-id=\"eb9ec1f\" data-element_type=\"widget\" data-settings=\"{&quot;_transform_scale_effect_hover&quot;:{&quot;unit&quot;:&quot;px&quot;,&quot;size&quot;:1.1,&quot;sizes&quot;:[]},&quot;_transform_scale_effect_hover_tablet&quot;:{&quot;unit&quot;:&quot;px&quot;,&quot;size&quot;:&quot;&quot;,&quot;sizes&quot;:[]},&quot;_transform_scale_effect_hover_mobile&quot;:{&quot;unit&quot;:&quot;px&quot;,&quot;size&quot;:&quot;&quot;,&quot;sizes&quot;:[]}}\" data-widget_type=\"icon-box.default\">\n\t\t\t\t<div class=\"elementor-widget-container\">\n\t\t\t\t\t<div class=\"elementor-icon-box-wrapper\">\n\n\t\t\t\t\t\t<div class=\"elementor-icon-box-icon\">\n\t\t\t\t<a href=\"https:\/\/www.turismoenzamora.es\/informacion-medidas-antifraude\" class=\"elementor-icon elementor-animation-\" tabindex=\"-1\">\n\t\t\t\t<i aria-hidden=\"true\" class=\"fas fa-info-circle\"><\/i>\t\t\t\t<\/a>\n\t\t\t<\/div>\n\t\t\t\n\t\t\t\t\t\t<div class=\"elementor-icon-box-content\">\n\n\t\t\t\t\t\t\t\t\t<h3 class=\"elementor-icon-box-title\">\n\t\t\t\t\t\t<a href=\"https:\/\/www.turismoenzamora.es\/informacion-medidas-antifraude\" >\n\t\t\t\t\t\t\tInformaci\u00f3n <br> medidas antifraude\t\t\t\t\t\t<\/a>\n\t\t\t\t\t<\/h3>\n\t\t\t\t\n\t\t\t\t\n\t\t\t<\/div>\n\t\t\t\n\t\t<\/div>\n\t\t\t\t<\/div>\n\t\t\t\t<\/div>\n\t\t\t\t\t<\/div>\n\t\t<\/div>\n\t\t\t\t<div class=\"elementor-column elementor-col-50 elementor-top-column elementor-element elementor-element-87fa766\" data-id=\"87fa766\" data-element_type=\"column\">\n\t\t\t<div class=\"elementor-widget-wrap elementor-element-populated\">\n\t\t\t\t\t\t<div class=\"elementor-element elementor-element-ca01e4e elementor-widget__width-initial e-transform elementor-view-default elementor-position-top elementor-mobile-position-top elementor-widget elementor-widget-icon-box\" data-id=\"ca01e4e\" data-element_type=\"widget\" data-settings=\"{&quot;_transform_scale_effect_hover&quot;:{&quot;unit&quot;:&quot;px&quot;,&quot;size&quot;:1.1,&quot;sizes&quot;:[]},&quot;_transform_scale_effect_hover_tablet&quot;:{&quot;unit&quot;:&quot;px&quot;,&quot;size&quot;:&quot;&quot;,&quot;sizes&quot;:[]},&quot;_transform_scale_effect_hover_mobile&quot;:{&quot;unit&quot;:&quot;px&quot;,&quot;size&quot;:&quot;&quot;,&quot;sizes&quot;:[]}}\" data-widget_type=\"icon-box.default\">\n\t\t\t\t<div class=\"elementor-widget-container\">\n\t\t\t\t\t<div class=\"elementor-icon-box-wrapper\">\n\n\t\t\t\t\t\t<div class=\"elementor-icon-box-icon\">\n\t\t\t\t<a href=\"https:\/\/www.turismoenzamora.es\/licitaciones-3\" class=\"elementor-icon elementor-animation-\" tabindex=\"-1\">\n\t\t\t\t<i aria-hidden=\"true\" class=\"far fa-file-alt\"><\/i>\t\t\t\t<\/a>\n\t\t\t<\/div>\n\t\t\t\n\t\t\t\t\t\t<div class=\"elementor-icon-box-content\">\n\n\t\t\t\t\t\t\t\t\t<h3 class=\"elementor-icon-box-title\">\n\t\t\t\t\t\t<a href=\"https:\/\/www.turismoenzamora.es\/licitaciones-3\" >\n\t\t\t\t\t\t\tLicitaciones\t\t\t\t\t\t<\/a>\n\t\t\t\t\t<\/h3>\n\t\t\t\t\n\t\t\t\t\n\t\t\t<\/div>\n\t\t\t\n\t\t<\/div>\n\t\t\t\t<\/div>\n\t\t\t\t<\/div>\n\t\t\t\t\t<\/div>\n\t\t<\/div>\n\t\t\t\t\t<\/div>\n\t\t<\/section>\n\t\t\t\t<\/div>\n\t\t","protected":false},"excerpt":{"rendered":"<p>PSTD \u201cCorredor Ecotur\u00edstico de Zamora y el Duero\u201d El PLAN DE SOSTENIBILIDAD TUR\u00cdSTICA \u201cCORREDOR ECOTUR\u00cdSTICO DE ZAMORA Y EL DUERO\u201d, presentado por el Patronato Provincial de Turismo de Zamora a la convocatoria extraordinaria \u00a0de sostenibilidad tur\u00edstica-Fondos Europeos, fue aprobado por Resoluci\u00f3n de 23 de diciembre de 2021, de la Secretar\u00eda de Estado de Turismo, por [&hellip;]<\/p>\n","protected":false},"author":1,"featured_media":0,"parent":0,"menu_order":0,"comment_status":"closed","ping_status":"closed","template":"","meta":{"inline_featured_image":false,"site-sidebar-layout":"no-sidebar","site-content-layout":"page-builder","ast-site-content-layout":"","site-content-style":"default","site-sidebar-style":"default","ast-global-header-display":"","ast-banner-title-visibility":"","ast-main-header-display":"","ast-hfb-above-header-display":"","ast-hfb-below-header-display":"","ast-hfb-mobile-header-display":"","site-post-title":"disabled","ast-breadcrumbs-content":"","ast-featured-img":"disabled","footer-sml-layout":"","theme-transparent-header-meta":"","adv-header-id-meta":"","stick-header-meta":"","header-above-stick-meta":"","header-main-stick-meta":"","header-below-stick-meta":"","astra-migrate-meta-layouts":"default","ast-page-background-enabled":"default","ast-page-background-meta":{"desktop":{"background-color":"","background-image":"","background-repeat":"repeat","background-position":"center center","background-size":"auto","background-attachment":"scroll","background-type":"","background-media":"","overlay-type":"","overlay-color":"","overlay-opacity":"","overlay-gradient":""},"tablet":{"background-color":"","background-image":"","background-repeat":"repeat","background-position":"center center","background-size":"auto","background-attachment":"scroll","background-type":"","background-media":"","overlay-type":"","overlay-color":"","overlay-opacity":"","overlay-gradient":""},"mobile":{"background-color":"","background-image":"","background-repeat":"repeat","background-position":"center center","background-size":"auto","background-attachment":"scroll","background-type":"","background-media":"","overlay-type":"","overlay-color":"","overlay-opacity":"","overlay-gradient":""}},"ast-content-background-meta":{"desktop":{"background-color":"var(--ast-global-color-5)","background-image":"","background-repeat":"repeat","background-position":"center center","background-size":"auto","background-attachment":"scroll","background-type":"","background-media":"","overlay-type":"","overlay-color":"","overlay-opacity":"","overlay-gradient":""},"tablet":{"background-color":"var(--ast-global-color-5)","background-image":"","background-repeat":"repeat","background-position":"center center","background-size":"auto","background-attachment":"scroll","background-type":"","background-media":"","overlay-type":"","overlay-color":"","overlay-opacity":"","overlay-gradient":""},"mobile":{"background-color":"var(--ast-global-color-5)","background-image":"","background-repeat":"repeat","background-position":"center center","background-size":"auto","background-attachment":"scroll","background-type":"","background-media":"","overlay-type":"","overlay-color":"","overlay-opacity":"","overlay-gradient":""}},"ngg_post_thumbnail":0,"footnotes":""},"yoast_head":"<!-- This site is optimized with the Yoast SEO plugin v23.0 - https:\/\/yoast.com\/wordpress\/plugins\/seo\/ -->\n<title>Turismo de Zamora , Turismo Sostenible<\/title>\n<meta name=\"description\" content=\"Esta es la p\u00e1gina Oficial de Turismo de Diputaci\u00f3n de Zamora, donde podr\u00e1 encontrar toda la informaci\u00f3n para disfrutar al m\u00e1ximo de nuestra provincia.\" \/>\n<meta name=\"robots\" content=\"index, follow, max-snippet:-1, max-image-preview:large, max-video-preview:-1\" \/>\n<link rel=\"canonical\" href=\"https:\/\/turismoenzamora.es\/pstd-corredor-ecoturistico-de-zamora-y-el-duero\/\" \/>\n<meta property=\"og:locale\" content=\"pt_PT\" \/>\n<meta property=\"og:type\" content=\"article\" \/>\n<meta property=\"og:title\" content=\"Turismo de Zamora , Turismo Sostenible\" \/>\n<meta property=\"og:description\" content=\"Esta es la p\u00e1gina Oficial de Turismo de Diputaci\u00f3n de Zamora, donde podr\u00e1 encontrar toda la informaci\u00f3n para disfrutar al m\u00e1ximo de nuestra provincia.\" \/>\n<meta property=\"og:url\" content=\"https:\/\/turismoenzamora.es\/pstd-corredor-ecoturistico-de-zamora-y-el-duero\/\" \/>\n<meta property=\"og:site_name\" content=\"Turismo em Zamora\" \/>\n<meta property=\"article:publisher\" content=\"https:\/\/www.facebook.com\/ZamoraSpain\/\" \/>\n<meta property=\"article:modified_time\" content=\"2023-06-13T11:43:46+00:00\" \/>\n<meta property=\"og:image\" content=\"https:\/\/turismoenzamora.es\/wp-content\/uploads\/2023\/02\/Imagen1.png\" \/>\n<meta name=\"twitter:card\" content=\"summary_large_image\" \/>\n<meta name=\"twitter:site\" content=\"@ZamoraSpain\" \/>\n<meta name=\"twitter:label1\" content=\"Tempo estimado de leitura\" \/>\n\t<meta name=\"twitter:data1\" content=\"8 minutos\" \/>\n<script type=\"application\/ld+json\" class=\"yoast-schema-graph\">{\"@context\":\"https:\/\/schema.org\",\"@graph\":[{\"@type\":\"WebPage\",\"@id\":\"https:\/\/turismoenzamora.es\/pstd-corredor-ecoturistico-de-zamora-y-el-duero\/\",\"url\":\"https:\/\/turismoenzamora.es\/pstd-corredor-ecoturistico-de-zamora-y-el-duero\/\",\"name\":\"Turismo de Zamora , Turismo Sostenible\",\"isPartOf\":{\"@id\":\"https:\/\/turismoenzamora.es\/pt\/#website\"},\"primaryImageOfPage\":{\"@id\":\"https:\/\/turismoenzamora.es\/pstd-corredor-ecoturistico-de-zamora-y-el-duero\/#primaryimage\"},\"image\":{\"@id\":\"https:\/\/turismoenzamora.es\/pstd-corredor-ecoturistico-de-zamora-y-el-duero\/#primaryimage\"},\"thumbnailUrl\":\"https:\/\/turismoenzamora.es\/wp-content\/uploads\/2023\/02\/Imagen1.png\",\"datePublished\":\"2023-02-10T10:22:58+00:00\",\"dateModified\":\"2023-06-13T11:43:46+00:00\",\"description\":\"Esta es la p\u00e1gina Oficial de Turismo de Diputaci\u00f3n de Zamora, donde podr\u00e1 encontrar toda la informaci\u00f3n para disfrutar al m\u00e1ximo de nuestra provincia.\",\"breadcrumb\":{\"@id\":\"https:\/\/turismoenzamora.es\/pstd-corredor-ecoturistico-de-zamora-y-el-duero\/#breadcrumb\"},\"inLanguage\":\"pt-PT\",\"potentialAction\":[{\"@type\":\"ReadAction\",\"target\":[\"https:\/\/turismoenzamora.es\/pstd-corredor-ecoturistico-de-zamora-y-el-duero\/\"]}]},{\"@type\":\"ImageObject\",\"inLanguage\":\"pt-PT\",\"@id\":\"https:\/\/turismoenzamora.es\/pstd-corredor-ecoturistico-de-zamora-y-el-duero\/#primaryimage\",\"url\":\"https:\/\/turismoenzamora.es\/wp-content\/uploads\/2023\/02\/Imagen1.png\",\"contentUrl\":\"https:\/\/turismoenzamora.es\/wp-content\/uploads\/2023\/02\/Imagen1.png\"},{\"@type\":\"BreadcrumbList\",\"@id\":\"https:\/\/turismoenzamora.es\/pstd-corredor-ecoturistico-de-zamora-y-el-duero\/#breadcrumb\",\"itemListElement\":[{\"@type\":\"ListItem\",\"position\":1,\"name\":\"Portada\",\"item\":\"https:\/\/turismoenzamora.es\/\"},{\"@type\":\"ListItem\",\"position\":2,\"name\":\"PSTD \u201cCorredor Ecotur\u00edstico de Zamora y el Duero\u201d\"}]},{\"@type\":\"WebSite\",\"@id\":\"https:\/\/turismoenzamora.es\/pt\/#website\",\"url\":\"https:\/\/turismoenzamora.es\/pt\/\",\"name\":\"Turismo sostenible. Patronato de Turismo de la Diputaci\u00f3n de Zamora.&quot;Turismo Sostenible&quot;.\",\"description\":\"Turismo Sustent\u00e1vel Posto de Turismo da Diputaci\u00f3n de Zamora\",\"publisher\":{\"@id\":\"https:\/\/turismoenzamora.es\/pt\/#organization\"},\"potentialAction\":[{\"@type\":\"SearchAction\",\"target\":{\"@type\":\"EntryPoint\",\"urlTemplate\":\"https:\/\/turismoenzamora.es\/pt\/?s={search_term_string}\"},\"query-input\":\"required name=search_term_string\"}],\"inLanguage\":\"pt-PT\"},{\"@type\":\"Organization\",\"@id\":\"https:\/\/turismoenzamora.es\/pt\/#organization\",\"name\":\"Patronato de Turismo de la Diputaci\u00f3n de Zamora\",\"url\":\"https:\/\/turismoenzamora.es\/pt\/\",\"logo\":{\"@type\":\"ImageObject\",\"inLanguage\":\"pt-PT\",\"@id\":\"https:\/\/turismoenzamora.es\/pt\/#\/schema\/logo\/image\/\",\"url\":\"https:\/\/turismoenzamora.es\/wp-content\/uploads\/2018\/06\/ZamoraLogo.png\",\"contentUrl\":\"https:\/\/turismoenzamora.es\/wp-content\/uploads\/2018\/06\/ZamoraLogo.png\",\"width\":1276,\"height\":290,\"caption\":\"Patronato de Turismo de la Diputaci\u00f3n de Zamora\"},\"image\":{\"@id\":\"https:\/\/turismoenzamora.es\/pt\/#\/schema\/logo\/image\/\"},\"sameAs\":[\"https:\/\/www.facebook.com\/ZamoraSpain\/\",\"https:\/\/x.com\/ZamoraSpain\",\"https:\/\/www.instagram.com\/turismoenzamora.es\/\",\"https:\/\/www.pinterest.es\/TurismoenZamora\/\",\"https:\/\/www.youtube.com\/channel\/UC2bOyOZ-2cLm-uXlBFYUV9w\"]}]}<\/script>\n<!-- \/ Yoast SEO plugin. -->","yoast_head_json":{"title":"Turismo de Zamora , Turismo Sostenible","description":"Esta es la p\u00e1gina Oficial de Turismo de Diputaci\u00f3n de Zamora, donde podr\u00e1 encontrar toda la informaci\u00f3n para disfrutar al m\u00e1ximo de nuestra provincia.","robots":{"index":"index","follow":"follow","max-snippet":"max-snippet:-1","max-image-preview":"max-image-preview:large","max-video-preview":"max-video-preview:-1"},"canonical":"https:\/\/turismoenzamora.es\/pstd-corredor-ecoturistico-de-zamora-y-el-duero\/","og_locale":"pt_PT","og_type":"article","og_title":"Turismo de Zamora , Turismo Sostenible","og_description":"Esta es la p\u00e1gina Oficial de Turismo de Diputaci\u00f3n de Zamora, donde podr\u00e1 encontrar toda la informaci\u00f3n para disfrutar al m\u00e1ximo de nuestra provincia.","og_url":"https:\/\/turismoenzamora.es\/pstd-corredor-ecoturistico-de-zamora-y-el-duero\/","og_site_name":"Turismo em Zamora","article_publisher":"https:\/\/www.facebook.com\/ZamoraSpain\/","article_modified_time":"2023-06-13T11:43:46+00:00","og_image":[{"url":"https:\/\/turismoenzamora.es\/wp-content\/uploads\/2023\/02\/Imagen1.png"}],"twitter_card":"summary_large_image","twitter_site":"@ZamoraSpain","twitter_misc":{"Tempo estimado de leitura":"8 minutos"},"schema":{"@context":"https:\/\/schema.org","@graph":[{"@type":"WebPage","@id":"https:\/\/turismoenzamora.es\/pstd-corredor-ecoturistico-de-zamora-y-el-duero\/","url":"https:\/\/turismoenzamora.es\/pstd-corredor-ecoturistico-de-zamora-y-el-duero\/","name":"Turismo de Zamora , Turismo Sostenible","isPartOf":{"@id":"https:\/\/turismoenzamora.es\/pt\/#website"},"primaryImageOfPage":{"@id":"https:\/\/turismoenzamora.es\/pstd-corredor-ecoturistico-de-zamora-y-el-duero\/#primaryimage"},"image":{"@id":"https:\/\/turismoenzamora.es\/pstd-corredor-ecoturistico-de-zamora-y-el-duero\/#primaryimage"},"thumbnailUrl":"https:\/\/turismoenzamora.es\/wp-content\/uploads\/2023\/02\/Imagen1.png","datePublished":"2023-02-10T10:22:58+00:00","dateModified":"2023-06-13T11:43:46+00:00","description":"Esta es la p\u00e1gina Oficial de Turismo de Diputaci\u00f3n de Zamora, donde podr\u00e1 encontrar toda la informaci\u00f3n para disfrutar al m\u00e1ximo de nuestra provincia.","breadcrumb":{"@id":"https:\/\/turismoenzamora.es\/pstd-corredor-ecoturistico-de-zamora-y-el-duero\/#breadcrumb"},"inLanguage":"pt-PT","potentialAction":[{"@type":"ReadAction","target":["https:\/\/turismoenzamora.es\/pstd-corredor-ecoturistico-de-zamora-y-el-duero\/"]}]},{"@type":"ImageObject","inLanguage":"pt-PT","@id":"https:\/\/turismoenzamora.es\/pstd-corredor-ecoturistico-de-zamora-y-el-duero\/#primaryimage","url":"https:\/\/turismoenzamora.es\/wp-content\/uploads\/2023\/02\/Imagen1.png","contentUrl":"https:\/\/turismoenzamora.es\/wp-content\/uploads\/2023\/02\/Imagen1.png"},{"@type":"BreadcrumbList","@id":"https:\/\/turismoenzamora.es\/pstd-corredor-ecoturistico-de-zamora-y-el-duero\/#breadcrumb","itemListElement":[{"@type":"ListItem","position":1,"name":"Portada","item":"https:\/\/turismoenzamora.es\/"},{"@type":"ListItem","position":2,"name":"PSTD \u201cCorredor Ecotur\u00edstico de Zamora y el Duero\u201d"}]},{"@type":"WebSite","@id":"https:\/\/turismoenzamora.es\/pt\/#website","url":"https:\/\/turismoenzamora.es\/pt\/","name":"Turismo sostenible. Patronato de Turismo de la Diputaci\u00f3n de Zamora.&quot;Turismo Sostenible&quot;.","description":"Turismo Sustent\u00e1vel Posto de Turismo da Diputaci\u00f3n de Zamora","publisher":{"@id":"https:\/\/turismoenzamora.es\/pt\/#organization"},"potentialAction":[{"@type":"SearchAction","target":{"@type":"EntryPoint","urlTemplate":"https:\/\/turismoenzamora.es\/pt\/?s={search_term_string}"},"query-input":"required name=search_term_string"}],"inLanguage":"pt-PT"},{"@type":"Organization","@id":"https:\/\/turismoenzamora.es\/pt\/#organization","name":"Patronato de Turismo de la Diputaci\u00f3n de Zamora","url":"https:\/\/turismoenzamora.es\/pt\/","logo":{"@type":"ImageObject","inLanguage":"pt-PT","@id":"https:\/\/turismoenzamora.es\/pt\/#\/schema\/logo\/image\/","url":"https:\/\/turismoenzamora.es\/wp-content\/uploads\/2018\/06\/ZamoraLogo.png","contentUrl":"https:\/\/turismoenzamora.es\/wp-content\/uploads\/2018\/06\/ZamoraLogo.png","width":1276,"height":290,"caption":"Patronato de Turismo de la Diputaci\u00f3n de Zamora"},"image":{"@id":"https:\/\/turismoenzamora.es\/pt\/#\/schema\/logo\/image\/"},"sameAs":["https:\/\/www.facebook.com\/ZamoraSpain\/","https:\/\/x.com\/ZamoraSpain","https:\/\/www.instagram.com\/turismoenzamora.es\/","https:\/\/www.pinterest.es\/TurismoenZamora\/","https:\/\/www.youtube.com\/channel\/UC2bOyOZ-2cLm-uXlBFYUV9w"]}]}},"_links":{"self":[{"href":"https:\/\/turismoenzamora.es\/pt\/wp-json\/wp\/v2\/pages\/17068"}],"collection":[{"href":"https:\/\/turismoenzamora.es\/pt\/wp-json\/wp\/v2\/pages"}],"about":[{"href":"https:\/\/turismoenzamora.es\/pt\/wp-json\/wp\/v2\/types\/page"}],"author":[{"embeddable":true,"href":"https:\/\/turismoenzamora.es\/pt\/wp-json\/wp\/v2\/users\/1"}],"replies":[{"embeddable":true,"href":"https:\/\/turismoenzamora.es\/pt\/wp-json\/wp\/v2\/comments?post=17068"}],"version-history":[{"count":0,"href":"https:\/\/turismoenzamora.es\/pt\/wp-json\/wp\/v2\/pages\/17068\/revisions"}],"wp:attachment":[{"href":"https:\/\/turismoenzamora.es\/pt\/wp-json\/wp\/v2\/media?parent=17068"}],"curies":[{"name":"wp","href":"https:\/\/api.w.org\/{rel}","templated":true}]}}