{"id":18865,"date":"2023-11-08T10:57:35","date_gmt":"2023-11-08T08:57:35","guid":{"rendered":"https:\/\/www.turismoenzamora.es\/?post_type=mec-events&#038;p=18865"},"modified":"2023-11-08T11:30:19","modified_gmt":"2023-11-08T09:30:19","slug":"lota-las-mujeres-del-carbon","status":"publish","type":"mec-events","link":"https:\/\/turismoenzamora.es\/fr\/agenda\/lota-las-mujeres-del-carbon\/","title":{"rendered":"(Espa\u00f1ol) Lota, las mujeres del carb\u00f3n"},"content":{"rendered":"<p class=\"qtranxs-available-languages-message qtranxs-available-languages-message-fr\">D\u00e9sol\u00e9, cet article est seulement disponible en <a href=\"https:\/\/turismoenzamora.es\/es\/wp-json\/wp\/v2\/mec-events\/18865\" class=\"qtranxs-available-language-link qtranxs-available-language-link-es\" title=\"Espa\u00f1ol\">Espagnol Europ\u00e9en<\/a>.<\/p>","protected":false},"excerpt":{"rendered":"<p>D\u00e9sol\u00e9, cet article est seulement disponible en Espagnol Europ\u00e9en.<\/p>\n","protected":false},"author":1,"featured_media":18866,"comment_status":"closed","ping_status":"closed","template":"","meta":{"inline_featured_image":false,"site-sidebar-layout":"default","site-content-layout":"default","ast-site-content-layout":"","site-content-style":"default","site-sidebar-style":"default","ast-global-header-display":"","ast-banner-title-visibility":"","ast-main-header-display":"","ast-hfb-above-header-display":"","ast-hfb-below-header-display":"","ast-hfb-mobile-header-display":"","site-post-title":"","ast-breadcrumbs-content":"","ast-featured-img":"","footer-sml-layout":"","theme-transparent-header-meta":"default","adv-header-id-meta":"","stick-header-meta":"","header-above-stick-meta":"","header-main-stick-meta":"","header-below-stick-meta":"","astra-migrate-meta-layouts":"default","ast-page-background-enabled":"default","ast-page-background-meta":{"desktop":{"background-color":"","background-image":"","background-repeat":"repeat","background-position":"center center","background-size":"auto","background-attachment":"scroll","background-type":"","background-media":"","overlay-type":"","overlay-color":"","overlay-opacity":"","overlay-gradient":""},"tablet":{"background-color":"","background-image":"","background-repeat":"repeat","background-position":"center center","background-size":"auto","background-attachment":"scroll","background-type":"","background-media":"","overlay-type":"","overlay-color":"","overlay-opacity":"","overlay-gradient":""},"mobile":{"background-color":"","background-image":"","background-repeat":"repeat","background-position":"center center","background-size":"auto","background-attachment":"scroll","background-type":"","background-media":"","overlay-type":"","overlay-color":"","overlay-opacity":"","overlay-gradient":""}},"ast-content-background-meta":{"desktop":{"background-color":"var(--ast-global-color-5)","background-image":"","background-repeat":"repeat","background-position":"center center","background-size":"auto","background-attachment":"scroll","background-type":"","background-media":"","overlay-type":"","overlay-color":"","overlay-opacity":"","overlay-gradient":""},"tablet":{"background-color":"var(--ast-global-color-5)","background-image":"","background-repeat":"repeat","background-position":"center center","background-size":"auto","background-attachment":"scroll","background-type":"","background-media":"","overlay-type":"","overlay-color":"","overlay-opacity":"","overlay-gradient":""},"mobile":{"background-color":"var(--ast-global-color-5)","background-image":"","background-repeat":"repeat","background-position":"center center","background-size":"auto","background-attachment":"scroll","background-type":"","background-media":"","overlay-type":"","overlay-color":"","overlay-opacity":"","overlay-gradient":""}},"ngg_post_thumbnail":0},"tags":[],"mec_category":[245],"yoast_head":"<!-- This site is optimized with the Yoast SEO plugin v23.0 - https:\/\/yoast.com\/wordpress\/plugins\/seo\/ -->\n<title>(Espa\u00f1ol) Lota, las mujeres del carb\u00f3n &#183; Tourisme \u00e0 Zamora<\/title>\n<meta name=\"description\" content=\"\u201cLota, las Mujeres del Carb\u00f3n\u201d, nos cuenta el momento hist\u00f3rico del cierre de la Mina de la ciudad chilena LOTA, con una mirada centrada en la mujer como pilar de esta sociedad minera, que nos invita a la reflexi\u00f3n y a la emoci\u00f3n a trav\u00e9s de su tem\u00e1tica tan vigente y universal\" \/>\n<meta name=\"robots\" content=\"index, follow, max-snippet:-1, max-image-preview:large, max-video-preview:-1\" \/>\n<link rel=\"canonical\" href=\"https:\/\/turismoenzamora.es\/agenda\/lota-las-mujeres-del-carbon\/\" \/>\n<meta property=\"og:locale\" content=\"fr_FR\" \/>\n<meta property=\"og:type\" content=\"article\" \/>\n<meta property=\"og:title\" content=\"(Espa\u00f1ol) Lota, las mujeres del carb\u00f3n &#183; Tourisme \u00e0 Zamora\" \/>\n<meta property=\"og:description\" content=\"\u201cLota, las Mujeres del Carb\u00f3n\u201d, nos cuenta el momento hist\u00f3rico del cierre de la Mina de la ciudad chilena LOTA, con una mirada centrada en la mujer como pilar de esta sociedad minera, que nos invita a la reflexi\u00f3n y a la emoci\u00f3n a trav\u00e9s de su tem\u00e1tica tan vigente y universal\" \/>\n<meta property=\"og:url\" content=\"https:\/\/turismoenzamora.es\/agenda\/lota-las-mujeres-del-carbon\/\" \/>\n<meta property=\"og:site_name\" content=\"Tourisme \u00e0 Zamora\" \/>\n<meta property=\"article:publisher\" content=\"https:\/\/www.facebook.com\/ZamoraSpain\/\" \/>\n<meta property=\"article:modified_time\" content=\"2023-11-08T09:30:19+00:00\" \/>\n<meta property=\"og:image\" content=\"https:\/\/turismoenzamora.es\/wp-content\/uploads\/2023\/11\/LOTA-LA-MUJERES.jpg\" \/>\n\t<meta property=\"og:image:width\" content=\"400\" \/>\n\t<meta property=\"og:image:height\" content=\"400\" \/>\n\t<meta property=\"og:image:type\" content=\"image\/jpeg\" \/>\n<meta name=\"twitter:card\" content=\"summary_large_image\" \/>\n<meta name=\"twitter:site\" content=\"@ZamoraSpain\" \/>\n<meta name=\"twitter:label1\" content=\"Dur\u00e9e de lecture estim\u00e9e\" \/>\n\t<meta name=\"twitter:data1\" content=\"1 minute\" \/>\n<script type=\"application\/ld+json\" class=\"yoast-schema-graph\">{\"@context\":\"https:\/\/schema.org\",\"@graph\":[{\"@type\":\"WebPage\",\"@id\":\"https:\/\/turismoenzamora.es\/agenda\/lota-las-mujeres-del-carbon\/\",\"url\":\"https:\/\/turismoenzamora.es\/agenda\/lota-las-mujeres-del-carbon\/\",\"name\":\"(Espa\u00f1ol) Lota, las mujeres del carb\u00f3n &#183; Tourisme \u00e0 Zamora\",\"isPartOf\":{\"@id\":\"https:\/\/turismoenzamora.es\/pt\/#website\"},\"primaryImageOfPage\":{\"@id\":\"https:\/\/turismoenzamora.es\/agenda\/lota-las-mujeres-del-carbon\/#primaryimage\"},\"image\":{\"@id\":\"https:\/\/turismoenzamora.es\/agenda\/lota-las-mujeres-del-carbon\/#primaryimage\"},\"thumbnailUrl\":\"https:\/\/turismoenzamora.es\/wp-content\/uploads\/2023\/11\/LOTA-LA-MUJERES.jpg\",\"datePublished\":\"2023-11-08T08:57:35+00:00\",\"dateModified\":\"2023-11-08T09:30:19+00:00\",\"description\":\"\u201cLota, las Mujeres del Carb\u00f3n\u201d, nos cuenta el momento hist\u00f3rico del cierre de la Mina de la ciudad chilena LOTA, con una mirada centrada en la mujer como pilar de esta sociedad minera, que nos invita a la reflexi\u00f3n y a la emoci\u00f3n a trav\u00e9s de su tem\u00e1tica tan vigente y universal\",\"breadcrumb\":{\"@id\":\"https:\/\/turismoenzamora.es\/agenda\/lota-las-mujeres-del-carbon\/#breadcrumb\"},\"inLanguage\":\"fr-FR\",\"potentialAction\":[{\"@type\":\"ReadAction\",\"target\":[\"https:\/\/turismoenzamora.es\/agenda\/lota-las-mujeres-del-carbon\/\"]}]},{\"@type\":\"ImageObject\",\"inLanguage\":\"fr-FR\",\"@id\":\"https:\/\/turismoenzamora.es\/agenda\/lota-las-mujeres-del-carbon\/#primaryimage\",\"url\":\"https:\/\/turismoenzamora.es\/wp-content\/uploads\/2023\/11\/LOTA-LA-MUJERES.jpg\",\"contentUrl\":\"https:\/\/turismoenzamora.es\/wp-content\/uploads\/2023\/11\/LOTA-LA-MUJERES.jpg\",\"width\":400,\"height\":400},{\"@type\":\"BreadcrumbList\",\"@id\":\"https:\/\/turismoenzamora.es\/agenda\/lota-las-mujeres-del-carbon\/#breadcrumb\",\"itemListElement\":[{\"@type\":\"ListItem\",\"position\":1,\"name\":\"Portada\",\"item\":\"https:\/\/turismoenzamora.es\/\"},{\"@type\":\"ListItem\",\"position\":2,\"name\":\"Eventos\",\"item\":\"https:\/\/turismoenzamora.es\/agenda\/\"},{\"@type\":\"ListItem\",\"position\":3,\"name\":\"Lota, las mujeres del carb\u00f3n\"}]},{\"@type\":\"WebSite\",\"@id\":\"https:\/\/turismoenzamora.es\/pt\/#website\",\"url\":\"https:\/\/turismoenzamora.es\/pt\/\",\"name\":\"Turismo sostenible. Patronato de Turismo de la Diputaci\u00f3n de Zamora.&quot;Turismo Sostenible&quot;.\",\"description\":\"Tourisme durable Office du tourisme de la Diputaci\u00f3n de Zamora\",\"publisher\":{\"@id\":\"https:\/\/turismoenzamora.es\/pt\/#organization\"},\"potentialAction\":[{\"@type\":\"SearchAction\",\"target\":{\"@type\":\"EntryPoint\",\"urlTemplate\":\"https:\/\/turismoenzamora.es\/pt\/?s={search_term_string}\"},\"query-input\":\"required name=search_term_string\"}],\"inLanguage\":\"fr-FR\"},{\"@type\":\"Organization\",\"@id\":\"https:\/\/turismoenzamora.es\/pt\/#organization\",\"name\":\"Patronato de Turismo de la Diputaci\u00f3n de Zamora\",\"url\":\"https:\/\/turismoenzamora.es\/pt\/\",\"logo\":{\"@type\":\"ImageObject\",\"inLanguage\":\"fr-FR\",\"@id\":\"https:\/\/turismoenzamora.es\/pt\/#\/schema\/logo\/image\/\",\"url\":\"https:\/\/turismoenzamora.es\/wp-content\/uploads\/2018\/06\/ZamoraLogo.png\",\"contentUrl\":\"https:\/\/turismoenzamora.es\/wp-content\/uploads\/2018\/06\/ZamoraLogo.png\",\"width\":1276,\"height\":290,\"caption\":\"Patronato de Turismo de la Diputaci\u00f3n de Zamora\"},\"image\":{\"@id\":\"https:\/\/turismoenzamora.es\/pt\/#\/schema\/logo\/image\/\"},\"sameAs\":[\"https:\/\/www.facebook.com\/ZamoraSpain\/\",\"https:\/\/x.com\/ZamoraSpain\",\"https:\/\/www.instagram.com\/turismoenzamora.es\/\",\"https:\/\/www.pinterest.es\/TurismoenZamora\/\",\"https:\/\/www.youtube.com\/channel\/UC2bOyOZ-2cLm-uXlBFYUV9w\"]}]}<\/script>\n<!-- \/ Yoast SEO plugin. -->","yoast_head_json":{"title":"(Espa\u00f1ol) Lota, las mujeres del carb\u00f3n &#183; Tourisme \u00e0 Zamora","description":"\u201cLota, las Mujeres del Carb\u00f3n\u201d, nos cuenta el momento hist\u00f3rico del cierre de la Mina de la ciudad chilena LOTA, con una mirada centrada en la mujer como pilar de esta sociedad minera, que nos invita a la reflexi\u00f3n y a la emoci\u00f3n a trav\u00e9s de su tem\u00e1tica tan vigente y universal","robots":{"index":"index","follow":"follow","max-snippet":"max-snippet:-1","max-image-preview":"max-image-preview:large","max-video-preview":"max-video-preview:-1"},"canonical":"https:\/\/turismoenzamora.es\/agenda\/lota-las-mujeres-del-carbon\/","og_locale":"fr_FR","og_type":"article","og_title":"(Espa\u00f1ol) Lota, las mujeres del carb\u00f3n &#183; Tourisme \u00e0 Zamora","og_description":"\u201cLota, las Mujeres del Carb\u00f3n\u201d, nos cuenta el momento hist\u00f3rico del cierre de la Mina de la ciudad chilena LOTA, con una mirada centrada en la mujer como pilar de esta sociedad minera, que nos invita a la reflexi\u00f3n y a la emoci\u00f3n a trav\u00e9s de su tem\u00e1tica tan vigente y universal","og_url":"https:\/\/turismoenzamora.es\/agenda\/lota-las-mujeres-del-carbon\/","og_site_name":"Tourisme \u00e0 Zamora","article_publisher":"https:\/\/www.facebook.com\/ZamoraSpain\/","article_modified_time":"2023-11-08T09:30:19+00:00","og_image":[{"width":400,"height":400,"url":"https:\/\/turismoenzamora.es\/wp-content\/uploads\/2023\/11\/LOTA-LA-MUJERES.jpg","type":"image\/jpeg"}],"twitter_card":"summary_large_image","twitter_site":"@ZamoraSpain","twitter_misc":{"Dur\u00e9e de lecture estim\u00e9e":"1 minute"},"schema":{"@context":"https:\/\/schema.org","@graph":[{"@type":"WebPage","@id":"https:\/\/turismoenzamora.es\/agenda\/lota-las-mujeres-del-carbon\/","url":"https:\/\/turismoenzamora.es\/agenda\/lota-las-mujeres-del-carbon\/","name":"(Espa\u00f1ol) Lota, las mujeres del carb\u00f3n &#183; Tourisme \u00e0 Zamora","isPartOf":{"@id":"https:\/\/turismoenzamora.es\/pt\/#website"},"primaryImageOfPage":{"@id":"https:\/\/turismoenzamora.es\/agenda\/lota-las-mujeres-del-carbon\/#primaryimage"},"image":{"@id":"https:\/\/turismoenzamora.es\/agenda\/lota-las-mujeres-del-carbon\/#primaryimage"},"thumbnailUrl":"https:\/\/turismoenzamora.es\/wp-content\/uploads\/2023\/11\/LOTA-LA-MUJERES.jpg","datePublished":"2023-11-08T08:57:35+00:00","dateModified":"2023-11-08T09:30:19+00:00","description":"\u201cLota, las Mujeres del Carb\u00f3n\u201d, nos cuenta el momento hist\u00f3rico del cierre de la Mina de la ciudad chilena LOTA, con una mirada centrada en la mujer como pilar de esta sociedad minera, que nos invita a la reflexi\u00f3n y a la emoci\u00f3n a trav\u00e9s de su tem\u00e1tica tan vigente y universal","breadcrumb":{"@id":"https:\/\/turismoenzamora.es\/agenda\/lota-las-mujeres-del-carbon\/#breadcrumb"},"inLanguage":"fr-FR","potentialAction":[{"@type":"ReadAction","target":["https:\/\/turismoenzamora.es\/agenda\/lota-las-mujeres-del-carbon\/"]}]},{"@type":"ImageObject","inLanguage":"fr-FR","@id":"https:\/\/turismoenzamora.es\/agenda\/lota-las-mujeres-del-carbon\/#primaryimage","url":"https:\/\/turismoenzamora.es\/wp-content\/uploads\/2023\/11\/LOTA-LA-MUJERES.jpg","contentUrl":"https:\/\/turismoenzamora.es\/wp-content\/uploads\/2023\/11\/LOTA-LA-MUJERES.jpg","width":400,"height":400},{"@type":"BreadcrumbList","@id":"https:\/\/turismoenzamora.es\/agenda\/lota-las-mujeres-del-carbon\/#breadcrumb","itemListElement":[{"@type":"ListItem","position":1,"name":"Portada","item":"https:\/\/turismoenzamora.es\/"},{"@type":"ListItem","position":2,"name":"Eventos","item":"https:\/\/turismoenzamora.es\/agenda\/"},{"@type":"ListItem","position":3,"name":"Lota, las mujeres del carb\u00f3n"}]},{"@type":"WebSite","@id":"https:\/\/turismoenzamora.es\/pt\/#website","url":"https:\/\/turismoenzamora.es\/pt\/","name":"Turismo sostenible. Patronato de Turismo de la Diputaci\u00f3n de Zamora.&quot;Turismo Sostenible&quot;.","description":"Tourisme durable Office du tourisme de la Diputaci\u00f3n de Zamora","publisher":{"@id":"https:\/\/turismoenzamora.es\/pt\/#organization"},"potentialAction":[{"@type":"SearchAction","target":{"@type":"EntryPoint","urlTemplate":"https:\/\/turismoenzamora.es\/pt\/?s={search_term_string}"},"query-input":"required name=search_term_string"}],"inLanguage":"fr-FR"},{"@type":"Organization","@id":"https:\/\/turismoenzamora.es\/pt\/#organization","name":"Patronato de Turismo de la Diputaci\u00f3n de Zamora","url":"https:\/\/turismoenzamora.es\/pt\/","logo":{"@type":"ImageObject","inLanguage":"fr-FR","@id":"https:\/\/turismoenzamora.es\/pt\/#\/schema\/logo\/image\/","url":"https:\/\/turismoenzamora.es\/wp-content\/uploads\/2018\/06\/ZamoraLogo.png","contentUrl":"https:\/\/turismoenzamora.es\/wp-content\/uploads\/2018\/06\/ZamoraLogo.png","width":1276,"height":290,"caption":"Patronato de Turismo de la Diputaci\u00f3n de Zamora"},"image":{"@id":"https:\/\/turismoenzamora.es\/pt\/#\/schema\/logo\/image\/"},"sameAs":["https:\/\/www.facebook.com\/ZamoraSpain\/","https:\/\/x.com\/ZamoraSpain","https:\/\/www.instagram.com\/turismoenzamora.es\/","https:\/\/www.pinterest.es\/TurismoenZamora\/","https:\/\/www.youtube.com\/channel\/UC2bOyOZ-2cLm-uXlBFYUV9w"]}]}},"_links":{"self":[{"href":"https:\/\/turismoenzamora.es\/fr\/wp-json\/wp\/v2\/mec-events\/18865"}],"collection":[{"href":"https:\/\/turismoenzamora.es\/fr\/wp-json\/wp\/v2\/mec-events"}],"about":[{"href":"https:\/\/turismoenzamora.es\/fr\/wp-json\/wp\/v2\/types\/mec-events"}],"author":[{"embeddable":true,"href":"https:\/\/turismoenzamora.es\/fr\/wp-json\/wp\/v2\/users\/1"}],"replies":[{"embeddable":true,"href":"https:\/\/turismoenzamora.es\/fr\/wp-json\/wp\/v2\/comments?post=18865"}],"wp:featuredmedia":[{"embeddable":true,"href":"https:\/\/turismoenzamora.es\/fr\/wp-json\/wp\/v2\/media\/18866"}],"wp:attachment":[{"href":"https:\/\/turismoenzamora.es\/fr\/wp-json\/wp\/v2\/media?parent=18865"}],"wp:term":[{"taxonomy":"post_tag","embeddable":true,"href":"https:\/\/turismoenzamora.es\/fr\/wp-json\/wp\/v2\/tags?post=18865"},{"taxonomy":"mec_category","embeddable":true,"href":"https:\/\/turismoenzamora.es\/fr\/wp-json\/wp\/v2\/mec_category?post=18865"}],"curies":[{"name":"wp","href":"https:\/\/api.w.org\/{rel}","templated":true}]}}