{"id":278,"date":"2017-08-08T07:15:40","date_gmt":"2017-08-08T07:15:40","guid":{"rendered":"https:\/\/newweb.turismoenzamora.es\/?page_id=278"},"modified":"2017-11-20T17:39:23","modified_gmt":"2017-11-20T17:39:23","slug":"ruta-del-modernismo","status":"publish","type":"page","link":"https:\/\/turismoenzamora.es\/de\/ruta-del-modernismo\/","title":{"rendered":"Weg des Jugendstils"},"content":{"rendered":"<p><\/p>\n<header>\n<h1 class=\"title\">Weg des Jugendstils<\/h1>\n<\/header>\n<div><\/div>\n<p><img fetchpriority=\"high\" decoding=\"async\" class=\" wp-image-682 aligncenter\" src=\"https:\/\/turismoenzamora.es\/wp-content\/uploads\/2017\/08\/modernismo_0-300x179.jpg\" alt=\"\" width=\"550\" height=\"328\" srcset=\"https:\/\/turismoenzamora.es\/wp-content\/uploads\/2017\/08\/modernismo_0-300x179.jpg 300w, https:\/\/turismoenzamora.es\/wp-content\/uploads\/2017\/08\/modernismo_0.jpg 670w\" sizes=\"(max-width: 550px) 100vw, 550px\" \/><\/p>\n<p>Zamora hat seit Mitte des XIX. Jahrhunderts eine bedeutende urbanistische und architektonische Entwicklung vollzogen, deren H\u00f6hepunkt die Phase des Jugendstils war. Die Anbindungsverbesserungen durch die Eisenbahn, das Interesse an einer Ausdehnung \u00fcber die Stadtmauern hinaus, nachdem die Zerst\u00f6rung der Mauer beschlossen war, und das Entstehen von Industrie, insbesondere der Verarbeitungsbetriebe, waren die Ausl\u00f6ser der zweiten goldenen Zeit f\u00fcr die Architektur. An dieser Glanzzeit hatte auch das B\u00fcrgertum seinen Anteil, das seine Lebensweise durchsetzte, lokale Beh\u00f6rden, die sich der Bedeutung von Stadtverbesserungen bewusst waren, und meisterhafte Architekten.<\/p>\n<p>Dadurch wurden zwischen 1875 und 1930 viele eklektische, historistische und industrielle Geb\u00e4ude und vor allem viele Jugendstilgeb\u00e4ude gebaut, wodurch Zamora Teil der exklusiven Gruppe von Gemeinden wurde, die den Europ\u00e4ischen Weg des Jugendstils bilden, da sich der zamorische Jugendstil auf demselben Niveau wie der der gro\u00dfen europ\u00e4ischen Hauptst\u00e4dte befindet. Wie in Letzteren handelt es sich auch in Zamora um einen eindeutige b\u00fcrgerlichen Stil, charakterisiert durch reichlich gebogene Linien, der Kombination von Materialien, dem Interesse an Farbkontrasten, der Entfernung von den Proportionen und der Symmetrie und durch die Vorliebe, tierische und pflanzliche Dekorationselemente zu w\u00e4hlen.<\/p>\n<p>Dar\u00fcber hinaus findet man in Zamora die drei Varianten des Jugendstils. Eine davon ist internationaler, eher ausgerichtet auf die Ornamente und die Farbkomposition.<\/p>\n<p>In Zamora findet man au\u00dferdem die Entw\u00fcrfe von Gregorio P\u00e9rez Arribas als eine zweite Variante, der Sezession, bei der gerade Linien, Pendel und Kreise reichlich vorhanden sind. Und schlie\u00dflich gibt es die katalanische Variante, deren Interesse sich mehr auf die Polychromie, Bez\u00fcge auf mittelalterliche Stile und die Details richtete.<\/p>\n<p>Die Bedeutung der Letztgenannten ist ein weiteres Element, das den zamorischen Jugendstil au\u00dfergew\u00f6hnlich macht. Zamora ist n\u00e4mlich eine der wenigen St\u00e4dte im westlichen Zentrum der Halbinsel, in der ein vollkommen modernistischer Architekt mit Titel der Escuela de Arquitectura de Barcelona gewirkt hat. Es handelt sich um Francisco Ferriol, Sch\u00fcler und Mitarbeiter von Llu\u00eds Dom\u00e8nech i Montaner, einem der gro\u00dfen Protagonisten dieser Stilrichtung.<\/p>\n<p>Die zamorischen Jugendstilgeb\u00e4ude sind keine Einzelf\u00e4lle in einem ungepflegten Stadtgef\u00fcge, sondern werden in Kombination mit anderen eklektischen und historistischen Geb\u00e4uden zu einem au\u00dfergew\u00f6hnlichen architektonischen Komplex, der durch H\u00e4user, Theater, \u00f6ffentliche Zentren, Freizeitzentren usw. gebildet wird.<\/p>\n<p>Das letzte Element, das die zamorische Jugendstilarchitektur au\u00dfergew\u00f6hnlich sein l\u00e4sst, ist ihr Beitrag zur Erneuerung der historischen Altstadt. Der Jugendstil Zamoras findet sich weder in neuen Stadtvierteln noch in der Peripherie, sondern mitten im Zentrum. So trugen die Jugendstilarchitekten dazu bei, dass das alte Zamora, das bis dahin von den starken Mauern der Kl\u00f6ster und alten Villen beherrscht wurde, am Ende des XIX. Jahrhunderts zu einem eleganten Ort des B\u00fcrgertums wurde mit geordneteren Stra\u00dfen, freundlichen Pl\u00e4tzen und voll mit bewohnbaren wundersch\u00f6nen Geb\u00e4uden.<\/p>\n<h4>Karte der Jugendstilgeb\u00e4ude in Zamora<\/h4>\n<p><img decoding=\"async\" class=\"aligncenter wp-image-683\" src=\"https:\/\/turismoenzamora.es\/wp-content\/uploads\/2017\/08\/modernismo_1.png\" alt=\"\" width=\"636\" height=\"398\" srcset=\"https:\/\/turismoenzamora.es\/wp-content\/uploads\/2017\/08\/modernismo_1.png 980w, https:\/\/turismoenzamora.es\/wp-content\/uploads\/2017\/08\/modernismo_1-300x188.png 300w, https:\/\/turismoenzamora.es\/wp-content\/uploads\/2017\/08\/modernismo_1-768x481.png 768w, https:\/\/turismoenzamora.es\/wp-content\/uploads\/2017\/08\/modernismo_1-560x350.png 560w\" sizes=\"(max-width: 636px) 100vw, 636px\" \/><\/p>\n<p>&nbsp;<\/p>\n<p><img decoding=\"async\" class=\"aligncenter wp-image-684 size-full\" src=\"https:\/\/turismoenzamora.es\/wp-content\/uploads\/2017\/08\/modernismo_2.png\" alt=\"\" width=\"987\" height=\"394\" srcset=\"https:\/\/turismoenzamora.es\/wp-content\/uploads\/2017\/08\/modernismo_2.png 987w, https:\/\/turismoenzamora.es\/wp-content\/uploads\/2017\/08\/modernismo_2-300x120.png 300w, https:\/\/turismoenzamora.es\/wp-content\/uploads\/2017\/08\/modernismo_2-768x307.png 768w\" sizes=\"(max-width: 987px) 100vw, 987px\" \/><\/p>","protected":false},"excerpt":{"rendered":"<p>Weg des Jugendstils Zamora hat seit Mitte des XIX. Jahrhunderts eine bedeutende urbanistische und architektonische Entwicklung vollzogen, deren H\u00f6hepunkt die Phase des Jugendstils war. Die Anbindungsverbesserungen durch die Eisenbahn, das Interesse an einer Ausdehnung \u00fcber die Stadtmauern hinaus, nachdem die Zerst\u00f6rung der Mauer beschlossen war, und das Entstehen von Industrie, insbesondere der Verarbeitungsbetriebe, waren die [&hellip;]<\/p>\n","protected":false},"author":1,"featured_media":0,"parent":0,"menu_order":0,"comment_status":"closed","ping_status":"closed","template":"","meta":{"inline_featured_image":false,"site-sidebar-layout":"default","site-content-layout":"","ast-site-content-layout":"","site-content-style":"default","site-sidebar-style":"default","ast-global-header-display":"","ast-banner-title-visibility":"","ast-main-header-display":"","ast-hfb-above-header-display":"","ast-hfb-below-header-display":"","ast-hfb-mobile-header-display":"","site-post-title":"","ast-breadcrumbs-content":"","ast-featured-img":"","footer-sml-layout":"","theme-transparent-header-meta":"","adv-header-id-meta":"","stick-header-meta":"","header-above-stick-meta":"","header-main-stick-meta":"","header-below-stick-meta":"","astra-migrate-meta-layouts":"default","ast-page-background-enabled":"default","ast-page-background-meta":{"desktop":{"background-color":"","background-image":"","background-repeat":"repeat","background-position":"center center","background-size":"auto","background-attachment":"scroll","background-type":"","background-media":"","overlay-type":"","overlay-color":"","overlay-opacity":"","overlay-gradient":""},"tablet":{"background-color":"","background-image":"","background-repeat":"repeat","background-position":"center center","background-size":"auto","background-attachment":"scroll","background-type":"","background-media":"","overlay-type":"","overlay-color":"","overlay-opacity":"","overlay-gradient":""},"mobile":{"background-color":"","background-image":"","background-repeat":"repeat","background-position":"center center","background-size":"auto","background-attachment":"scroll","background-type":"","background-media":"","overlay-type":"","overlay-color":"","overlay-opacity":"","overlay-gradient":""}},"ast-content-background-meta":{"desktop":{"background-color":"var(--ast-global-color-5)","background-image":"","background-repeat":"repeat","background-position":"center center","background-size":"auto","background-attachment":"scroll","background-type":"","background-media":"","overlay-type":"","overlay-color":"","overlay-opacity":"","overlay-gradient":""},"tablet":{"background-color":"var(--ast-global-color-5)","background-image":"","background-repeat":"repeat","background-position":"center center","background-size":"auto","background-attachment":"scroll","background-type":"","background-media":"","overlay-type":"","overlay-color":"","overlay-opacity":"","overlay-gradient":""},"mobile":{"background-color":"var(--ast-global-color-5)","background-image":"","background-repeat":"repeat","background-position":"center center","background-size":"auto","background-attachment":"scroll","background-type":"","background-media":"","overlay-type":"","overlay-color":"","overlay-opacity":"","overlay-gradient":""}},"ngg_post_thumbnail":0,"footnotes":""},"yoast_head":"<!-- This site is optimized with the Yoast SEO plugin v23.0 - https:\/\/yoast.com\/wordpress\/plugins\/seo\/ -->\n<title>Turismo de Zamora , Turismo Sostenible<\/title>\n<meta name=\"description\" content=\"Esta es la p\u00e1gina Oficial de Turismo de Diputaci\u00f3n de Zamora, donde podr\u00e1 encontrar toda la informaci\u00f3n para disfrutar al m\u00e1ximo de nuestra provincia.\" \/>\n<meta name=\"robots\" content=\"index, follow, max-snippet:-1, max-image-preview:large, max-video-preview:-1\" \/>\n<link rel=\"canonical\" href=\"https:\/\/turismoenzamora.es\/en\/ruta-del-modernismo\/\" \/>\n<meta property=\"og:locale\" content=\"de_DE\" \/>\n<meta property=\"og:type\" content=\"article\" \/>\n<meta property=\"og:title\" content=\"Turismo de Zamora , Turismo Sostenible\" \/>\n<meta property=\"og:description\" content=\"Esta es la p\u00e1gina Oficial de Turismo de Diputaci\u00f3n de Zamora, donde podr\u00e1 encontrar toda la informaci\u00f3n para disfrutar al m\u00e1ximo de nuestra provincia.\" \/>\n<meta property=\"og:url\" content=\"https:\/\/turismoenzamora.es\/en\/ruta-del-modernismo\/\" \/>\n<meta property=\"og:site_name\" content=\"Tourismus in Zamora\" \/>\n<meta property=\"article:publisher\" content=\"https:\/\/www.facebook.com\/ZamoraSpain\/\" \/>\n<meta property=\"article:modified_time\" content=\"2017-11-20T17:39:23+00:00\" \/>\n<meta property=\"og:image\" content=\"https:\/\/turismoenzamora.es\/wp-content\/uploads\/2017\/08\/modernismo_0-300x179.jpg\" \/>\n<meta name=\"twitter:card\" content=\"summary_large_image\" \/>\n<meta name=\"twitter:site\" content=\"@ZamoraSpain\" \/>\n<meta name=\"twitter:label1\" content=\"Gesch\u00e4tzte Lesezeit\" \/>\n\t<meta name=\"twitter:data1\" content=\"13 Minuten\" \/>\n<script type=\"application\/ld+json\" class=\"yoast-schema-graph\">{\"@context\":\"https:\/\/schema.org\",\"@graph\":[{\"@type\":\"WebPage\",\"@id\":\"https:\/\/turismoenzamora.es\/en\/ruta-del-modernismo\/\",\"url\":\"https:\/\/turismoenzamora.es\/en\/ruta-del-modernismo\/\",\"name\":\"Turismo de Zamora , Turismo Sostenible\",\"isPartOf\":{\"@id\":\"https:\/\/turismoenzamora.es\/pt\/#website\"},\"primaryImageOfPage\":{\"@id\":\"https:\/\/turismoenzamora.es\/en\/ruta-del-modernismo\/#primaryimage\"},\"image\":{\"@id\":\"https:\/\/turismoenzamora.es\/en\/ruta-del-modernismo\/#primaryimage\"},\"thumbnailUrl\":\"https:\/\/turismoenzamora.es\/wp-content\/uploads\/2017\/08\/modernismo_0-300x179.jpg\",\"datePublished\":\"2017-08-08T07:15:40+00:00\",\"dateModified\":\"2017-11-20T17:39:23+00:00\",\"description\":\"Esta es la p\u00e1gina Oficial de Turismo de Diputaci\u00f3n de Zamora, donde podr\u00e1 encontrar toda la informaci\u00f3n para disfrutar al m\u00e1ximo de nuestra provincia.\",\"breadcrumb\":{\"@id\":\"https:\/\/turismoenzamora.es\/en\/ruta-del-modernismo\/#breadcrumb\"},\"inLanguage\":\"de-DE\",\"potentialAction\":[{\"@type\":\"ReadAction\",\"target\":[\"https:\/\/turismoenzamora.es\/en\/ruta-del-modernismo\/\"]}]},{\"@type\":\"ImageObject\",\"inLanguage\":\"de-DE\",\"@id\":\"https:\/\/turismoenzamora.es\/en\/ruta-del-modernismo\/#primaryimage\",\"url\":\"https:\/\/turismoenzamora.es\/wp-content\/uploads\/2017\/08\/modernismo_0-300x179.jpg\",\"contentUrl\":\"https:\/\/turismoenzamora.es\/wp-content\/uploads\/2017\/08\/modernismo_0-300x179.jpg\"},{\"@type\":\"BreadcrumbList\",\"@id\":\"https:\/\/turismoenzamora.es\/en\/ruta-del-modernismo\/#breadcrumb\",\"itemListElement\":[{\"@type\":\"ListItem\",\"position\":1,\"name\":\"Portada\",\"item\":\"https:\/\/turismoenzamora.es\/\"},{\"@type\":\"ListItem\",\"position\":2,\"name\":\"Modernism Route\"}]},{\"@type\":\"WebSite\",\"@id\":\"https:\/\/turismoenzamora.es\/pt\/#website\",\"url\":\"https:\/\/turismoenzamora.es\/pt\/\",\"name\":\"Turismo sostenible. Patronato de Turismo de la Diputaci\u00f3n de Zamora.&quot;Turismo Sostenible&quot;.\",\"description\":\"Nachhaltiger Tourismus Tourismusverband der Diputaci\u00f3n de Zamora\",\"publisher\":{\"@id\":\"https:\/\/turismoenzamora.es\/pt\/#organization\"},\"potentialAction\":[{\"@type\":\"SearchAction\",\"target\":{\"@type\":\"EntryPoint\",\"urlTemplate\":\"https:\/\/turismoenzamora.es\/pt\/?s={search_term_string}\"},\"query-input\":\"required name=search_term_string\"}],\"inLanguage\":\"de-DE\"},{\"@type\":\"Organization\",\"@id\":\"https:\/\/turismoenzamora.es\/pt\/#organization\",\"name\":\"Patronato de Turismo de la Diputaci\u00f3n de Zamora\",\"url\":\"https:\/\/turismoenzamora.es\/pt\/\",\"logo\":{\"@type\":\"ImageObject\",\"inLanguage\":\"de-DE\",\"@id\":\"https:\/\/turismoenzamora.es\/pt\/#\/schema\/logo\/image\/\",\"url\":\"https:\/\/turismoenzamora.es\/wp-content\/uploads\/2018\/06\/ZamoraLogo.png\",\"contentUrl\":\"https:\/\/turismoenzamora.es\/wp-content\/uploads\/2018\/06\/ZamoraLogo.png\",\"width\":1276,\"height\":290,\"caption\":\"Patronato de Turismo de la Diputaci\u00f3n de Zamora\"},\"image\":{\"@id\":\"https:\/\/turismoenzamora.es\/pt\/#\/schema\/logo\/image\/\"},\"sameAs\":[\"https:\/\/www.facebook.com\/ZamoraSpain\/\",\"https:\/\/x.com\/ZamoraSpain\",\"https:\/\/www.instagram.com\/turismoenzamora.es\/\",\"https:\/\/www.pinterest.es\/TurismoenZamora\/\",\"https:\/\/www.youtube.com\/channel\/UC2bOyOZ-2cLm-uXlBFYUV9w\"]}]}<\/script>\n<!-- \/ Yoast SEO plugin. -->","yoast_head_json":{"title":"Turismo de Zamora , Turismo Sostenible","description":"Esta es la p\u00e1gina Oficial de Turismo de Diputaci\u00f3n de Zamora, donde podr\u00e1 encontrar toda la informaci\u00f3n para disfrutar al m\u00e1ximo de nuestra provincia.","robots":{"index":"index","follow":"follow","max-snippet":"max-snippet:-1","max-image-preview":"max-image-preview:large","max-video-preview":"max-video-preview:-1"},"canonical":"https:\/\/turismoenzamora.es\/en\/ruta-del-modernismo\/","og_locale":"de_DE","og_type":"article","og_title":"Turismo de Zamora , Turismo Sostenible","og_description":"Esta es la p\u00e1gina Oficial de Turismo de Diputaci\u00f3n de Zamora, donde podr\u00e1 encontrar toda la informaci\u00f3n para disfrutar al m\u00e1ximo de nuestra provincia.","og_url":"https:\/\/turismoenzamora.es\/en\/ruta-del-modernismo\/","og_site_name":"Tourismus in Zamora","article_publisher":"https:\/\/www.facebook.com\/ZamoraSpain\/","article_modified_time":"2017-11-20T17:39:23+00:00","og_image":[{"url":"https:\/\/turismoenzamora.es\/wp-content\/uploads\/2017\/08\/modernismo_0-300x179.jpg"}],"twitter_card":"summary_large_image","twitter_site":"@ZamoraSpain","twitter_misc":{"Gesch\u00e4tzte Lesezeit":"13 Minuten"},"schema":{"@context":"https:\/\/schema.org","@graph":[{"@type":"WebPage","@id":"https:\/\/turismoenzamora.es\/en\/ruta-del-modernismo\/","url":"https:\/\/turismoenzamora.es\/en\/ruta-del-modernismo\/","name":"Turismo de Zamora , Turismo Sostenible","isPartOf":{"@id":"https:\/\/turismoenzamora.es\/pt\/#website"},"primaryImageOfPage":{"@id":"https:\/\/turismoenzamora.es\/en\/ruta-del-modernismo\/#primaryimage"},"image":{"@id":"https:\/\/turismoenzamora.es\/en\/ruta-del-modernismo\/#primaryimage"},"thumbnailUrl":"https:\/\/turismoenzamora.es\/wp-content\/uploads\/2017\/08\/modernismo_0-300x179.jpg","datePublished":"2017-08-08T07:15:40+00:00","dateModified":"2017-11-20T17:39:23+00:00","description":"Esta es la p\u00e1gina Oficial de Turismo de Diputaci\u00f3n de Zamora, donde podr\u00e1 encontrar toda la informaci\u00f3n para disfrutar al m\u00e1ximo de nuestra provincia.","breadcrumb":{"@id":"https:\/\/turismoenzamora.es\/en\/ruta-del-modernismo\/#breadcrumb"},"inLanguage":"de-DE","potentialAction":[{"@type":"ReadAction","target":["https:\/\/turismoenzamora.es\/en\/ruta-del-modernismo\/"]}]},{"@type":"ImageObject","inLanguage":"de-DE","@id":"https:\/\/turismoenzamora.es\/en\/ruta-del-modernismo\/#primaryimage","url":"https:\/\/turismoenzamora.es\/wp-content\/uploads\/2017\/08\/modernismo_0-300x179.jpg","contentUrl":"https:\/\/turismoenzamora.es\/wp-content\/uploads\/2017\/08\/modernismo_0-300x179.jpg"},{"@type":"BreadcrumbList","@id":"https:\/\/turismoenzamora.es\/en\/ruta-del-modernismo\/#breadcrumb","itemListElement":[{"@type":"ListItem","position":1,"name":"Portada","item":"https:\/\/turismoenzamora.es\/"},{"@type":"ListItem","position":2,"name":"Modernism Route"}]},{"@type":"WebSite","@id":"https:\/\/turismoenzamora.es\/pt\/#website","url":"https:\/\/turismoenzamora.es\/pt\/","name":"Turismo sostenible. Patronato de Turismo de la Diputaci\u00f3n de Zamora.&quot;Turismo Sostenible&quot;.","description":"Nachhaltiger Tourismus Tourismusverband der Diputaci\u00f3n de Zamora","publisher":{"@id":"https:\/\/turismoenzamora.es\/pt\/#organization"},"potentialAction":[{"@type":"SearchAction","target":{"@type":"EntryPoint","urlTemplate":"https:\/\/turismoenzamora.es\/pt\/?s={search_term_string}"},"query-input":"required name=search_term_string"}],"inLanguage":"de-DE"},{"@type":"Organization","@id":"https:\/\/turismoenzamora.es\/pt\/#organization","name":"Patronato de Turismo de la Diputaci\u00f3n de Zamora","url":"https:\/\/turismoenzamora.es\/pt\/","logo":{"@type":"ImageObject","inLanguage":"de-DE","@id":"https:\/\/turismoenzamora.es\/pt\/#\/schema\/logo\/image\/","url":"https:\/\/turismoenzamora.es\/wp-content\/uploads\/2018\/06\/ZamoraLogo.png","contentUrl":"https:\/\/turismoenzamora.es\/wp-content\/uploads\/2018\/06\/ZamoraLogo.png","width":1276,"height":290,"caption":"Patronato de Turismo de la Diputaci\u00f3n de Zamora"},"image":{"@id":"https:\/\/turismoenzamora.es\/pt\/#\/schema\/logo\/image\/"},"sameAs":["https:\/\/www.facebook.com\/ZamoraSpain\/","https:\/\/x.com\/ZamoraSpain","https:\/\/www.instagram.com\/turismoenzamora.es\/","https:\/\/www.pinterest.es\/TurismoenZamora\/","https:\/\/www.youtube.com\/channel\/UC2bOyOZ-2cLm-uXlBFYUV9w"]}]}},"_links":{"self":[{"href":"https:\/\/turismoenzamora.es\/de\/wp-json\/wp\/v2\/pages\/278"}],"collection":[{"href":"https:\/\/turismoenzamora.es\/de\/wp-json\/wp\/v2\/pages"}],"about":[{"href":"https:\/\/turismoenzamora.es\/de\/wp-json\/wp\/v2\/types\/page"}],"author":[{"embeddable":true,"href":"https:\/\/turismoenzamora.es\/de\/wp-json\/wp\/v2\/users\/1"}],"replies":[{"embeddable":true,"href":"https:\/\/turismoenzamora.es\/de\/wp-json\/wp\/v2\/comments?post=278"}],"version-history":[{"count":0,"href":"https:\/\/turismoenzamora.es\/de\/wp-json\/wp\/v2\/pages\/278\/revisions"}],"wp:attachment":[{"href":"https:\/\/turismoenzamora.es\/de\/wp-json\/wp\/v2\/media?parent=278"}],"curies":[{"name":"wp","href":"https:\/\/api.w.org\/{rel}","templated":true}]}}