{"id":2147,"date":"2017-08-18T07:05:40","date_gmt":"2017-08-18T05:05:40","guid":{"rendered":"https:\/\/newweb.turismoenzamora.es\/?page_id=2147"},"modified":"2023-02-02T12:38:37","modified_gmt":"2023-02-02T10:38:37","slug":"turismo-cultural-old","status":"publish","type":"page","link":"https:\/\/turismoenzamora.es\/de\/turismo-experiencial\/turismo-cultural-old\/","title":{"rendered":"Turismo Cultural Old"},"content":{"rendered":"<p><\/p>\n<header>\n<h1 class=\"title\">Turismo Cultural<\/h1>\n<\/header>\n<div>\n<table border=\"0\" cellspacing=\"1\" cellpadding=\"1\">\n<tbody>\n<tr>\n<td><strong><img loading=\"lazy\" decoding=\"async\" class=\"wp-image-5777 alignleft\" src=\"https:\/\/turismoenzamora.es\/wp-content\/uploads\/2017\/08\/Museo_Etnografico.jpg\" alt=\"\" width=\"342\" height=\"289\" data-id=\"5777\" srcset=\"https:\/\/turismoenzamora.es\/wp-content\/uploads\/2017\/08\/Museo_Etnografico.jpg 800w, https:\/\/turismoenzamora.es\/wp-content\/uploads\/2017\/08\/Museo_Etnografico-300x253.jpg 300w, https:\/\/turismoenzamora.es\/wp-content\/uploads\/2017\/08\/Museo_Etnografico-768x648.jpg 768w\" sizes=\"(max-width: 342px) 100vw, 342px\" \/>Disfruta de una experiencia \u00fanica en el Museo Etnogr\u00e1fico de Castilla y Le\u00f3n<\/strong>El <strong>Museo Etnogr\u00e1fico de Castilla y Le\u00f3n<\/strong>&nbsp;quiere contribuir a que los visitantes reflexionen acerca de aspectos que ata\u00f1en al individuo, a su vida en com\u00fan y a su habilidad para enfrentarse a los problemas suscitados por el entorno. El Museo Etnogr\u00e1fico de Castilla y Le\u00f3n surge de la necesidad, propiciada por la Junta de Castilla y Le\u00f3n, de crear un centro din\u00e1mico que acoja el enorme y variado patrimonio popular de la Comunidad, sirviendo al mismo tiempo para centralizar el estudio y difusi\u00f3n de las disciplinas cient\u00edficas que ata\u00f1en al legado etnogr\u00e1fico.&nbsp;Con esa misma intenci\u00f3n Caja Espa\u00f1a cede una riqu\u00edsima colecci\u00f3n de 10.000 piezas, y Diputaci\u00f3n de Zamora y el Ayuntamiento de Zamora, ciudad en la que la Junta crea un edificio para dichos fines, responden inmediatamente al prop\u00f3sito original. Actualmente est\u00e1 integrado en la Red de Museos regional.&nbsp;&nbsp;&nbsp;&nbsp;&nbsp;&nbsp;&nbsp;&nbsp;&nbsp;&nbsp;&nbsp;&nbsp;&nbsp;&nbsp;&nbsp;&nbsp;&nbsp;&nbsp;&nbsp;&nbsp;&nbsp;&nbsp;&nbsp;&nbsp;&nbsp;&nbsp;&nbsp;&nbsp;&nbsp;&nbsp;&nbsp;&nbsp;&nbsp;&nbsp;&nbsp;&nbsp;&nbsp;&nbsp;&nbsp;&nbsp;&nbsp;&nbsp;&nbsp;&nbsp;<\/p>\n<p><strong>M\u00e1s informaci\u00f3n:<\/strong> 980 53 17 08<\/td>\n<\/tr>\n<tr>\n<td><strong><img loading=\"lazy\" decoding=\"async\" class=\" wp-image-5776 alignleft\" src=\"https:\/\/turismoenzamora.es\/wp-content\/uploads\/2017\/08\/Museo_de_Zamora.jpg\" alt=\"\" width=\"342\" height=\"229\" data-id=\"5776\" srcset=\"https:\/\/turismoenzamora.es\/wp-content\/uploads\/2017\/08\/Museo_de_Zamora.jpg 717w, https:\/\/turismoenzamora.es\/wp-content\/uploads\/2017\/08\/Museo_de_Zamora-300x201.jpg 300w\" sizes=\"(max-width: 342px) 100vw, 342px\" \/>Ven a conocer el Museo de Zamora!!!<\/strong>El&nbsp;<strong>Museo de Zamora<\/strong>&nbsp;consta de dos secciones, Arqueolog\u00eda y Bellas Artes. Dedicada la primera a un recorrido por la historia de la provincia, desde el Paleol\u00edtico a la Edad Moderna; la segunda muestra fondos art\u00edsticos- escult\u00f3ricos y principalmente pict\u00f3ricos- entre los siglos XIV Y XX; completa el itinerario expositivo una sala con elementos significativos de la evoluci\u00f3n hist\u00f3rica de la propia ciudad de Zamora.&nbsp;El Museo de Zamora fue creado a ra\u00edz de la desamortizaci\u00f3n eclesi\u00e1stica del pasado siglo; sus primeros fondos ser\u00edan, en consecuencia, las pinturas procedentes de los monasterios suprimidos de la provincia.&nbsp;Inaugurado simb\u00f3licamente por el rey don Alfonso XII en 1877, su apertura no se har\u00eda realidad hasta 1911, cuando pas\u00f3 a ocupar la iglesia del convento de Las Marinas. La demolici\u00f3n de dicho en 1975 oblig\u00f3 al museo a un forzoso letargo, con sus fondos recogidos en el improvisado almac\u00e9n de la iglesia del Hospital de la Encarnaci\u00f3n.&nbsp;Cuenta con secci\u00f3n de Arqueolog\u00eda, secci\u00f3n de Bellas Artes y Sala de la Ciudad (aproximaci\u00f3n a la historia de la capital zamorana a trav\u00e9s de elementos arquitect\u00f3nicos, escudos, veletas de hierro forjado y fotograf\u00edas).&nbsp;&nbsp;&nbsp;&nbsp;&nbsp;&nbsp;&nbsp;&nbsp;&nbsp;&nbsp;&nbsp;&nbsp;&nbsp;&nbsp;&nbsp;&nbsp;&nbsp;&nbsp;&nbsp;&nbsp;&nbsp;&nbsp;&nbsp;&nbsp;&nbsp;&nbsp;&nbsp;&nbsp;&nbsp;&nbsp;&nbsp;&nbsp;&nbsp;&nbsp;&nbsp;&nbsp;&nbsp;&nbsp;&nbsp;&nbsp;&nbsp;&nbsp;&nbsp;&nbsp;<\/p>\n<p><strong>M\u00e1s informaci\u00f3n:<\/strong>&nbsp;980 51 61 50<\/td>\n<\/tr>\n<\/tbody>\n<\/table>\n<table border=\"0\" cellspacing=\"1\" cellpadding=\"1\">\n<tbody>\n<tr>\n<td><strong>\u00bfA\u00fan no conoces el Centro de Interpretaci\u00f3n de los Beatos de T\u00e1bara? \u00bfY a qu\u00e9 esperas?<\/strong>&nbsp;&nbsp;&nbsp;&nbsp;&nbsp;&nbsp;&nbsp;&nbsp;&nbsp;&nbsp;&nbsp;&nbsp;&nbsp;&nbsp;&nbsp;&nbsp;&nbsp;&nbsp;&nbsp;&nbsp;&nbsp;&nbsp;&nbsp;&nbsp;&nbsp;&nbsp;&nbsp;&nbsp;&nbsp;&nbsp;&nbsp;&nbsp;&nbsp;&nbsp;&nbsp;&nbsp;&nbsp;&nbsp;&nbsp;&nbsp;&nbsp;&nbsp;&nbsp;&nbsp;<\/p>\n<p><img loading=\"lazy\" decoding=\"async\" class=\" wp-image-5775 alignleft\" src=\"https:\/\/turismoenzamora.es\/wp-content\/uploads\/2017\/08\/beato_tabara.jpg\" alt=\"\" width=\"342\" height=\"175\" data-id=\"5775\" srcset=\"https:\/\/turismoenzamora.es\/wp-content\/uploads\/2017\/08\/beato_tabara.jpg 375w, https:\/\/turismoenzamora.es\/wp-content\/uploads\/2017\/08\/beato_tabara-300x154.jpg 300w\" sizes=\"(max-width: 342px) 100vw, 342px\" \/>Este verano es un buen momento para acercarte a T\u00e1bara y conocerlo.<\/p>\n<p>Horario: de martes a s\u00e1bado de 12 a 14 horas.<\/p>\n<p>Tel\u00e9fono visitas grupos: 603 567 153<\/p>\n<p>M\u00e1s informaci\u00f3n en <a href=\"http:\/\/www.aytotabara.es\">http:\/\/www.aytotabara.es<\/a><\/td>\n<\/tr>\n<tr>\n<td><strong>D\u00e9jate llevar por Zamora 2017<\/strong>&nbsp;&nbsp;&nbsp;&nbsp;&nbsp;&nbsp;&nbsp;&nbsp;&nbsp;&nbsp;&nbsp;&nbsp;&nbsp;&nbsp;&nbsp;&nbsp;&nbsp;&nbsp;&nbsp;&nbsp;&nbsp;&nbsp;&nbsp;&nbsp;&nbsp;&nbsp;&nbsp;&nbsp;&nbsp;&nbsp;&nbsp;&nbsp;&nbsp;&nbsp;&nbsp;&nbsp;&nbsp;&nbsp;&nbsp;&nbsp;&nbsp;&nbsp;&nbsp;&nbsp;<\/p>\n<p>Visitas y Rutas Guiadas Gratuitas por Benavente, Fermoselle, Puebla de Sanabria, Toro, Galende, Alca\u00f1ices y Villardeciervos.<\/p>\n<p><img loading=\"lazy\" decoding=\"async\" class=\" wp-image-5774 alignleft\" src=\"https:\/\/turismoenzamora.es\/wp-content\/uploads\/2017\/08\/banner-dejate-llevar-2015-1.jpg\" alt=\"\" width=\"341\" height=\"135\" data-id=\"5774\"><\/td>\n<\/tr>\n<tr>\n<td><strong>D\u00e9jate llevar por Zamora en bus 2017<\/strong>&nbsp;&nbsp;&nbsp;&nbsp;&nbsp;&nbsp;&nbsp;&nbsp;&nbsp;&nbsp;&nbsp;&nbsp;&nbsp;&nbsp;&nbsp;&nbsp;&nbsp;&nbsp;&nbsp;&nbsp;&nbsp;&nbsp;&nbsp;&nbsp;&nbsp;&nbsp;&nbsp;&nbsp;&nbsp;&nbsp;&nbsp;&nbsp;&nbsp;&nbsp;&nbsp;&nbsp;&nbsp;&nbsp;&nbsp;&nbsp;&nbsp;&nbsp;&nbsp;&nbsp;<\/p>\n<p>Visitas Guiadas Gratuitas<\/p>\n<p><img loading=\"lazy\" decoding=\"async\" class=\" wp-image-5779 alignleft\" src=\"https:\/\/turismoenzamora.es\/wp-content\/uploads\/2017\/08\/banner-bus-33-1.jpg\" alt=\"\" width=\"343\" height=\"127\" data-id=\"5779\" srcset=\"https:\/\/turismoenzamora.es\/wp-content\/uploads\/2017\/08\/banner-bus-33-1.jpg 235w, https:\/\/turismoenzamora.es\/wp-content\/uploads\/2017\/08\/banner-bus-33-1-132x49.jpg 132w\" sizes=\"(max-width: 343px) 100vw, 343px\" \/>Ruta 1: Castrotorafe, Granja de Moreruela y Benavente<\/p>\n<p>Ruta 2: La Culebra<\/p>\n<p>Ruta 3: Lagunas de Villaf\u00e1fila<\/td>\n<\/tr>\n<\/tbody>\n<\/table>\n<\/div>\n<p><\/p>\n<\/header>","protected":false},"excerpt":{"rendered":"<p>Turismo Cultural Disfruta de una experiencia \u00fanica en el Museo Etnogr\u00e1fico de Castilla y Le\u00f3nEl Museo Etnogr\u00e1fico de Castilla y Le\u00f3n&nbsp;quiere contribuir a que los visitantes reflexionen acerca de aspectos que ata\u00f1en al individuo, a su vida en com\u00fan y a su habilidad para enfrentarse a los problemas suscitados por el entorno. El Museo Etnogr\u00e1fico [&hellip;]<\/p>\n","protected":false},"author":1,"featured_media":0,"parent":1713,"menu_order":1,"comment_status":"closed","ping_status":"closed","template":"","meta":{"inline_featured_image":false,"site-sidebar-layout":"default","site-content-layout":"default","ast-site-content-layout":"","site-content-style":"default","site-sidebar-style":"default","ast-global-header-display":"","ast-banner-title-visibility":"","ast-main-header-display":"","ast-hfb-above-header-display":"","ast-hfb-below-header-display":"","ast-hfb-mobile-header-display":"","site-post-title":"","ast-breadcrumbs-content":"","ast-featured-img":"","footer-sml-layout":"","theme-transparent-header-meta":"default","adv-header-id-meta":"","stick-header-meta":"","header-above-stick-meta":"","header-main-stick-meta":"","header-below-stick-meta":"","astra-migrate-meta-layouts":"default","ast-page-background-enabled":"default","ast-page-background-meta":{"desktop":{"background-color":"","background-image":"","background-repeat":"repeat","background-position":"center center","background-size":"auto","background-attachment":"scroll","background-type":"","background-media":"","overlay-type":"","overlay-color":"","overlay-opacity":"","overlay-gradient":""},"tablet":{"background-color":"","background-image":"","background-repeat":"repeat","background-position":"center center","background-size":"auto","background-attachment":"scroll","background-type":"","background-media":"","overlay-type":"","overlay-color":"","overlay-opacity":"","overlay-gradient":""},"mobile":{"background-color":"","background-image":"","background-repeat":"repeat","background-position":"center center","background-size":"auto","background-attachment":"scroll","background-type":"","background-media":"","overlay-type":"","overlay-color":"","overlay-opacity":"","overlay-gradient":""}},"ast-content-background-meta":{"desktop":{"background-color":"var(--ast-global-color-5)","background-image":"","background-repeat":"repeat","background-position":"center center","background-size":"auto","background-attachment":"scroll","background-type":"","background-media":"","overlay-type":"","overlay-color":"","overlay-opacity":"","overlay-gradient":""},"tablet":{"background-color":"var(--ast-global-color-5)","background-image":"","background-repeat":"repeat","background-position":"center center","background-size":"auto","background-attachment":"scroll","background-type":"","background-media":"","overlay-type":"","overlay-color":"","overlay-opacity":"","overlay-gradient":""},"mobile":{"background-color":"var(--ast-global-color-5)","background-image":"","background-repeat":"repeat","background-position":"center center","background-size":"auto","background-attachment":"scroll","background-type":"","background-media":"","overlay-type":"","overlay-color":"","overlay-opacity":"","overlay-gradient":""}},"ngg_post_thumbnail":0,"footnotes":""},"yoast_head":"<!-- This site is optimized with the Yoast SEO plugin v23.0 - https:\/\/yoast.com\/wordpress\/plugins\/seo\/ -->\n<title>Turismo de Zamora , Turismo Sostenible<\/title>\n<meta name=\"description\" content=\"Esta es la p\u00e1gina Oficial de Turismo de Diputaci\u00f3n de Zamora, donde podr\u00e1 encontrar toda la informaci\u00f3n para disfrutar al m\u00e1ximo de nuestra provincia.\" \/>\n<meta name=\"robots\" content=\"index, follow, max-snippet:-1, max-image-preview:large, max-video-preview:-1\" \/>\n<link rel=\"canonical\" href=\"https:\/\/turismoenzamora.es\/en\/turismo-experiencial\/turismo-cultural-old\/\" \/>\n<meta property=\"og:locale\" content=\"de_DE\" \/>\n<meta property=\"og:type\" content=\"article\" \/>\n<meta property=\"og:title\" content=\"Turismo de Zamora , Turismo Sostenible\" \/>\n<meta property=\"og:description\" content=\"Esta es la p\u00e1gina Oficial de Turismo de Diputaci\u00f3n de Zamora, donde podr\u00e1 encontrar toda la informaci\u00f3n para disfrutar al m\u00e1ximo de nuestra provincia.\" \/>\n<meta property=\"og:url\" content=\"https:\/\/turismoenzamora.es\/en\/turismo-experiencial\/turismo-cultural-old\/\" \/>\n<meta property=\"og:site_name\" content=\"Tourismus in Zamora\" \/>\n<meta property=\"article:publisher\" content=\"https:\/\/www.facebook.com\/ZamoraSpain\/\" \/>\n<meta property=\"article:modified_time\" content=\"2023-02-02T10:38:37+00:00\" \/>\n<meta property=\"og:image\" content=\"https:\/\/turismoenzamora.es\/wp-content\/uploads\/2023\/01\/Las-noches-del-Duero.jpg\" \/>\n<meta name=\"twitter:card\" content=\"summary_large_image\" \/>\n<meta name=\"twitter:site\" content=\"@ZamoraSpain\" \/>\n<meta name=\"twitter:label1\" content=\"Gesch\u00e4tzte Lesezeit\" \/>\n\t<meta name=\"twitter:data1\" content=\"24 Minuten\" \/>\n<script type=\"application\/ld+json\" class=\"yoast-schema-graph\">{\"@context\":\"https:\/\/schema.org\",\"@graph\":[{\"@type\":\"WebPage\",\"@id\":\"https:\/\/turismoenzamora.es\/en\/turismo-experiencial\/turismo-cultural-old\/\",\"url\":\"https:\/\/turismoenzamora.es\/en\/turismo-experiencial\/turismo-cultural-old\/\",\"name\":\"Turismo de Zamora , Turismo Sostenible\",\"isPartOf\":{\"@id\":\"https:\/\/turismoenzamora.es\/pt\/#website\"},\"primaryImageOfPage\":{\"@id\":\"https:\/\/turismoenzamora.es\/en\/turismo-experiencial\/turismo-cultural-old\/#primaryimage\"},\"image\":{\"@id\":\"https:\/\/turismoenzamora.es\/en\/turismo-experiencial\/turismo-cultural-old\/#primaryimage\"},\"thumbnailUrl\":\"https:\/\/turismoenzamora.es\/wp-content\/uploads\/2023\/01\/Las-noches-del-Duero.jpg\",\"datePublished\":\"2017-08-18T05:05:40+00:00\",\"dateModified\":\"2023-02-02T10:38:37+00:00\",\"description\":\"Esta es la p\u00e1gina Oficial de Turismo de Diputaci\u00f3n de Zamora, donde podr\u00e1 encontrar toda la informaci\u00f3n para disfrutar al m\u00e1ximo de nuestra provincia.\",\"breadcrumb\":{\"@id\":\"https:\/\/turismoenzamora.es\/en\/turismo-experiencial\/turismo-cultural-old\/#breadcrumb\"},\"inLanguage\":\"de-DE\",\"potentialAction\":[{\"@type\":\"ReadAction\",\"target\":[\"https:\/\/turismoenzamora.es\/en\/turismo-experiencial\/turismo-cultural-old\/\"]}]},{\"@type\":\"ImageObject\",\"inLanguage\":\"de-DE\",\"@id\":\"https:\/\/turismoenzamora.es\/en\/turismo-experiencial\/turismo-cultural-old\/#primaryimage\",\"url\":\"https:\/\/turismoenzamora.es\/wp-content\/uploads\/2023\/01\/Las-noches-del-Duero.jpg\",\"contentUrl\":\"https:\/\/turismoenzamora.es\/wp-content\/uploads\/2023\/01\/Las-noches-del-Duero.jpg\"},{\"@type\":\"BreadcrumbList\",\"@id\":\"https:\/\/turismoenzamora.es\/en\/turismo-experiencial\/turismo-cultural-old\/#breadcrumb\",\"itemListElement\":[{\"@type\":\"ListItem\",\"position\":1,\"name\":\"Portada\",\"item\":\"https:\/\/turismoenzamora.es\/\"},{\"@type\":\"ListItem\",\"position\":2,\"name\":\"Turismo experiencial\",\"item\":\"https:\/\/turismoenzamora.es\/turismo-experiencial\/\"},{\"@type\":\"ListItem\",\"position\":3,\"name\":\"Turismo Cultural Old\"}]},{\"@type\":\"WebSite\",\"@id\":\"https:\/\/turismoenzamora.es\/pt\/#website\",\"url\":\"https:\/\/turismoenzamora.es\/pt\/\",\"name\":\"Turismo sostenible. Patronato de Turismo de la Diputaci\u00f3n de Zamora.&quot;Turismo Sostenible&quot;.\",\"description\":\"Nachhaltiger Tourismus Tourismusverband der Diputaci\u00f3n de Zamora\",\"publisher\":{\"@id\":\"https:\/\/turismoenzamora.es\/pt\/#organization\"},\"potentialAction\":[{\"@type\":\"SearchAction\",\"target\":{\"@type\":\"EntryPoint\",\"urlTemplate\":\"https:\/\/turismoenzamora.es\/pt\/?s={search_term_string}\"},\"query-input\":\"required name=search_term_string\"}],\"inLanguage\":\"de-DE\"},{\"@type\":\"Organization\",\"@id\":\"https:\/\/turismoenzamora.es\/pt\/#organization\",\"name\":\"Patronato de Turismo de la Diputaci\u00f3n de Zamora\",\"url\":\"https:\/\/turismoenzamora.es\/pt\/\",\"logo\":{\"@type\":\"ImageObject\",\"inLanguage\":\"de-DE\",\"@id\":\"https:\/\/turismoenzamora.es\/pt\/#\/schema\/logo\/image\/\",\"url\":\"https:\/\/turismoenzamora.es\/wp-content\/uploads\/2018\/06\/ZamoraLogo.png\",\"contentUrl\":\"https:\/\/turismoenzamora.es\/wp-content\/uploads\/2018\/06\/ZamoraLogo.png\",\"width\":1276,\"height\":290,\"caption\":\"Patronato de Turismo de la Diputaci\u00f3n de Zamora\"},\"image\":{\"@id\":\"https:\/\/turismoenzamora.es\/pt\/#\/schema\/logo\/image\/\"},\"sameAs\":[\"https:\/\/www.facebook.com\/ZamoraSpain\/\",\"https:\/\/x.com\/ZamoraSpain\",\"https:\/\/www.instagram.com\/turismoenzamora.es\/\",\"https:\/\/www.pinterest.es\/TurismoenZamora\/\",\"https:\/\/www.youtube.com\/channel\/UC2bOyOZ-2cLm-uXlBFYUV9w\"]}]}<\/script>\n<!-- \/ Yoast SEO plugin. -->","yoast_head_json":{"title":"Turismo de Zamora , Turismo Sostenible","description":"Esta es la p\u00e1gina Oficial de Turismo de Diputaci\u00f3n de Zamora, donde podr\u00e1 encontrar toda la informaci\u00f3n para disfrutar al m\u00e1ximo de nuestra provincia.","robots":{"index":"index","follow":"follow","max-snippet":"max-snippet:-1","max-image-preview":"max-image-preview:large","max-video-preview":"max-video-preview:-1"},"canonical":"https:\/\/turismoenzamora.es\/en\/turismo-experiencial\/turismo-cultural-old\/","og_locale":"de_DE","og_type":"article","og_title":"Turismo de Zamora , Turismo Sostenible","og_description":"Esta es la p\u00e1gina Oficial de Turismo de Diputaci\u00f3n de Zamora, donde podr\u00e1 encontrar toda la informaci\u00f3n para disfrutar al m\u00e1ximo de nuestra provincia.","og_url":"https:\/\/turismoenzamora.es\/en\/turismo-experiencial\/turismo-cultural-old\/","og_site_name":"Tourismus in Zamora","article_publisher":"https:\/\/www.facebook.com\/ZamoraSpain\/","article_modified_time":"2023-02-02T10:38:37+00:00","og_image":[{"url":"https:\/\/turismoenzamora.es\/wp-content\/uploads\/2023\/01\/Las-noches-del-Duero.jpg"}],"twitter_card":"summary_large_image","twitter_site":"@ZamoraSpain","twitter_misc":{"Gesch\u00e4tzte Lesezeit":"24 Minuten"},"schema":{"@context":"https:\/\/schema.org","@graph":[{"@type":"WebPage","@id":"https:\/\/turismoenzamora.es\/en\/turismo-experiencial\/turismo-cultural-old\/","url":"https:\/\/turismoenzamora.es\/en\/turismo-experiencial\/turismo-cultural-old\/","name":"Turismo de Zamora , Turismo Sostenible","isPartOf":{"@id":"https:\/\/turismoenzamora.es\/pt\/#website"},"primaryImageOfPage":{"@id":"https:\/\/turismoenzamora.es\/en\/turismo-experiencial\/turismo-cultural-old\/#primaryimage"},"image":{"@id":"https:\/\/turismoenzamora.es\/en\/turismo-experiencial\/turismo-cultural-old\/#primaryimage"},"thumbnailUrl":"https:\/\/turismoenzamora.es\/wp-content\/uploads\/2023\/01\/Las-noches-del-Duero.jpg","datePublished":"2017-08-18T05:05:40+00:00","dateModified":"2023-02-02T10:38:37+00:00","description":"Esta es la p\u00e1gina Oficial de Turismo de Diputaci\u00f3n de Zamora, donde podr\u00e1 encontrar toda la informaci\u00f3n para disfrutar al m\u00e1ximo de nuestra provincia.","breadcrumb":{"@id":"https:\/\/turismoenzamora.es\/en\/turismo-experiencial\/turismo-cultural-old\/#breadcrumb"},"inLanguage":"de-DE","potentialAction":[{"@type":"ReadAction","target":["https:\/\/turismoenzamora.es\/en\/turismo-experiencial\/turismo-cultural-old\/"]}]},{"@type":"ImageObject","inLanguage":"de-DE","@id":"https:\/\/turismoenzamora.es\/en\/turismo-experiencial\/turismo-cultural-old\/#primaryimage","url":"https:\/\/turismoenzamora.es\/wp-content\/uploads\/2023\/01\/Las-noches-del-Duero.jpg","contentUrl":"https:\/\/turismoenzamora.es\/wp-content\/uploads\/2023\/01\/Las-noches-del-Duero.jpg"},{"@type":"BreadcrumbList","@id":"https:\/\/turismoenzamora.es\/en\/turismo-experiencial\/turismo-cultural-old\/#breadcrumb","itemListElement":[{"@type":"ListItem","position":1,"name":"Portada","item":"https:\/\/turismoenzamora.es\/"},{"@type":"ListItem","position":2,"name":"Turismo experiencial","item":"https:\/\/turismoenzamora.es\/turismo-experiencial\/"},{"@type":"ListItem","position":3,"name":"Turismo Cultural Old"}]},{"@type":"WebSite","@id":"https:\/\/turismoenzamora.es\/pt\/#website","url":"https:\/\/turismoenzamora.es\/pt\/","name":"Turismo sostenible. Patronato de Turismo de la Diputaci\u00f3n de Zamora.&quot;Turismo Sostenible&quot;.","description":"Nachhaltiger Tourismus Tourismusverband der Diputaci\u00f3n de Zamora","publisher":{"@id":"https:\/\/turismoenzamora.es\/pt\/#organization"},"potentialAction":[{"@type":"SearchAction","target":{"@type":"EntryPoint","urlTemplate":"https:\/\/turismoenzamora.es\/pt\/?s={search_term_string}"},"query-input":"required name=search_term_string"}],"inLanguage":"de-DE"},{"@type":"Organization","@id":"https:\/\/turismoenzamora.es\/pt\/#organization","name":"Patronato de Turismo de la Diputaci\u00f3n de Zamora","url":"https:\/\/turismoenzamora.es\/pt\/","logo":{"@type":"ImageObject","inLanguage":"de-DE","@id":"https:\/\/turismoenzamora.es\/pt\/#\/schema\/logo\/image\/","url":"https:\/\/turismoenzamora.es\/wp-content\/uploads\/2018\/06\/ZamoraLogo.png","contentUrl":"https:\/\/turismoenzamora.es\/wp-content\/uploads\/2018\/06\/ZamoraLogo.png","width":1276,"height":290,"caption":"Patronato de Turismo de la Diputaci\u00f3n de Zamora"},"image":{"@id":"https:\/\/turismoenzamora.es\/pt\/#\/schema\/logo\/image\/"},"sameAs":["https:\/\/www.facebook.com\/ZamoraSpain\/","https:\/\/x.com\/ZamoraSpain","https:\/\/www.instagram.com\/turismoenzamora.es\/","https:\/\/www.pinterest.es\/TurismoenZamora\/","https:\/\/www.youtube.com\/channel\/UC2bOyOZ-2cLm-uXlBFYUV9w"]}]}},"_links":{"self":[{"href":"https:\/\/turismoenzamora.es\/de\/wp-json\/wp\/v2\/pages\/2147"}],"collection":[{"href":"https:\/\/turismoenzamora.es\/de\/wp-json\/wp\/v2\/pages"}],"about":[{"href":"https:\/\/turismoenzamora.es\/de\/wp-json\/wp\/v2\/types\/page"}],"author":[{"embeddable":true,"href":"https:\/\/turismoenzamora.es\/de\/wp-json\/wp\/v2\/users\/1"}],"replies":[{"embeddable":true,"href":"https:\/\/turismoenzamora.es\/de\/wp-json\/wp\/v2\/comments?post=2147"}],"version-history":[{"count":0,"href":"https:\/\/turismoenzamora.es\/de\/wp-json\/wp\/v2\/pages\/2147\/revisions"}],"up":[{"embeddable":true,"href":"https:\/\/turismoenzamora.es\/de\/wp-json\/wp\/v2\/pages\/1713"}],"wp:attachment":[{"href":"https:\/\/turismoenzamora.es\/de\/wp-json\/wp\/v2\/media?parent=2147"}],"curies":[{"name":"wp","href":"https:\/\/api.w.org\/{rel}","templated":true}]}}